{"id":10415,"date":"2025-05-16T13:22:07","date_gmt":"2025-05-16T11:22:07","guid":{"rendered":"https:\/\/dev.imupro.ch\/?page_id=10415"},"modified":"2025-06-10T14:48:50","modified_gmt":"2025-06-10T12:48:50","slug":"faq","status":"publish","type":"page","link":"https:\/\/imupro.ch\/it\/faq\/","title":{"rendered":"FAQ"},"content":{"rendered":"\n<h1 class=\"wp-block-heading\">Domande e risposte frequenti<\/h1>\n\n\n\n<h2 class=\"wp-block-heading\">Qualsiasi cosa vuoi sapere riguardo le intolleranze e allergie alimentari e il test ImuPro<\/h2>\n\n\n\n<p class=\"wp-block-paragraph\">Qui trovi le risposte alle domande pi\u00f9 comuni riguardo ImuPro, il cambiamento nella dieta, controindicazioni e molto altro.<\/p>\n\n\n\n<div style=\"height:40px\" aria-hidden=\"true\" class=\"wp-block-spacer\"><\/div>\n\n\n<style>.ewd-ufaq-post-margin-symbol { border-width: 0px !important; }.ewd-ufaq-faq-title .ewd-ufaq-post-margin-symbol span { font-size: 20px !important; }<\/style><div id='ewd-ufaq-jquery-ajax-search'>\n\n\t<label class='ewd-ufaq-field-label' for='ewd-ufaq-text-search'>\n\t\tInserisci la tua domanda:\n\t<\/label>\n\n\t\n\t<div class=\"search-field\">\n\t\t<input\n\t\t\tid='ewd-ufaq-text-search'\n\t\t\ttype='search'\n\t\t\tclass='ewd-ufaq-text-input ewd-ufaq-text-auto-complete'\n\t\t\tplaceholder='Search'\n\t\t\tvalue='' \/>\n\t\t<button type=\"button\" class=\"clear-field\" data-state=\"hidden\">x<\/button>\n\t<\/div>\n\n\t\n<\/div><div  class=\"ewd-ufaq-faq-list ewd-ufaq-page-type-load_more ewd-ufaq-category-tabs- ewd-ufaq-search ewd-ufaq-faq-category-title-accordion\" id='ewd-ufaq-faq-list'>\n\n\t<input type='hidden' name='show_on_load' value='Yes' id='ewd-ufaq-show-on-load' \/>\n<input type='hidden' name='include_category' value='' id='ewd-ufaq-include-category' \/>\n<input type='hidden' name='exclude_category' value='countrys' id='ewd-ufaq-exclude-category' \/>\n<input type='hidden' name='orderby' value='date' id='ewd-ufaq-orderby' \/>\n<input type='hidden' name='order' value='asc' id='ewd-ufaq-order' \/>\n<input type='hidden' name='post_count' value='-1' id='ewd-ufaq-post-count' \/>\n<input type='hidden' name='current_url' value='\/it\/wp-json\/wp\/v2\/pages\/10415' id='ewd-ufaq-current-url' \/>\n\t\n\t\n\t<div class='ewd-ufaq-faqs'>\n\n\t\t<div id='ewd-ufaq-faq-category-01-domande-generiche' class='ewd-ufaq-faq-category'>\n\t\n\t<div class='ewd-ufaq-faq-category-title ewd-ufaq-faq-category-title-toggle' tabindex=\"0\" >\n\t\t\n\t\t<h4 title=\"Click here to open 1. Domande generiche\">\n\t\t\t1. Domande generiche\t\t\t\t\t<\/h4>\n\n\t\t\t\n\t<\/div>\n\t\n\t<div class='ewd-ufaq-faq-category-inner ewd-ufaq-faq-category-body-hidden' >\n<div  class=\"ewd-ufaq-faq-div ewd-ufaq-faq-column-count-one ewd-ufaq-faq-responsive-columns-1 ewd-ufaq-faq-display-style-default ewd-ufaq-can-be-toggled\" id='ewd-ufaq-post-10420-D81cPXui1p' data-post_id='10420'>\n\n\t\t\n\t<div class='ewd-ufaq-faq-title ewd-ufaq-faq-toggle'>\n\t\n\t<a class='ewd-ufaq-post-margin'  href='#' role=\"button\">\n\n\t\t<div class='ewd-ufaq-post-margin-symbol ewd-ufaq-square'>\n\t\t\t<span >a<\/span>\n\t\t<\/div>\n\n\t\t<div class='ewd-ufaq-faq-title-text'>\n\n\t\t\t<h4>\n\t\t\t\tBisogna essere a digiuno prima di fare il prelievo di sangue?\t\t\t<\/h4>\n\n\t\t<\/div>\n\n\t\t<div class='ewd-ufaq-clear'><\/div>\n\n\t<\/a>\n\t\n<\/div>\n\t\n\t<div class='ewd-ufaq-faq-body ewd-ufaq-hidden' >\n\n\t\t\n\t\t\t\n\t\t\n\t\t\t<div class='ewd-ufaq-post-margin ewd-ufaq-faq-post'>\n\t\n<p class=\"wp-block-paragraph\">E\u2019 sufficiente che il paziente sia a digiuno fra le 2 e le 4 ore prima del prelievo. Le 12 ore di digiuno, nei laboratori diagnostici per determinare un buon numero di parametri, non sono necessarie per il test delle IgG. Comunque bisogna considerare che i campioni di sangue presi subito i pasti sono spesso lipemici. Questi campioni mostrano una peggiore varianza. E\u2019 consigliabile che l\u2019ultimo pasto prima del prelievo non sia ricco di grassi. Questo in pratica implica che non ci sono problemi, per esempio, se il paziente fa una normale colazione alle 8 e il prelievo alle 11. Invece non \u00e8 consigliabile fare il prelievo alle 14.30 se si ha avuto un pranzo pesante alle 13.<\/p>\n<\/div>\n\t\t\n\t\t\t<div class='ewd-ufaq-faq-custom-fields'>\n\n\t\n<\/div>\n\t\t\n\t\t\t\n\t\t\n\t\t\t\n\t\t\n\t\t\t\n\t\t\n\t\t\t\n\t\t\n\t\t\t<div class='ewd-ufaq-permalink'>\n\t\n\t<a href='https:\/\/imupro.ch\/it\/ufaqs\/bisogna-essere-a-digiuno-prima-di-fare-il-prelievo-di-sangue\/'>\n\t\t\n\t\tPermalink\t\t\t\n\t<\/a>\n\n<\/div>\n\t\t\n\t\t\t\n\t\t\n\t\t\t\n\t\t\n\t<\/div>\n\n<\/div><div  class=\"ewd-ufaq-faq-div ewd-ufaq-faq-column-count-one ewd-ufaq-faq-responsive-columns-1 ewd-ufaq-faq-display-style-default ewd-ufaq-can-be-toggled\" id='ewd-ufaq-post-10422-YcF5KtfuOb' data-post_id='10422'>\n\n\t\t\n\t<div class='ewd-ufaq-faq-title ewd-ufaq-faq-toggle'>\n\t\n\t<a class='ewd-ufaq-post-margin'  href='#' role=\"button\">\n\n\t\t<div class='ewd-ufaq-post-margin-symbol ewd-ufaq-square'>\n\t\t\t<span >a<\/span>\n\t\t<\/div>\n\n\t\t<div class='ewd-ufaq-faq-title-text'>\n\n\t\t\t<h4>\n\t\t\t\tQuanto \u00e8 attendibile il test ImuPro?\t\t\t<\/h4>\n\n\t\t<\/div>\n\n\t\t<div class='ewd-ufaq-clear'><\/div>\n\n\t<\/a>\n\t\n<\/div>\n\t\n\t<div class='ewd-ufaq-faq-body ewd-ufaq-hidden' >\n\n\t\t\n\t\t\t\n\t\t\n\t\t\t<div class='ewd-ufaq-post-margin ewd-ufaq-faq-post'>\n\t\n<p class=\"wp-block-paragraph\">Il test \u00e8 svolto usando il metodo ELISA che rispetta sofisticati standard di procedura di analisi di laboratorio. I risultati sono attendibili e riproducibili e vengono controllati tramite regolari controlli di qualit\u00e0 in laboratorio in differenti paesi.<\/p>\n<\/div>\n\t\t\n\t\t\t<div class='ewd-ufaq-faq-custom-fields'>\n\n\t\n<\/div>\n\t\t\n\t\t\t\n\t\t\n\t\t\t\n\t\t\n\t\t\t\n\t\t\n\t\t\t\n\t\t\n\t\t\t<div class='ewd-ufaq-permalink'>\n\t\n\t<a href='https:\/\/imupro.ch\/it\/ufaqs\/quanto-e-attendibile-il-test-imupro\/'>\n\t\t\n\t\tPermalink\t\t\t\n\t<\/a>\n\n<\/div>\n\t\t\n\t\t\t\n\t\t\n\t\t\t\n\t\t\n\t<\/div>\n\n<\/div><div  class=\"ewd-ufaq-faq-div ewd-ufaq-faq-column-count-one ewd-ufaq-faq-responsive-columns-1 ewd-ufaq-faq-display-style-default ewd-ufaq-can-be-toggled\" id='ewd-ufaq-post-10428-dUZ9hIwfkM' data-post_id='10428'>\n\n\t\t\n\t<div class='ewd-ufaq-faq-title ewd-ufaq-faq-toggle'>\n\t\n\t<a class='ewd-ufaq-post-margin'  href='#' role=\"button\">\n\n\t\t<div class='ewd-ufaq-post-margin-symbol ewd-ufaq-square'>\n\t\t\t<span >a<\/span>\n\t\t<\/div>\n\n\t\t<div class='ewd-ufaq-faq-title-text'>\n\n\t\t\t<h4>\n\t\t\t\tIl mio medico di fiducia mi ha fatto svolgere un test per la classica allergia alimentare. Il risultato sar\u00e0 lo stesso di quello ottenuto tramite il test ImuPro?\t\t\t<\/h4>\n\n\t\t<\/div>\n\n\t\t<div class='ewd-ufaq-clear'><\/div>\n\n\t<\/a>\n\t\n<\/div>\n\t\n\t<div class='ewd-ufaq-faq-body ewd-ufaq-hidden' >\n\n\t\t\n\t\t\t\n\t\t\n\t\t\t<div class='ewd-ufaq-post-margin ewd-ufaq-faq-post'>\n\t\n<p class=\"wp-block-paragraph\">Il test ImuPro riguarda l\u2019allergia alimentare mediata dalle IgG. I sintomi correlati a questa allergia si manifestano tra le 8 e le 72 ore dopo l\u2019assunzione degli alimenti o additivi incriminati. Questa allergia alimentare ritardata (tipo III) \u00e8 contraddistinta da un elevato livello delle IgG nel sangue. I test standard delle allergie alimentari (come il prick test cutaneo) \u00e8 progettato per individuare la classica allergia alimentare mediata dalle IgE (tipo I). Questi test analizzano la reazione immediata agli alimenti ingeriti. L\u2019allergia alimentare di tipo I \u00e8 differente dunque dall\u2019allergia alimentare delle IgG (tipo III) che viene individuata tramite il test ImuPro. Dunque i risultati non sono confrontabili.<\/p>\n<\/div>\n\t\t\n\t\t\t<div class='ewd-ufaq-faq-custom-fields'>\n\n\t\n<\/div>\n\t\t\n\t\t\t\n\t\t\n\t\t\t\n\t\t\n\t\t\t\n\t\t\n\t\t\t\n\t\t\n\t\t\t<div class='ewd-ufaq-permalink'>\n\t\n\t<a href='https:\/\/imupro.ch\/it\/ufaqs\/il-mio-medico-di-fiducia-mi-ha-fatto-svolgere-un-test-per-la-classica-allergia-alimentare-il-risultato-sara-lo-stesso-di-quello-ottenuto-tramite-il-test-imupro\/'>\n\t\t\n\t\tPermalink\t\t\t\n\t<\/a>\n\n<\/div>\n\t\t\n\t\t\t\n\t\t\n\t\t\t\n\t\t\n\t<\/div>\n\n<\/div><div  class=\"ewd-ufaq-faq-div ewd-ufaq-faq-column-count-one ewd-ufaq-faq-responsive-columns-1 ewd-ufaq-faq-display-style-default ewd-ufaq-can-be-toggled\" id='ewd-ufaq-post-10430-CKDmNlSkwS' data-post_id='10430'>\n\n\t\t\n\t<div class='ewd-ufaq-faq-title ewd-ufaq-faq-toggle'>\n\t\n\t<a class='ewd-ufaq-post-margin'  href='#' role=\"button\">\n\n\t\t<div class='ewd-ufaq-post-margin-symbol ewd-ufaq-square'>\n\t\t\t<span >a<\/span>\n\t\t<\/div>\n\n\t\t<div class='ewd-ufaq-faq-title-text'>\n\n\t\t\t<h4>\n\t\t\t\tQual \u00e8 l\u2019esatta differenza fra le IgG e le IgE?\t\t\t<\/h4>\n\n\t\t<\/div>\n\n\t\t<div class='ewd-ufaq-clear'><\/div>\n\n\t<\/a>\n\t\n<\/div>\n\t\n\t<div class='ewd-ufaq-faq-body ewd-ufaq-hidden' >\n\n\t\t\n\t\t\t\n\t\t\n\t\t\t<div class='ewd-ufaq-post-margin ewd-ufaq-faq-post'>\n\t\n<p class=\"wp-block-paragraph\">IgG \u00e8 l\u2019abbreviazione di Immunoglobulina G. Le immunoglobuline sono anticorpi che si trovano nel sangue. Esse vengono usate dal sistema immunitario per identificare e neutralizzare elementi esterni, come batteri e virus. Ognuno ha gli anticorpi IgG nel sangue ma occasionalmente questi anticorpi iniziano a reagire contro determinati alimenti. Questo pu\u00f2 causare allergie alimentari o allergie alimentari con sintomi ritardati (intolleranza alimentare). Le allergie alimentari mediate da IgE (tipo I) sono completamente diverse da quelle mediate da IgG (tipo III). L\u2019allergia alimentare mediata da IgE \u00e8 la classica allergia alimentare caratterizzata da sintomi immediati a differenza di quella mediata da IgG in cui i sintomi sono ritardati. Le reazioni delle IgG aumentano di intensit\u00e0 nel caso di disturbi della flora intestinale ma decrescono se viene svolto un cambiamento di dieta adeguato. Le reazioni delle IgE invece si manifestano occasionalmente ma rimangono per tutta la vita. I risultati del test delle IgE devono essere presi in considerazione in aggiunta al risultato del test ImuPro, durante il cambio di dieta, dal momento che gli alimenti che risultano positivi al test delle IgE devono essere eliminati per sempre dalla dieta.<\/p>\n<\/div>\n\t\t\n\t\t\t<div class='ewd-ufaq-faq-custom-fields'>\n\n\t\n<\/div>\n\t\t\n\t\t\t\n\t\t\n\t\t\t\n\t\t\n\t\t\t\n\t\t\n\t\t\t\n\t\t\n\t\t\t<div class='ewd-ufaq-permalink'>\n\t\n\t<a href='https:\/\/imupro.ch\/it\/ufaqs\/qual-e-lesatta-differenza-fra-le-igg-e-le-ige\/'>\n\t\t\n\t\tPermalink\t\t\t\n\t<\/a>\n\n<\/div>\n\t\t\n\t\t\t\n\t\t\n\t\t\t\n\t\t\n\t<\/div>\n\n<\/div><div  class=\"ewd-ufaq-faq-div ewd-ufaq-faq-column-count-one ewd-ufaq-faq-responsive-columns-1 ewd-ufaq-faq-display-style-default ewd-ufaq-can-be-toggled\" id='ewd-ufaq-post-10432-gQw2aQdSO4' data-post_id='10432'>\n\n\t\t\n\t<div class='ewd-ufaq-faq-title ewd-ufaq-faq-toggle'>\n\t\n\t<a class='ewd-ufaq-post-margin'  href='#' role=\"button\">\n\n\t\t<div class='ewd-ufaq-post-margin-symbol ewd-ufaq-square'>\n\t\t\t<span >a<\/span>\n\t\t<\/div>\n\n\t\t<div class='ewd-ufaq-faq-title-text'>\n\n\t\t\t<h4>\n\t\t\t\tQuali sono gli allergeni pi\u00f9 comuni?\t\t\t<\/h4>\n\n\t\t<\/div>\n\n\t\t<div class='ewd-ufaq-clear'><\/div>\n\n\t<\/a>\n\t\n<\/div>\n\t\n\t<div class='ewd-ufaq-faq-body ewd-ufaq-hidden' >\n\n\t\t\n\t\t\t\n\t\t\n\t\t\t<div class='ewd-ufaq-post-margin ewd-ufaq-faq-post'>\n\t\n<p class=\"wp-block-paragraph\">Non si pu\u00f2 fare una generalizzazione. Le allergie alimentari variano da persona a persona. Cosa \u00e8 salutare per una persona pu\u00f2 essere dannoso per un\u2019altra o viceversa. Anni di esperienza con il test ImuPro hanno comunque evidenziato che il latte i suoi derivati cos\u00ec come le variet\u00e0 di cereali danno origine a reazioni immunologiche in buon numero di persone. Il glutine, l\u2019albume d\u2019uovo, i latticini, e i prodotti da forno lievitati, sono antigeni molto forti che bisogna assolutamente evitare in case di un\u2019allergia alimentare \u2013 cosa che non \u00e8 sempre facile da fare dal momento che questi alimenti spesso sono nascosti in molti prodotti alimentari industriali.<\/p>\n<\/div>\n\t\t\n\t\t\t<div class='ewd-ufaq-faq-custom-fields'>\n\n\t\n<\/div>\n\t\t\n\t\t\t\n\t\t\n\t\t\t\n\t\t\n\t\t\t\n\t\t\n\t\t\t\n\t\t\n\t\t\t<div class='ewd-ufaq-permalink'>\n\t\n\t<a href='https:\/\/imupro.ch\/it\/ufaqs\/quali-sono-gli-allergeni-piu-comuni\/'>\n\t\t\n\t\tPermalink\t\t\t\n\t<\/a>\n\n<\/div>\n\t\t\n\t\t\t\n\t\t\n\t\t\t\n\t\t\n\t<\/div>\n\n<\/div><div  class=\"ewd-ufaq-faq-div ewd-ufaq-faq-column-count-one ewd-ufaq-faq-responsive-columns-1 ewd-ufaq-faq-display-style-default ewd-ufaq-can-be-toggled\" id='ewd-ufaq-post-10434-QkC4rhJgM4' data-post_id='10434'>\n\n\t\t\n\t<div class='ewd-ufaq-faq-title ewd-ufaq-faq-toggle'>\n\t\n\t<a class='ewd-ufaq-post-margin'  href='#' role=\"button\">\n\n\t\t<div class='ewd-ufaq-post-margin-symbol ewd-ufaq-square'>\n\t\t\t<span >a<\/span>\n\t\t<\/div>\n\n\t\t<div class='ewd-ufaq-faq-title-text'>\n\n\t\t\t<h4>\n\t\t\t\tHo svolto il test ImuPro e sono emerse diverse reazioni. \u00c8 necessario che rifaccia il test in futuro?\t\t\t<\/h4>\n\n\t\t<\/div>\n\n\t\t<div class='ewd-ufaq-clear'><\/div>\n\n\t<\/a>\n\t\n<\/div>\n\t\n\t<div class='ewd-ufaq-faq-body ewd-ufaq-hidden' >\n\n\t\t\n\t\t\t\n\t\t\n\t\t\t<div class='ewd-ufaq-post-margin ewd-ufaq-faq-post'>\n\t\n<p class=\"wp-block-paragraph\">No generalmente non \u00e8 necessario. Anche se un nuovo test non individua particolari anticorpi, questo non significa che puoi ricominciare a mangiare tutti gli alimenti e additivi ai quali era stata riscontrata un\u2019intolleranza. Il sistema immunitario ha una memoria e riattiva la produzione di anticorpi che vengono in contatto con gli alimenti o gli additivi con i quali in passato ha avuto una reazione. Comunque la produzione di anticorpi viene generalmente ridotta tramite il necessario cambio di dieta cos\u00ec come gli anticorpi non vengono prodotti a lungo dal sistema immunitario una volta cambiata la dieta. Il ritorno alla naturale regolarit\u00e0 intestinale \u00e8 un indicatore che la produzione di anticorpi \u00e8 stata ridotta. Il test andrebbe ripetuto solamente se i sintomi si ripresentano, anche se ci\u00f2 \u00e8 improbabile se si segue la dieta e il piano di rotazione personalizzati. Se si deve rifare il test consigliamo un intervallo di tempo di 2 anni fra i due test.<\/p>\n<\/div>\n\t\t\n\t\t\t<div class='ewd-ufaq-faq-custom-fields'>\n\n\t\n<\/div>\n\t\t\n\t\t\t\n\t\t\n\t\t\t\n\t\t\n\t\t\t\n\t\t\n\t\t\t\n\t\t\n\t\t\t<div class='ewd-ufaq-permalink'>\n\t\n\t<a href='https:\/\/imupro.ch\/it\/ufaqs\/ho-svolto-il-test-imupro-e-sono-emerse-diverse-reazioni-e-necessario-che-rifaccia-il-test-in-futuro\/'>\n\t\t\n\t\tPermalink\t\t\t\n\t<\/a>\n\n<\/div>\n\t\t\n\t\t\t\n\t\t\n\t\t\t\n\t\t\n\t<\/div>\n\n<\/div><div  class=\"ewd-ufaq-faq-div ewd-ufaq-faq-column-count-one ewd-ufaq-faq-responsive-columns-1 ewd-ufaq-faq-display-style-default ewd-ufaq-can-be-toggled\" id='ewd-ufaq-post-10436-kQhRNczRq8' data-post_id='10436'>\n\n\t\t\n\t<div class='ewd-ufaq-faq-title ewd-ufaq-faq-toggle'>\n\t\n\t<a class='ewd-ufaq-post-margin'  href='#' role=\"button\">\n\n\t\t<div class='ewd-ufaq-post-margin-symbol ewd-ufaq-square'>\n\t\t\t<span >a<\/span>\n\t\t<\/div>\n\n\t\t<div class='ewd-ufaq-faq-title-text'>\n\n\t\t\t<h4>\n\t\t\t\tAlcuni dei sintomi non sono andati via, anche se ho seguito la dieta ImuPro. Come mai?\t\t\t<\/h4>\n\n\t\t<\/div>\n\n\t\t<div class='ewd-ufaq-clear'><\/div>\n\n\t<\/a>\n\t\n<\/div>\n\t\n\t<div class='ewd-ufaq-faq-body ewd-ufaq-hidden' >\n\n\t\t\n\t\t\t\n\t\t\n\t\t\t<div class='ewd-ufaq-post-margin ewd-ufaq-faq-post'>\n\t\n<p class=\"wp-block-paragraph\">Alcuni sintomi o disturbi potrebbero essere causati da altri fattori e non dall\u2019intolleranza alimentare. Queste cause non vengono rilevate dal test ImuPro. Esse potrebbero essere difetti della flora intestinale, carenza di enzimi o problemi ormonali (particolarmente nelle donne). Altri fattori potrebbero essere contaminazioni ambientali, metalli pesanti e amalgame dentali.<\/p>\n<\/div>\n\t\t\n\t\t\t<div class='ewd-ufaq-faq-custom-fields'>\n\n\t\n<\/div>\n\t\t\n\t\t\t\n\t\t\n\t\t\t\n\t\t\n\t\t\t\n\t\t\n\t\t\t\n\t\t\n\t\t\t<div class='ewd-ufaq-permalink'>\n\t\n\t<a href='https:\/\/imupro.ch\/it\/ufaqs\/alcuni-dei-sintomi-non-sono-andati-via-anche-se-ho-seguito-la-dieta-imupro-come-mai\/'>\n\t\t\n\t\tPermalink\t\t\t\n\t<\/a>\n\n<\/div>\n\t\t\n\t\t\t\n\t\t\n\t\t\t\n\t\t\n\t<\/div>\n\n<\/div><div  class=\"ewd-ufaq-faq-div ewd-ufaq-faq-column-count-one ewd-ufaq-faq-responsive-columns-1 ewd-ufaq-faq-display-style-default ewd-ufaq-can-be-toggled\" id='ewd-ufaq-post-10438-6grFdxIQw5' data-post_id='10438'>\n\n\t\t\n\t<div class='ewd-ufaq-faq-title ewd-ufaq-faq-toggle'>\n\t\n\t<a class='ewd-ufaq-post-margin'  href='#' role=\"button\">\n\n\t\t<div class='ewd-ufaq-post-margin-symbol ewd-ufaq-square'>\n\t\t\t<span >a<\/span>\n\t\t<\/div>\n\n\t\t<div class='ewd-ufaq-faq-title-text'>\n\n\t\t\t<h4>\n\t\t\t\tHo fatto un errore durante il cambio di dieta. Devo ricominciarla da capo?\t\t\t<\/h4>\n\n\t\t<\/div>\n\n\t\t<div class='ewd-ufaq-clear'><\/div>\n\n\t<\/a>\n\t\n<\/div>\n\t\n\t<div class='ewd-ufaq-faq-body ewd-ufaq-hidden' >\n\n\t\t\n\t\t\t\n\t\t\n\t\t\t<div class='ewd-ufaq-post-margin ewd-ufaq-faq-post'>\n\t\n<p class=\"wp-block-paragraph\">Un errore occasionale durante il cambio di dieta non \u00e8 cos\u00ec grave. Se accidentalmente assumi un alimento che presenta un ingrediente che avresti dovuto evitare potresti sentirti meno bene per circa 3 giorni. Se non ripeti l\u2019errore, l\u2019organismo si riprender\u00e0 in breve tempo.<\/p>\n<\/div>\n\t\t\n\t\t\t<div class='ewd-ufaq-faq-custom-fields'>\n\n\t\n<\/div>\n\t\t\n\t\t\t\n\t\t\n\t\t\t\n\t\t\n\t\t\t\n\t\t\n\t\t\t\n\t\t\n\t\t\t<div class='ewd-ufaq-permalink'>\n\t\n\t<a href='https:\/\/imupro.ch\/it\/ufaqs\/ho-fatto-un-errore-durante-il-cambio-di-dieta-devo-ricominciarla-da-capo\/'>\n\t\t\n\t\tPermalink\t\t\t\n\t<\/a>\n\n<\/div>\n\t\t\n\t\t\t\n\t\t\n\t\t\t\n\t\t\n\t<\/div>\n\n<\/div><div  class=\"ewd-ufaq-faq-div ewd-ufaq-faq-column-count-one ewd-ufaq-faq-responsive-columns-1 ewd-ufaq-faq-display-style-default ewd-ufaq-can-be-toggled\" id='ewd-ufaq-post-10440-pQ5sKgxNKk' data-post_id='10440'>\n\n\t\t\n\t<div class='ewd-ufaq-faq-title ewd-ufaq-faq-toggle'>\n\t\n\t<a class='ewd-ufaq-post-margin'  href='#' role=\"button\">\n\n\t\t<div class='ewd-ufaq-post-margin-symbol ewd-ufaq-square'>\n\t\t\t<span >a<\/span>\n\t\t<\/div>\n\n\t\t<div class='ewd-ufaq-faq-title-text'>\n\n\t\t\t<h4>\n\t\t\t\tCome comportarmi se mangio spesso fuori casa?\t\t\t<\/h4>\n\n\t\t<\/div>\n\n\t\t<div class='ewd-ufaq-clear'><\/div>\n\n\t<\/a>\n\t\n<\/div>\n\t\n\t<div class='ewd-ufaq-faq-body ewd-ufaq-hidden' >\n\n\t\t\n\t\t\t\n\t\t\n\t\t\t<div class='ewd-ufaq-post-margin ewd-ufaq-faq-post'>\n\t\n<p class=\"wp-block-paragraph\">Cucini raramente a casa e mangi spesso in mensa o al ristorante? Questo aspetto potrebbe rendere il cambio della dieta un po\u2019 pi\u00f9 complicato \u2013 ma non cos\u00ec impossibile. Generalmente non si nota quali ingredienti vengono usati per la preparazione dei piatti gi\u00e0 pronti o in quelli preparati in mensa. Ecco alcuni spunti per aiutarti nel cambio di dieta: in ristorante o in mensa dovresti evitare le salse. La carne alla griglia, o il pesce con patate o il riso, le verdure o l\u2019 insalata generalmente non dovrebbero darti problemi. (Tieni comunque sempre in mente gli alimenti che devi evitare). Potresti ordinare l\u2019insalata senza condimento e condirla con ingredienti che ti porti dietro. Specialmente per il pranzo in mensa, potresti portarti il cibo da casa: utilizza la cena come pasto principale cucinando porzioni abbondanti. Puoi utilizzare gli avanzi per il pranzo del giorno seguente. (Per esempio se hai il pollo con il riso puoi preparare un\u2019insalata di riso con il pollo con aggiunta di avocado o mandarino). Al ristorante chiedi al cameriere quali ingredienti vengono usati per cucinare i piatti che hai ordinato.<\/p>\n<\/div>\n\t\t\n\t\t\t<div class='ewd-ufaq-faq-custom-fields'>\n\n\t\n<\/div>\n\t\t\n\t\t\t\n\t\t\n\t\t\t\n\t\t\n\t\t\t\n\t\t\n\t\t\t\n\t\t\n\t\t\t<div class='ewd-ufaq-permalink'>\n\t\n\t<a href='https:\/\/imupro.ch\/it\/ufaqs\/come-comportarmi-se-mangio-spesso-fuori-casa\/'>\n\t\t\n\t\tPermalink\t\t\t\n\t<\/a>\n\n<\/div>\n\t\t\n\t\t\t\n\t\t\n\t\t\t\n\t\t\n\t<\/div>\n\n<\/div><div  class=\"ewd-ufaq-faq-div ewd-ufaq-faq-column-count-one ewd-ufaq-faq-responsive-columns-1 ewd-ufaq-faq-display-style-default ewd-ufaq-can-be-toggled\" id='ewd-ufaq-post-10442-N2dKPyhhqc' data-post_id='10442'>\n\n\t\t\n\t<div class='ewd-ufaq-faq-title ewd-ufaq-faq-toggle'>\n\t\n\t<a class='ewd-ufaq-post-margin'  href='#' role=\"button\">\n\n\t\t<div class='ewd-ufaq-post-margin-symbol ewd-ufaq-square'>\n\t\t\t<span >a<\/span>\n\t\t<\/div>\n\n\t\t<div class='ewd-ufaq-faq-title-text'>\n\n\t\t\t<h4>\n\t\t\t\tHo letto qualche critica riguardo il test ImuPro, anche da parte di alcuni dottori. I critici per esempio dicono che non tutti gli alimenti che risultano positivi al test danno origine a sintomi e cos\u00ec i risultati del test risultano \u201cfalsi positivi\u201d. Come posso sapere se queste critiche sono fondate?\t\t\t<\/h4>\n\n\t\t<\/div>\n\n\t\t<div class='ewd-ufaq-clear'><\/div>\n\n\t<\/a>\n\t\n<\/div>\n\t\n\t<div class='ewd-ufaq-faq-body ewd-ufaq-hidden' >\n\n\t\t\n\t\t\t\n\t\t\n\t\t\t<div class='ewd-ufaq-post-margin ewd-ufaq-faq-post'>\n\t\n<p class=\"wp-block-paragraph\">Per prima cosa, solamente perch\u00e9 non si manifestano particolari sintomi causati dagli anticorpi IgG, questo non significa che non c\u2019\u00e8 una reazione in corso. Se il sistema immunitario produce anticorpi IgG per contrastare determinati alimenti che hai mangiato, potrebbe dare origine a un\u2019infiammazione ma che non necessariamente si manifesta con sintomi visibili esternamente. Secondariamente ImuPro non afferma di dimostrare una relazione fra gli alimenti e determinati sintomi. Il primo passaggio \u00e8 individuare quali alimenti possono creare dei problemi. ImuPro individua gli anticorpi IgG contro determinati alimenti, coinvolti nelle allergie alimentari con sintomi ritardati.<\/p>\n<\/div>\n\t\t\n\t\t\t<div class='ewd-ufaq-faq-custom-fields'>\n\n\t\n<\/div>\n\t\t\n\t\t\t\n\t\t\n\t\t\t\n\t\t\n\t\t\t\n\t\t\n\t\t\t\n\t\t\n\t\t\t<div class='ewd-ufaq-permalink'>\n\t\n\t<a href='https:\/\/imupro.ch\/it\/ufaqs\/ho-letto-qualche-critica-riguardo-il-test-imupro-anche-da-parte-di-alcuni-dottori-i-critici-per-esempio-dicono-che-non-tutti-gli-alimenti-che-risultano-positivi-al-test-danno-origine-a-sintomi-e-cos\/'>\n\t\t\n\t\tPermalink\t\t\t\n\t<\/a>\n\n<\/div>\n\t\t\n\t\t\t\n\t\t\n\t\t\t\n\t\t\n\t<\/div>\n\n<\/div><div  class=\"ewd-ufaq-faq-div ewd-ufaq-faq-column-count-one ewd-ufaq-faq-responsive-columns-1 ewd-ufaq-faq-display-style-default ewd-ufaq-can-be-toggled\" id='ewd-ufaq-post-10444-6VOe1YeyBt' data-post_id='10444'>\n\n\t\t\n\t<div class='ewd-ufaq-faq-title ewd-ufaq-faq-toggle'>\n\t\n\t<a class='ewd-ufaq-post-margin'  href='#' role=\"button\">\n\n\t\t<div class='ewd-ufaq-post-margin-symbol ewd-ufaq-square'>\n\t\t\t<span >a<\/span>\n\t\t<\/div>\n\n\t\t<div class='ewd-ufaq-faq-title-text'>\n\n\t\t\t<h4>\n\t\t\t\tI critici affermano che il test ImuPro pu\u00f2 causare malnutrizione. Come posso essere sicuro che questo non accada quando metto in pratica i risultati del test ImuPro?\t\t\t<\/h4>\n\n\t\t<\/div>\n\n\t\t<div class='ewd-ufaq-clear'><\/div>\n\n\t<\/a>\n\t\n<\/div>\n\t\n\t<div class='ewd-ufaq-faq-body ewd-ufaq-hidden' >\n\n\t\t\n\t\t\t\n\t\t\n\t\t\t<div class='ewd-ufaq-post-margin ewd-ufaq-faq-post'>\n\t\n<p class=\"wp-block-paragraph\">La malnutrizione non si verifica con ImuPro per due motivi: la rotazione e la reintroduzione degli alimenti. Avendo usato il test ImuPro per identificare i possibili alimenti incriminati, viene creata una dieta che elimina il consumo di questi alimenti e ruota gli alimenti consentiti ogni 4\/5 giorni, Quest\u2019ultimo aspetto permette di mantenere la variet\u00e0 e gli elementi nutritivi di cui l\u2019organismo necessita. Dopo la fase di provocazione, alcuni alimenti possono essere reintrodotti nella dieta. Questi significa che potrai ruotare un numero maggiore di alimenti garantendo una dieta diversificata e bilanciata. Quindi quello che dicono i critici non \u00e8 vero. ImuPro \u00e8 un supporto utile se si soffre di disturbi infiammatori cronici come la diarrea, la flatulenza, l\u2019emicrania, l\u2019eccesso di peso o problemi cutanei. ImuPro aiuta a individuare i possibili alimenti incriminati. Attraverso l\u2019eliminazione di questi alimenti le infiammazioni possono essere ridotte. La reintroduzione (fase di provocazione) mostra se e quali alimenti causano i tuoi disturbi.<\/p>\n<\/div>\n\t\t\n\t\t\t<div class='ewd-ufaq-faq-custom-fields'>\n\n\t\n<\/div>\n\t\t\n\t\t\t\n\t\t\n\t\t\t\n\t\t\n\t\t\t\n\t\t\n\t\t\t\n\t\t\n\t\t\t<div class='ewd-ufaq-permalink'>\n\t\n\t<a href='https:\/\/imupro.ch\/it\/ufaqs\/i-critici-affermano-che-il-test-imupro-puo-causare-malnutrizione-come-posso-essere-sicuro-che-questo-non-accada-quando-metto-in-pratica-i-risultati-del-test-imupro\/'>\n\t\t\n\t\tPermalink\t\t\t\n\t<\/a>\n\n<\/div>\n\t\t\n\t\t\t\n\t\t\n\t\t\t\n\t\t\n\t<\/div>\n\n<\/div><div  class=\"ewd-ufaq-faq-div ewd-ufaq-faq-column-count-one ewd-ufaq-faq-responsive-columns-1 ewd-ufaq-faq-display-style-default ewd-ufaq-can-be-toggled\" id='ewd-ufaq-post-10446-LQKo8BACYF' data-post_id='10446'>\n\n\t\t\n\t<div class='ewd-ufaq-faq-title ewd-ufaq-faq-toggle'>\n\t\n\t<a class='ewd-ufaq-post-margin'  href='#' role=\"button\">\n\n\t\t<div class='ewd-ufaq-post-margin-symbol ewd-ufaq-square'>\n\t\t\t<span >a<\/span>\n\t\t<\/div>\n\n\t\t<div class='ewd-ufaq-faq-title-text'>\n\n\t\t\t<h4>\n\t\t\t\tIl test ImuPro ha qualche certificazione?\t\t\t<\/h4>\n\n\t\t<\/div>\n\n\t\t<div class='ewd-ufaq-clear'><\/div>\n\n\t<\/a>\n\t\n<\/div>\n\t\n\t<div class='ewd-ufaq-faq-body ewd-ufaq-hidden' >\n\n\t\t\n\t\t\t\n\t\t\n\t\t\t<div class='ewd-ufaq-post-margin ewd-ufaq-faq-post'>\n\t\n<p class=\"wp-block-paragraph\">Il test ImuPro e gli antigeni vengono prodotti dall\u2019azienda tedesca R-Biopharm seguendo rigidi parametri di qualit\u00e0 come l\u2019ISO 9001 e l\u2019ISO 13485 che sono stati accreditati da DQS in accordo con gli standard internazionali ISO 9001 e EN 46001 (dispositivi medici). Nel 2003, l\u2019azienda ha ottenuto la certificazione ISO 13485. Tutti i reagenti usati sono stati approvati dalla CE. Considerando il fatto che i test ImuPro vengono svolti in oltre 20 laboratori nel mondo, ciascuno specializzato in un particolare ambito, svolgiamo test inter laboratorio annuali per garantire l\u2019affidabilit\u00e0 e la qualit\u00e0 di ciascun passaggio del test.<\/p>\n<\/div>\n\t\t\n\t\t\t<div class='ewd-ufaq-faq-custom-fields'>\n\n\t\n<\/div>\n\t\t\n\t\t\t\n\t\t\n\t\t\t\n\t\t\n\t\t\t\n\t\t\n\t\t\t\n\t\t\n\t\t\t<div class='ewd-ufaq-permalink'>\n\t\n\t<a href='https:\/\/imupro.ch\/it\/ufaqs\/il-test-imupro-ha-qualche-certificazione\/'>\n\t\t\n\t\tPermalink\t\t\t\n\t<\/a>\n\n<\/div>\n\t\t\n\t\t\t\n\t\t\n\t\t\t\n\t\t\n\t<\/div>\n\n<\/div><\/div>\n\n<\/div>\n<div id='ewd-ufaq-faq-category-02-possibili-controindicazioni' class='ewd-ufaq-faq-category'>\n\t\n\t<div class='ewd-ufaq-faq-category-title ewd-ufaq-faq-category-title-toggle' tabindex=\"0\" >\n\t\t\n\t\t<h4 title=\"Click here to open 2. Possibili controindicazioni\">\n\t\t\t2. Possibili controindicazioni\t\t\t\t\t<\/h4>\n\n\t\t\t\n\t<\/div>\n\t\n\t<div class='ewd-ufaq-faq-category-inner ewd-ufaq-faq-category-body-hidden' >\n<div  class=\"ewd-ufaq-faq-div ewd-ufaq-faq-column-count-one ewd-ufaq-faq-responsive-columns-1 ewd-ufaq-faq-display-style-default ewd-ufaq-can-be-toggled\" id='ewd-ufaq-post-10424-x05b8APXP6' data-post_id='10424'>\n\n\t\t\n\t<div class='ewd-ufaq-faq-title ewd-ufaq-faq-toggle'>\n\t\n\t<a class='ewd-ufaq-post-margin'  href='#' role=\"button\">\n\n\t\t<div class='ewd-ufaq-post-margin-symbol ewd-ufaq-square'>\n\t\t\t<span >a<\/span>\n\t\t<\/div>\n\n\t\t<div class='ewd-ufaq-faq-title-text'>\n\n\t\t\t<h4>\n\t\t\t\tPossono svolgere il test anche i ragazzi o i bambini?\t\t\t<\/h4>\n\n\t\t<\/div>\n\n\t\t<div class='ewd-ufaq-clear'><\/div>\n\n\t<\/a>\n\t\n<\/div>\n\t\n\t<div class='ewd-ufaq-faq-body ewd-ufaq-hidden' >\n\n\t\t\n\t\t\t\n\t\t\n\t\t\t<div class='ewd-ufaq-post-margin ewd-ufaq-faq-post'>\n\t\n<p class=\"wp-block-paragraph\">I ragazzi oltre i 12 possono svolgere il test. Al di sotto dei 12 anni invece raccomandiamo alla madre di svolgere un esame per verificare se ha trasmesso i suoi anticorpi al figlio\/a durante la gravidanza attraverso la placenta. E\u2019 pi\u00f9 facile fare il prelievo a un adulto e inoltre la concentrazione degli anticorpi \u00e8 pi\u00f9 elevata. Il sistema immunitario dei bambini non \u00e8 ancora totalmente sviluppato e non ha la stessa capacit\u00e0 di memoria di quello della madre.<\/p>\n<\/div>\n\t\t\n\t\t\t<div class='ewd-ufaq-faq-custom-fields'>\n\n\t\n<\/div>\n\t\t\n\t\t\t\n\t\t\n\t\t\t\n\t\t\n\t\t\t\n\t\t\n\t\t\t\n\t\t\n\t\t\t<div class='ewd-ufaq-permalink'>\n\t\n\t<a href='https:\/\/imupro.ch\/it\/ufaqs\/possono-svolgere-il-test-anche-i-ragazzi-o-i-bambini\/'>\n\t\t\n\t\tPermalink\t\t\t\n\t<\/a>\n\n<\/div>\n\t\t\n\t\t\t\n\t\t\n\t\t\t\n\t\t\n\t<\/div>\n\n<\/div><div  class=\"ewd-ufaq-faq-div ewd-ufaq-faq-column-count-one ewd-ufaq-faq-responsive-columns-1 ewd-ufaq-faq-display-style-default ewd-ufaq-can-be-toggled\" id='ewd-ufaq-post-10426-gz4ILK4S04' data-post_id='10426'>\n\n\t\t\n\t<div class='ewd-ufaq-faq-title ewd-ufaq-faq-toggle'>\n\t\n\t<a class='ewd-ufaq-post-margin'  href='#' role=\"button\">\n\n\t\t<div class='ewd-ufaq-post-margin-symbol ewd-ufaq-square'>\n\t\t\t<span >a<\/span>\n\t\t<\/div>\n\n\t\t<div class='ewd-ufaq-faq-title-text'>\n\n\t\t\t<h4>\n\t\t\t\tPosso fare il test se sto seguendo una dieta rigida?\t\t\t<\/h4>\n\n\t\t<\/div>\n\n\t\t<div class='ewd-ufaq-clear'><\/div>\n\n\t<\/a>\n\t\n<\/div>\n\t\n\t<div class='ewd-ufaq-faq-body ewd-ufaq-hidden' >\n\n\t\t\n\t\t\t\n\t\t\n\t\t\t<div class='ewd-ufaq-post-margin ewd-ufaq-faq-post'>\n\t\n<p class=\"wp-block-paragraph\">Si pu\u00f2 fare il test, anche se si sta seguendo una dieta restrittiva. In ogni caso, devi essere consapevole che la reazione agli alimenti che dovresti evitare \u00e8 pi\u00f9 bassa rispetto a quella che tu avresti se non avessi seguito una dieta rigida. Se si eliminano determinati alimenti per pi\u00f9 di 6 mesi, \u00e8 prevedibile che i risultati siano negativi perch\u00e9 le IgG scompaiono quando l\u2019alimento non viene pi\u00f9 consumato.<\/p>\n<\/div>\n\t\t\n\t\t\t<div class='ewd-ufaq-faq-custom-fields'>\n\n\t\n<\/div>\n\t\t\n\t\t\t\n\t\t\n\t\t\t\n\t\t\n\t\t\t\n\t\t\n\t\t\t\n\t\t\n\t\t\t<div class='ewd-ufaq-permalink'>\n\t\n\t<a href='https:\/\/imupro.ch\/it\/ufaqs\/posso-fare-il-test-se-sto-seguendo-una-dieta-rigida\/'>\n\t\t\n\t\tPermalink\t\t\t\n\t<\/a>\n\n<\/div>\n\t\t\n\t\t\t\n\t\t\n\t\t\t\n\t\t\n\t<\/div>\n\n<\/div><div  class=\"ewd-ufaq-faq-div ewd-ufaq-faq-column-count-one ewd-ufaq-faq-responsive-columns-1 ewd-ufaq-faq-display-style-default ewd-ufaq-can-be-toggled\" id='ewd-ufaq-post-10448-ThF3nUD5D0' data-post_id='10448'>\n\n\t\t\n\t<div class='ewd-ufaq-faq-title ewd-ufaq-faq-toggle'>\n\t\n\t<a class='ewd-ufaq-post-margin'  href='#' role=\"button\">\n\n\t\t<div class='ewd-ufaq-post-margin-symbol ewd-ufaq-square'>\n\t\t\t<span >a<\/span>\n\t\t<\/div>\n\n\t\t<div class='ewd-ufaq-faq-title-text'>\n\n\t\t\t<h4>\n\t\t\t\tSono sotto antibiotici. Questo aspetto condiziona i risultati del test?\t\t\t<\/h4>\n\n\t\t<\/div>\n\n\t\t<div class='ewd-ufaq-clear'><\/div>\n\n\t<\/a>\n\t\n<\/div>\n\t\n\t<div class='ewd-ufaq-faq-body ewd-ufaq-hidden' >\n\n\t\t\n\t\t\t\n\t\t\n\t\t\t<div class='ewd-ufaq-post-margin ewd-ufaq-faq-post'>\n\t\n<p class=\"wp-block-paragraph\">Se non si assumono farmaci immunosoppressori, i risultati non saranno condizionati se si segue una breve cura di antibiotici. Una cura invece pi\u00f9 duratura pu\u00f2 compromettere la flora intestinale e ci\u00f2 pu\u00f2 portare a una individuazione di un numero maggiore di reazioni. Suggeriamo quindi di avvisare il team di ImuPro se si sta seguendo una cura medica prima di svolgere il test.<\/p>\n<\/div>\n\t\t\n\t\t\t<div class='ewd-ufaq-faq-custom-fields'>\n\n\t\n<\/div>\n\t\t\n\t\t\t\n\t\t\n\t\t\t\n\t\t\n\t\t\t\n\t\t\n\t\t\t\n\t\t\n\t\t\t<div class='ewd-ufaq-permalink'>\n\t\n\t<a href='https:\/\/imupro.ch\/it\/ufaqs\/sono-sotto-antibiotici-questo-aspetto-condiziona-i-risultati-del-test\/'>\n\t\t\n\t\tPermalink\t\t\t\n\t<\/a>\n\n<\/div>\n\t\t\n\t\t\t\n\t\t\n\t\t\t\n\t\t\n\t<\/div>\n\n<\/div><div  class=\"ewd-ufaq-faq-div ewd-ufaq-faq-column-count-one ewd-ufaq-faq-responsive-columns-1 ewd-ufaq-faq-display-style-default ewd-ufaq-can-be-toggled\" id='ewd-ufaq-post-10450-4PJuGaI4SN' data-post_id='10450'>\n\n\t\t\n\t<div class='ewd-ufaq-faq-title ewd-ufaq-faq-toggle'>\n\t\n\t<a class='ewd-ufaq-post-margin'  href='#' role=\"button\">\n\n\t\t<div class='ewd-ufaq-post-margin-symbol ewd-ufaq-square'>\n\t\t\t<span >a<\/span>\n\t\t<\/div>\n\n\t\t<div class='ewd-ufaq-faq-title-text'>\n\n\t\t\t<h4>\n\t\t\t\tQuali farmaci possono influenzare il risultato del test?\t\t\t<\/h4>\n\n\t\t<\/div>\n\n\t\t<div class='ewd-ufaq-clear'><\/div>\n\n\t<\/a>\n\t\n<\/div>\n\t\n\t<div class='ewd-ufaq-faq-body ewd-ufaq-hidden' >\n\n\t\t\n\t\t\t\n\t\t\n\t\t\t<div class='ewd-ufaq-post-margin ewd-ufaq-faq-post'>\n\t\n<p class=\"wp-block-paragraph\">Alcuni farmaci possono influenzare il risultato del test quindi consigliamo, in caso di dubbio, di consultare il team di ImuPro. Una cura prolungata di antibiotici pu\u00f2 influenzare il risultato. Se stai prendendo, o hai preso, dei farmaci immunosoppressori come il cortisone, gli steroidi, prednisolone etc\u2026, i risultati potrebbero essere alterati. Suggeriamo di avvisare il team di ImuPro riguardo le cure che stai seguendo prima di svolgere il test in modo che potrai essere avvisato tempestivamente se ci sono possibili controindicazioni.<\/p>\n<\/div>\n\t\t\n\t\t\t<div class='ewd-ufaq-faq-custom-fields'>\n\n\t\n<\/div>\n\t\t\n\t\t\t\n\t\t\n\t\t\t\n\t\t\n\t\t\t\n\t\t\n\t\t\t\n\t\t\n\t\t\t<div class='ewd-ufaq-permalink'>\n\t\n\t<a href='https:\/\/imupro.ch\/it\/ufaqs\/quali-farmaci-possono-influenzare-il-risultato-del-test\/'>\n\t\t\n\t\tPermalink\t\t\t\n\t<\/a>\n\n<\/div>\n\t\t\n\t\t\t\n\t\t\n\t\t\t\n\t\t\n\t<\/div>\n\n<\/div><div  class=\"ewd-ufaq-faq-div ewd-ufaq-faq-column-count-one ewd-ufaq-faq-responsive-columns-1 ewd-ufaq-faq-display-style-default ewd-ufaq-can-be-toggled\" id='ewd-ufaq-post-10452-06czDlTYX0' data-post_id='10452'>\n\n\t\t\n\t<div class='ewd-ufaq-faq-title ewd-ufaq-faq-toggle'>\n\t\n\t<a class='ewd-ufaq-post-margin'  href='#' role=\"button\">\n\n\t\t<div class='ewd-ufaq-post-margin-symbol ewd-ufaq-square'>\n\t\t\t<span >a<\/span>\n\t\t<\/div>\n\n\t\t<div class='ewd-ufaq-faq-title-text'>\n\n\t\t\t<h4>\n\t\t\t\tAssumo steroidi tramite gli inalatori. Posso svolgere il test?\t\t\t<\/h4>\n\n\t\t<\/div>\n\n\t\t<div class='ewd-ufaq-clear'><\/div>\n\n\t<\/a>\n\t\n<\/div>\n\t\n\t<div class='ewd-ufaq-faq-body ewd-ufaq-hidden' >\n\n\t\t\n\t\t\t\n\t\t\n\t\t\t<div class='ewd-ufaq-post-margin ewd-ufaq-faq-post'>\n\t\n<p class=\"wp-block-paragraph\">La concentrazione di steroidi negli inalatori generalmente \u00e8 talmente bassa che non dovrebbe influenzare il risultato del test.<\/p>\n<\/div>\n\t\t\n\t\t\t<div class='ewd-ufaq-faq-custom-fields'>\n\n\t\n<\/div>\n\t\t\n\t\t\t\n\t\t\n\t\t\t\n\t\t\n\t\t\t\n\t\t\n\t\t\t\n\t\t\n\t\t\t<div class='ewd-ufaq-permalink'>\n\t\n\t<a href='https:\/\/imupro.ch\/it\/ufaqs\/assumo-steroidi-tramite-gli-inalatori-posso-svolgere-il-test\/'>\n\t\t\n\t\tPermalink\t\t\t\n\t<\/a>\n\n<\/div>\n\t\t\n\t\t\t\n\t\t\n\t\t\t\n\t\t\n\t<\/div>\n\n<\/div><div  class=\"ewd-ufaq-faq-div ewd-ufaq-faq-column-count-one ewd-ufaq-faq-responsive-columns-1 ewd-ufaq-faq-display-style-default ewd-ufaq-can-be-toggled\" id='ewd-ufaq-post-10454-v39yGdZYbx' data-post_id='10454'>\n\n\t\t\n\t<div class='ewd-ufaq-faq-title ewd-ufaq-faq-toggle'>\n\t\n\t<a class='ewd-ufaq-post-margin'  href='#' role=\"button\">\n\n\t\t<div class='ewd-ufaq-post-margin-symbol ewd-ufaq-square'>\n\t\t\t<span >a<\/span>\n\t\t<\/div>\n\n\t\t<div class='ewd-ufaq-faq-title-text'>\n\n\t\t\t<h4>\n\t\t\t\tPotrebbe una crema a base di cortisone condizionare i risultati? Se una persona \u00e8 affetta da un eczema di forte intensit\u00e0, e lo sta curando con crema a base di cortisone, ma vuole comunque svolgere il test ImuPro, ci sono delle controindicazioni? Sto svolgendo una cura a base di crema di cortisone a basso dosaggio, ma non voglio sospenderla dal momento che essa non mi fa scomparire i sintomi ma mi aiuta comunque a mantenere l\u2019eczema sotto controllo.\t\t\t<\/h4>\n\n\t\t<\/div>\n\n\t\t<div class='ewd-ufaq-clear'><\/div>\n\n\t<\/a>\n\t\n<\/div>\n\t\n\t<div class='ewd-ufaq-faq-body ewd-ufaq-hidden' >\n\n\t\t\n\t\t\t\n\t\t\n\t\t\t<div class='ewd-ufaq-post-margin ewd-ufaq-faq-post'>\n\t\n<p class=\"wp-block-paragraph\">La crema a base di cortisone non dovrebbe interferire con il risultato del test se la concentrazione \u00e8 bassa e l\u2019effetto \u00e8 locale. Se l\u2019assunzione non avviene tramite pastiglie, potresti svolgere il test senza problemi. Per essere assolutamente sicuri consigliamo di determinare il valore totale delle IgG nel siero. Se esso non \u00e8 al di sotto del range di riferimento, non dovrebbe esserci alcun impatto negativo sul test.<\/p>\n<\/div>\n\t\t\n\t\t\t<div class='ewd-ufaq-faq-custom-fields'>\n\n\t\n<\/div>\n\t\t\n\t\t\t\n\t\t\n\t\t\t\n\t\t\n\t\t\t\n\t\t\n\t\t\t\n\t\t\n\t\t\t<div class='ewd-ufaq-permalink'>\n\t\n\t<a href='https:\/\/imupro.ch\/it\/ufaqs\/potrebbe-una-crema-a-base-di-cortisone-condizionare-i-risultati-se-una-persona-e-affetta-da-un-eczema-di-forte-intensita-e-lo-sta-curando-con-crema-a-base-di-cortisone-ma-vuole-comunque-svolgere-il\/'>\n\t\t\n\t\tPermalink\t\t\t\n\t<\/a>\n\n<\/div>\n\t\t\n\t\t\t\n\t\t\n\t\t\t\n\t\t\n\t<\/div>\n\n<\/div><div  class=\"ewd-ufaq-faq-div ewd-ufaq-faq-column-count-one ewd-ufaq-faq-responsive-columns-1 ewd-ufaq-faq-display-style-default ewd-ufaq-can-be-toggled\" id='ewd-ufaq-post-10456-lxMJivlA52' data-post_id='10456'>\n\n\t\t\n\t<div class='ewd-ufaq-faq-title ewd-ufaq-faq-toggle'>\n\t\n\t<a class='ewd-ufaq-post-margin'  href='#' role=\"button\">\n\n\t\t<div class='ewd-ufaq-post-margin-symbol ewd-ufaq-square'>\n\t\t\t<span >a<\/span>\n\t\t<\/div>\n\n\t\t<div class='ewd-ufaq-faq-title-text'>\n\n\t\t\t<h4>\n\t\t\t\tHo la febbre. Posso comunque svolgere il test?\t\t\t<\/h4>\n\n\t\t<\/div>\n\n\t\t<div class='ewd-ufaq-clear'><\/div>\n\n\t<\/a>\n\t\n<\/div>\n\t\n\t<div class='ewd-ufaq-faq-body ewd-ufaq-hidden' >\n\n\t\t\n\t\t\t\n\t\t\n\t\t\t<div class='ewd-ufaq-post-margin ewd-ufaq-faq-post'>\n\t\n<p class=\"wp-block-paragraph\">Dalla nostra esperienza non ci sono problemi se il paziente ha la febbre. E\u2019 pi\u00f9 una questione di precauzione. Consigliamo comunque in caso di febbre di aspettare che la temperatura corporea ritorni a livelli normali prima di fare il prelievo.<\/p>\n<\/div>\n\t\t\n\t\t\t<div class='ewd-ufaq-faq-custom-fields'>\n\n\t\n<\/div>\n\t\t\n\t\t\t\n\t\t\n\t\t\t\n\t\t\n\t\t\t\n\t\t\n\t\t\t\n\t\t\n\t\t\t<div class='ewd-ufaq-permalink'>\n\t\n\t<a href='https:\/\/imupro.ch\/it\/ufaqs\/ho-la-febbre-posso-comunque-svolgere-il-test\/'>\n\t\t\n\t\tPermalink\t\t\t\n\t<\/a>\n\n<\/div>\n\t\t\n\t\t\t\n\t\t\n\t\t\t\n\t\t\n\t<\/div>\n\n<\/div><div  class=\"ewd-ufaq-faq-div ewd-ufaq-faq-column-count-one ewd-ufaq-faq-responsive-columns-1 ewd-ufaq-faq-display-style-default ewd-ufaq-can-be-toggled\" id='ewd-ufaq-post-10458-euXYZQUbYT' data-post_id='10458'>\n\n\t\t\n\t<div class='ewd-ufaq-faq-title ewd-ufaq-faq-toggle'>\n\t\n\t<a class='ewd-ufaq-post-margin'  href='#' role=\"button\">\n\n\t\t<div class='ewd-ufaq-post-margin-symbol ewd-ufaq-square'>\n\t\t\t<span >a<\/span>\n\t\t<\/div>\n\n\t\t<div class='ewd-ufaq-faq-title-text'>\n\n\t\t\t<h4>\n\t\t\t\tSto assumendo degli inibitori del TNF (Infliximab, Humira). Posso svolgere il test?\t\t\t<\/h4>\n\n\t\t<\/div>\n\n\t\t<div class='ewd-ufaq-clear'><\/div>\n\n\t<\/a>\n\t\n<\/div>\n\t\n\t<div class='ewd-ufaq-faq-body ewd-ufaq-hidden' >\n\n\t\t\n\t\t\t\n\t\t\n\t\t\t<div class='ewd-ufaq-post-margin ewd-ufaq-faq-post'>\n\t\n<p class=\"wp-block-paragraph\">Gli inibitori del TNF non hanno mostrato avere effetti sui risultati del test ImuPro. Per essere sicuri suggeriamo di verificare il valore degli anticorpi IgG tramite un prelievo; se esso rientra nel range di riferimento si pu\u00f2 procedere tranquillamente al test.<\/p>\n<\/div>\n\t\t\n\t\t\t<div class='ewd-ufaq-faq-custom-fields'>\n\n\t\n<\/div>\n\t\t\n\t\t\t\n\t\t\n\t\t\t\n\t\t\n\t\t\t\n\t\t\n\t\t\t\n\t\t\n\t\t\t<div class='ewd-ufaq-permalink'>\n\t\n\t<a href='https:\/\/imupro.ch\/it\/ufaqs\/sto-assumendo-degli-inibitori-del-tnf-infliximab-humira-posso-svolgere-il-test\/'>\n\t\t\n\t\tPermalink\t\t\t\n\t<\/a>\n\n<\/div>\n\t\t\n\t\t\t\n\t\t\n\t\t\t\n\t\t\n\t<\/div>\n\n<\/div><\/div>\n\n<\/div>\n<div id='ewd-ufaq-faq-category-03-aliments-et-boissons-quelques-points-a-surveiller-it' class='ewd-ufaq-faq-category'>\n\t\n\t<div class='ewd-ufaq-faq-category-title ewd-ufaq-faq-category-title-toggle' tabindex=\"0\" >\n\t\t\n\t\t<h4 title=\"Click here to open 3. Aliments et boissons : quelques points \u00e0 surveiller\">\n\t\t\t3. Aliments et boissons : quelques points \u00e0 surveiller\t\t\t\t\t<\/h4>\n\n\t\t\t\n\t<\/div>\n\t\n\t<div class='ewd-ufaq-faq-category-inner ewd-ufaq-faq-category-body-hidden' >\n<div  class=\"ewd-ufaq-faq-div ewd-ufaq-faq-column-count-one ewd-ufaq-faq-responsive-columns-1 ewd-ufaq-faq-display-style-default ewd-ufaq-can-be-toggled\" id='ewd-ufaq-post-10460-tT6eYXfeF5' data-post_id='10460'>\n\n\t\t\n\t<div class='ewd-ufaq-faq-title ewd-ufaq-faq-toggle'>\n\t\n\t<a class='ewd-ufaq-post-margin'  href='#' role=\"button\">\n\n\t\t<div class='ewd-ufaq-post-margin-symbol ewd-ufaq-square'>\n\t\t\t<span >a<\/span>\n\t\t<\/div>\n\n\t\t<div class='ewd-ufaq-faq-title-text'>\n\n\t\t\t<h4>\n\t\t\t\tE permesso l\u2019alcool nella guida nutrizionale di ImuPro?\t\t\t<\/h4>\n\n\t\t<\/div>\n\n\t\t<div class='ewd-ufaq-clear'><\/div>\n\n\t<\/a>\n\t\n<\/div>\n\t\n\t<div class='ewd-ufaq-faq-body ewd-ufaq-hidden' >\n\n\t\t\n\t\t\t\n\t\t\n\t\t\t<div class='ewd-ufaq-post-margin ewd-ufaq-faq-post'>\n\t\n<p class=\"wp-block-paragraph\">Le bevande alcoliche sono considerate quasi un lusso e andrebbero evitate durante la prima fase quando il sistema immunitario si \u00e8 stabilizzato. Successivamente durante il cambio di dieta, \u00e8 permesso un bicchiere di vino fermo o frizzante. Il test ImuPro non analizza la bevanda in s\u00e9, ma piuttosto gli ingredienti che la compongono come l\u2019uva, i cereali, il lievito e il malto. Se si verifica un aumento degli anticorpi IgG specifici di questi ingredienti, dovresti evitare completamente le bevande alcoliche durante la fase di eliminazione.<\/p>\n<\/div>\n\t\t\n\t\t\t<div class='ewd-ufaq-faq-custom-fields'>\n\n\t\n<\/div>\n\t\t\n\t\t\t\n\t\t\n\t\t\t\n\t\t\n\t\t\t\n\t\t\n\t\t\t\n\t\t\n\t\t\t<div class='ewd-ufaq-permalink'>\n\t\n\t<a href='https:\/\/imupro.ch\/it\/ufaqs\/e-permesso-lalcool-nella-guida-nutrizionale-di-imupro\/'>\n\t\t\n\t\tPermalink\t\t\t\n\t<\/a>\n\n<\/div>\n\t\t\n\t\t\t\n\t\t\n\t\t\t\n\t\t\n\t<\/div>\n\n<\/div><div  class=\"ewd-ufaq-faq-div ewd-ufaq-faq-column-count-one ewd-ufaq-faq-responsive-columns-1 ewd-ufaq-faq-display-style-default ewd-ufaq-can-be-toggled\" id='ewd-ufaq-post-10462-uq0WaP0GnA' data-post_id='10462'>\n\n\t\t\n\t<div class='ewd-ufaq-faq-title ewd-ufaq-faq-toggle'>\n\t\n\t<a class='ewd-ufaq-post-margin'  href='#' role=\"button\">\n\n\t\t<div class='ewd-ufaq-post-margin-symbol ewd-ufaq-square'>\n\t\t\t<span >a<\/span>\n\t\t<\/div>\n\n\t\t<div class='ewd-ufaq-faq-title-text'>\n\n\t\t\t<h4>\n\t\t\t\tPosso bere il caff\u00e8 mentre seguo le raccomandazioni ImuPro?\t\t\t<\/h4>\n\n\t\t<\/div>\n\n\t\t<div class='ewd-ufaq-clear'><\/div>\n\n\t<\/a>\n\t\n<\/div>\n\t\n\t<div class='ewd-ufaq-faq-body ewd-ufaq-hidden' >\n\n\t\t\n\t\t\t\n\t\t\n\t\t\t<div class='ewd-ufaq-post-margin ewd-ufaq-faq-post'>\n\t\n<p class=\"wp-block-paragraph\">Il caff\u00e8 non \u00e8 consigliato. In particolare le sostanze stimolanti contenute nel caff\u00e8 hanno un effetto irritante per la mucosa intestinale. Questo aumenta la permeabilit\u00e0 dell\u2019intestino agli alimenti. Le sostanze stimolanti aumentano anche la produzione di acido nello stomaco dando origine ad acidit\u00e0 di stomaco, sensazione di gonfiore e nausea e in aggiunta stressano la mucosa intestinale. La nostra esperienza ha mostrato che l\u2019assunzione di caff\u00e8 pu\u00f2 influenzare il risultato del test. Si raccomanda dunque di eliminare il caff\u00e8 dalla dieta per evitare che vengano rilevate reazioni nel test. Sarebbe meglio sostituirlo con tisane o succhi di frutta. L\u2019effetto stimolante della caffeina pu\u00f2 essere sostituito tramite il consumo di t\u00e8 verde o t\u00e8 nero \u2013 consigliamo comunque una rotazione di queste bevande e non il consumo quotidiano. Un\u2019altra alternativa alla caffeina pu\u00f2 essere il guaran\u00e0, una pianta tropicale.<\/p>\n<\/div>\n\t\t\n\t\t\t<div class='ewd-ufaq-faq-custom-fields'>\n\n\t\n<\/div>\n\t\t\n\t\t\t\n\t\t\n\t\t\t\n\t\t\n\t\t\t\n\t\t\n\t\t\t\n\t\t\n\t\t\t<div class='ewd-ufaq-permalink'>\n\t\n\t<a href='https:\/\/imupro.ch\/it\/ufaqs\/posso-bere-il-caffe-mentre-seguo-le-raccomandazioni-imupro\/'>\n\t\t\n\t\tPermalink\t\t\t\n\t<\/a>\n\n<\/div>\n\t\t\n\t\t\t\n\t\t\n\t\t\t\n\t\t\n\t<\/div>\n\n<\/div><div  class=\"ewd-ufaq-faq-div ewd-ufaq-faq-column-count-one ewd-ufaq-faq-responsive-columns-1 ewd-ufaq-faq-display-style-default ewd-ufaq-can-be-toggled\" id='ewd-ufaq-post-10464-GTRMqHfCpQ' data-post_id='10464'>\n\n\t\t\n\t<div class='ewd-ufaq-faq-title ewd-ufaq-faq-toggle'>\n\t\n\t<a class='ewd-ufaq-post-margin'  href='#' role=\"button\">\n\n\t\t<div class='ewd-ufaq-post-margin-symbol ewd-ufaq-square'>\n\t\t\t<span >a<\/span>\n\t\t<\/div>\n\n\t\t<div class='ewd-ufaq-faq-title-text'>\n\n\t\t\t<h4>\n\t\t\t\tRiguardo i succhi di frutta e verdura e i frapp\u00e8 come mi devo comportare?\t\t\t<\/h4>\n\n\t\t<\/div>\n\n\t\t<div class='ewd-ufaq-clear'><\/div>\n\n\t<\/a>\n\t\n<\/div>\n\t\n\t<div class='ewd-ufaq-faq-body ewd-ufaq-hidden' >\n\n\t\t\n\t\t\t\n\t\t\n\t\t\t<div class='ewd-ufaq-post-margin ewd-ufaq-faq-post'>\n\t\n<p class=\"wp-block-paragraph\">I succhi di verdura e di frutta o i frapp\u00e8 non sono delle bevande ma piuttosto degli alimenti liquidi, dal momento che un elevata quantit\u00e0 di frutta o verdura \u00e8 necessaria per la loro preparazione. Se si vuole bere un bicchiere di succo di frutta o verdura, consigliamo di diluirlo con dell\u2019acqua e di comprare succhi contenenti 100% frutta o verdura senza zuccheri aggiunti. Nota: solamente la frutta e la verdura a cui non sei intollerante \u00e8 permessa.<\/p>\n<\/div>\n\t\t\n\t\t\t<div class='ewd-ufaq-faq-custom-fields'>\n\n\t\n<\/div>\n\t\t\n\t\t\t\n\t\t\n\t\t\t\n\t\t\n\t\t\t\n\t\t\n\t\t\t\n\t\t\n\t\t\t<div class='ewd-ufaq-permalink'>\n\t\n\t<a href='https:\/\/imupro.ch\/it\/ufaqs\/riguardo-i-succhi-di-frutta-e-verdura-e-i-frappe-come-mi-devo-comportare\/'>\n\t\t\n\t\tPermalink\t\t\t\n\t<\/a>\n\n<\/div>\n\t\t\n\t\t\t\n\t\t\n\t\t\t\n\t\t\n\t<\/div>\n\n<\/div><div  class=\"ewd-ufaq-faq-div ewd-ufaq-faq-column-count-one ewd-ufaq-faq-responsive-columns-1 ewd-ufaq-faq-display-style-default ewd-ufaq-can-be-toggled\" id='ewd-ufaq-post-10466-IhZZC3ywty' data-post_id='10466'>\n\n\t\t\n\t<div class='ewd-ufaq-faq-title ewd-ufaq-faq-toggle'>\n\t\n\t<a class='ewd-ufaq-post-margin'  href='#' role=\"button\">\n\n\t\t<div class='ewd-ufaq-post-margin-symbol ewd-ufaq-square'>\n\t\t\t<span >a<\/span>\n\t\t<\/div>\n\n\t\t<div class='ewd-ufaq-faq-title-text'>\n\n\t\t\t<h4>\n\t\t\t\tSe una persona \u00e8 intollerante ai chicchi di caff\u00e8 deve evitare completamente la caffeina, per esempio anche la cola e gli energy drinks?\t\t\t<\/h4>\n\n\t\t<\/div>\n\n\t\t<div class='ewd-ufaq-clear'><\/div>\n\n\t<\/a>\n\t\n<\/div>\n\t\n\t<div class='ewd-ufaq-faq-body ewd-ufaq-hidden' >\n\n\t\t\n\t\t\t\n\t\t\n\t\t\t<div class='ewd-ufaq-post-margin ewd-ufaq-faq-post'>\n\t\n<p class=\"wp-block-paragraph\">La caffeina \u00e8 un ingrediente presente nei chicchi di caff\u00e8. Noi testiamo i chicchi di caff\u00e8 quindi non possiamo fare una distinzione fra caff\u00e8 e caffeina durante il test. Potresti reagire a entrambi gli elementi cos\u00ec come a uno solo. All\u2019inizio elimina sia il caff\u00e8 che la caffeina. Aspetta almeno 3 settimane, o finch\u00e9 i tuoi sintomi non si sono stabilizzati, dopo prova a bere una bevanda con della caffeina.<\/p>\n<\/div>\n\t\t\n\t\t\t<div class='ewd-ufaq-faq-custom-fields'>\n\n\t\n<\/div>\n\t\t\n\t\t\t\n\t\t\n\t\t\t\n\t\t\n\t\t\t\n\t\t\n\t\t\t\n\t\t\n\t\t\t<div class='ewd-ufaq-permalink'>\n\t\n\t<a href='https:\/\/imupro.ch\/it\/ufaqs\/se-una-persona-e-intollerante-ai-chicchi-di-caffe-deve-evitare-completamente-la-caffeina-per-esempio-anche-la-cola-e-gli-energy-drinks\/'>\n\t\t\n\t\tPermalink\t\t\t\n\t<\/a>\n\n<\/div>\n\t\t\n\t\t\t\n\t\t\n\t\t\t\n\t\t\n\t<\/div>\n\n<\/div><div  class=\"ewd-ufaq-faq-div ewd-ufaq-faq-column-count-one ewd-ufaq-faq-responsive-columns-1 ewd-ufaq-faq-display-style-default ewd-ufaq-can-be-toggled\" id='ewd-ufaq-post-10468-gGvQIkrOh8' data-post_id='10468'>\n\n\t\t\n\t<div class='ewd-ufaq-faq-title ewd-ufaq-faq-toggle'>\n\t\n\t<a class='ewd-ufaq-post-margin'  href='#' role=\"button\">\n\n\t\t<div class='ewd-ufaq-post-margin-symbol ewd-ufaq-square'>\n\t\t\t<span >a<\/span>\n\t\t<\/div>\n\n\t\t<div class='ewd-ufaq-faq-title-text'>\n\n\t\t\t<h4>\n\t\t\t\tConsiderando che sono intollerante al grano, all\u2019avena e all\u2019orzo, e ho quindi iniziato a smettere di bere birra, anche le altre bevande alcoliche che derivano dal grano e da altri cereali sono proibite? Per esempio vodka, bourboun o scotch?\t\t\t<\/h4>\n\n\t\t<\/div>\n\n\t\t<div class='ewd-ufaq-clear'><\/div>\n\n\t<\/a>\n\t\n<\/div>\n\t\n\t<div class='ewd-ufaq-faq-body ewd-ufaq-hidden' >\n\n\t\t\n\t\t\t\n\t\t\n\t\t\t<div class='ewd-ufaq-post-margin ewd-ufaq-faq-post'>\n\t\n<p class=\"wp-block-paragraph\">Tutte le bevande fermentate prodotte con il glutine contengono cereali e quindi devono essere evitate, per esempio la birra o altre bevande a base di malto. Controlla la lista degli ingredienti dei frapp\u00e8 e milk shake industriali. Tutti gli alcolici sono privi di glutine prima che il glutine venga aggiunto dopo la distillazione (cocktail). I whiskeys a base di malto sono privi di glutine, se non viene aggiunto niente dopo la distillazione, e invecchia solamente nelle botti.<\/p>\n<\/div>\n\t\t\n\t\t\t<div class='ewd-ufaq-faq-custom-fields'>\n\n\t\n<\/div>\n\t\t\n\t\t\t\n\t\t\n\t\t\t\n\t\t\n\t\t\t\n\t\t\n\t\t\t\n\t\t\n\t\t\t<div class='ewd-ufaq-permalink'>\n\t\n\t<a href='https:\/\/imupro.ch\/it\/ufaqs\/considerando-che-sono-intollerante-al-grano-allavena-e-allorzo-e-ho-quindi-iniziato-a-smettere-di-bere-birra-anche-le-altre-bevande-alcoliche-che-derivano-dal-grano-e-da-altri-cer\/'>\n\t\t\n\t\tPermalink\t\t\t\n\t<\/a>\n\n<\/div>\n\t\t\n\t\t\t\n\t\t\n\t\t\t\n\t\t\n\t<\/div>\n\n<\/div><\/div>\n\n<\/div>\n<div id='ewd-ufaq-faq-category-04-latte-e-suoi-derivati-sostanza-ricche-di-calcio-allergia-al-latte-vs-intolleranza-al-lattosio' class='ewd-ufaq-faq-category'>\n\t\n\t<div class='ewd-ufaq-faq-category-title ewd-ufaq-faq-category-title-toggle' tabindex=\"0\" >\n\t\t\n\t\t<h4 title=\"Click here to open 4. Latte e suoi derivati, sostanza ricche di calcio, allergia al latte vs intolleranza al lattosio.\">\n\t\t\t4. Latte e suoi derivati, sostanza ricche di calcio, allergia al latte vs intolleranza al lattosio.\t\t\t\t\t<\/h4>\n\n\t\t\t\n\t<\/div>\n\t\n\t<div class='ewd-ufaq-faq-category-inner ewd-ufaq-faq-category-body-hidden' >\n<div  class=\"ewd-ufaq-faq-div ewd-ufaq-faq-column-count-one ewd-ufaq-faq-responsive-columns-1 ewd-ufaq-faq-display-style-default ewd-ufaq-can-be-toggled\" id='ewd-ufaq-post-10471-40IeeQ0zU4' data-post_id='10471'>\n\n\t\t\n\t<div class='ewd-ufaq-faq-title ewd-ufaq-faq-toggle'>\n\t\n\t<a class='ewd-ufaq-post-margin'  href='#' role=\"button\">\n\n\t\t<div class='ewd-ufaq-post-margin-symbol ewd-ufaq-square'>\n\t\t\t<span >a<\/span>\n\t\t<\/div>\n\n\t\t<div class='ewd-ufaq-faq-title-text'>\n\n\t\t\t<h4>\n\t\t\t\tC\u2019\u00e8 il rischio di incorrere in una carenza di calcio se devo eliminare completamente i latticini?\t\t\t<\/h4>\n\n\t\t<\/div>\n\n\t\t<div class='ewd-ufaq-clear'><\/div>\n\n\t<\/a>\n\t\n<\/div>\n\t\n\t<div class='ewd-ufaq-faq-body ewd-ufaq-hidden' >\n\n\t\t\n\t\t\t\n\t\t\n\t\t\t<div class='ewd-ufaq-post-margin ewd-ufaq-faq-post'>\n\t\n<p class=\"wp-block-paragraph\">No, non c\u2019\u00e8 questo rischio. Ci sono diverse alternative che sono ricche di calcio. Se ti attieni alla rotazione degli alimenti, non dovresti andare incontro ad una carenza di calcio. I broccoli per esempio sono ricchi di calcio. In caso di necessit\u00e0 di un aumento di apporto di calcio, si consiglia il consumo di farmaci ortomolecolari durante i pasti.<\/p>\n<\/div>\n\t\t\n\t\t\t<div class='ewd-ufaq-faq-custom-fields'>\n\n\t\n<\/div>\n\t\t\n\t\t\t\n\t\t\n\t\t\t\n\t\t\n\t\t\t\n\t\t\n\t\t\t\n\t\t\n\t\t\t<div class='ewd-ufaq-permalink'>\n\t\n\t<a href='https:\/\/imupro.ch\/it\/ufaqs\/ce-il-rischio-di-incorrere-in-una-carenza-di-calcio-se-devo-eliminare-completamente-i-latticini\/'>\n\t\t\n\t\tPermalink\t\t\t\n\t<\/a>\n\n<\/div>\n\t\t\n\t\t\t\n\t\t\n\t\t\t\n\t\t\n\t<\/div>\n\n<\/div><div  class=\"ewd-ufaq-faq-div ewd-ufaq-faq-column-count-one ewd-ufaq-faq-responsive-columns-1 ewd-ufaq-faq-display-style-default ewd-ufaq-can-be-toggled\" id='ewd-ufaq-post-10473-OlIVQavxOQ' data-post_id='10473'>\n\n\t\t\n\t<div class='ewd-ufaq-faq-title ewd-ufaq-faq-toggle'>\n\t\n\t<a class='ewd-ufaq-post-margin'  href='#' role=\"button\">\n\n\t\t<div class='ewd-ufaq-post-margin-symbol ewd-ufaq-square'>\n\t\t\t<span >a<\/span>\n\t\t<\/div>\n\n\t\t<div class='ewd-ufaq-faq-title-text'>\n\n\t\t\t<h4>\n\t\t\t\tUn paziente ha reazioni al latte. Pu\u00f2 assumere latte senza lattosio o caseina?\t\t\t<\/h4>\n\n\t\t<\/div>\n\n\t\t<div class='ewd-ufaq-clear'><\/div>\n\n\t<\/a>\n\t\n<\/div>\n\t\n\t<div class='ewd-ufaq-faq-body ewd-ufaq-hidden' >\n\n\t\t\n\t\t\t\n\t\t\n\t\t\t<div class='ewd-ufaq-post-margin ewd-ufaq-faq-post'>\n\t\n<p class=\"wp-block-paragraph\">No. Con ImuPro, testiamo gli anticorpi specifici delle proteine di determinati alimenti. Il lattosio non viene analizzato tramite il nostro test, dal momento che il lattosio che non \u00e8 una proteina ma uno zucchero che non \u00e8 la causa della produzione di anticorpi. L\u2019intolleranza al lattosio \u00e8 dovuta ad una carenza di enzimi sia per motivi genetici che non. E quindi l\u2019incapacit\u00e0 di digerire questo tipo di zucchero. Gli alimenti privi di lattosio hanno le stesse proteine del latte. Il latte contiene pi\u00f9 di 30 proteine. La caseina \u00e8 la proteina principale del latte, ma tramite il nostro test non differenziamo quale proteina ha causato la reazione. Notiamo che quando si \u00e8 positivi al test del latte per la caseina, una percentuale significativa dei pazienti non reagisce alla caseina ma ad altri ingredienti. Cos\u00ec, se i pazienti consumano il latte privo di caseina, essi potrebbero tollerarlo, ma non possiamo predirlo. La soluzione ideale \u00e8 quella di eliminare i prodotti derivati dal latte per il tempo raccomandato. Dopo questo periodo il paziente pu\u00f2 sfidare se stesso e reintrodurre alcuni prodotti.<\/p>\n<\/div>\n\t\t\n\t\t\t<div class='ewd-ufaq-faq-custom-fields'>\n\n\t\n<\/div>\n\t\t\n\t\t\t\n\t\t\n\t\t\t\n\t\t\n\t\t\t\n\t\t\n\t\t\t\n\t\t\n\t\t\t<div class='ewd-ufaq-permalink'>\n\t\n\t<a href='https:\/\/imupro.ch\/it\/ufaqs\/un-paziente-ha-reazioni-al-latte-puo-assumere-latte-senza-lattosio-o-caseina\/'>\n\t\t\n\t\tPermalink\t\t\t\n\t<\/a>\n\n<\/div>\n\t\t\n\t\t\t\n\t\t\n\t\t\t\n\t\t\n\t<\/div>\n\n<\/div><div  class=\"ewd-ufaq-faq-div ewd-ufaq-faq-column-count-one ewd-ufaq-faq-responsive-columns-1 ewd-ufaq-faq-display-style-default ewd-ufaq-can-be-toggled\" id='ewd-ufaq-post-10475-VdxLLgSyRn' data-post_id='10475'>\n\n\t\t\n\t<div class='ewd-ufaq-faq-title ewd-ufaq-faq-toggle'>\n\t\n\t<a class='ewd-ufaq-post-margin'  href='#' role=\"button\">\n\n\t\t<div class='ewd-ufaq-post-margin-symbol ewd-ufaq-square'>\n\t\t\t<span >a<\/span>\n\t\t<\/div>\n\n\t\t<div class='ewd-ufaq-faq-title-text'>\n\n\t\t\t<h4>\n\t\t\t\tCosa significa \u201clatte cotto\u201d? Ha lo stesso significato del latte pastorizzato?\t\t\t<\/h4>\n\n\t\t<\/div>\n\n\t\t<div class='ewd-ufaq-clear'><\/div>\n\n\t<\/a>\n\t\n<\/div>\n\t\n\t<div class='ewd-ufaq-faq-body ewd-ufaq-hidden' >\n\n\t\t\n\t\t\t\n\t\t\n\t\t\t<div class='ewd-ufaq-post-margin ewd-ufaq-faq-post'>\n\t\n<p class=\"wp-block-paragraph\">Il latte cotto \u00e8 il latte bollito per almeno 30 minuti, fatto raffreddare e rimosso della pellicina che si \u00e8 formata. Durante la fase di ebollizione, le proteine del latte si degradano e la maggior parte delle strutture antigeniche vengono distrutte. Nella maggior parte dei casi i pazienti che hanno una reazione al latte vaccino possono tollerare il latte cotto. Se si fa bollire il latte per 30 minuti e si toglie la pellicina, potresti essere in grado di bere il latte anche se sei intollerante. Il latte cotto ha la stessa quantit\u00e0 di calcio del latte crudo. Il latte pastorizzato invece viene solamente scaldato per 15 secondi a 75\u00b0 C. Il latte UHT viene scaldato per 1-2 secondi a 135\u00b0 C. Questo per decontaminare il latte da possibili agenti infettivi. La qualit\u00e0 delle proteine del latte UHT non viene alterata. In altre parole, il latte pastorizzato e quello UHT sono da considerare come il latte crudo (per quanto riguarda ImuPro).<\/p>\n<\/div>\n\t\t\n\t\t\t<div class='ewd-ufaq-faq-custom-fields'>\n\n\t\n<\/div>\n\t\t\n\t\t\t\n\t\t\n\t\t\t\n\t\t\n\t\t\t\n\t\t\n\t\t\t\n\t\t\n\t\t\t<div class='ewd-ufaq-permalink'>\n\t\n\t<a href='https:\/\/imupro.ch\/it\/ufaqs\/cosa-significa-latte-cotto-ha-lo-stesso-significato-del-latte-pastorizzato\/'>\n\t\t\n\t\tPermalink\t\t\t\n\t<\/a>\n\n<\/div>\n\t\t\n\t\t\t\n\t\t\n\t\t\t\n\t\t\n\t<\/div>\n\n<\/div><div  class=\"ewd-ufaq-faq-div ewd-ufaq-faq-column-count-one ewd-ufaq-faq-responsive-columns-1 ewd-ufaq-faq-display-style-default ewd-ufaq-can-be-toggled\" id='ewd-ufaq-post-10477-BmL2FgnF4r' data-post_id='10477'>\n\n\t\t\n\t<div class='ewd-ufaq-faq-title ewd-ufaq-faq-toggle'>\n\t\n\t<a class='ewd-ufaq-post-margin'  href='#' role=\"button\">\n\n\t\t<div class='ewd-ufaq-post-margin-symbol ewd-ufaq-square'>\n\t\t\t<span >a<\/span>\n\t\t<\/div>\n\n\t\t<div class='ewd-ufaq-faq-title-text'>\n\n\t\t\t<h4>\n\t\t\t\tMia moglie e mio figlio sono allergici ai latticini, per esempio ai prodotti di origine vaccina. Siamo per\u00f2 rimasti entusiasti dal latte di bufala (usato per esempio in Italia nella produzione di mozzarelle e in Sri Lanka per la preparazione del curd). Esso rientra nella categoria dei latticini o fa parte di un altro gruppo alimentare?\t\t\t<\/h4>\n\n\t\t<\/div>\n\n\t\t<div class='ewd-ufaq-clear'><\/div>\n\n\t<\/a>\n\t\n<\/div>\n\t\n\t<div class='ewd-ufaq-faq-body ewd-ufaq-hidden' >\n\n\t\t\n\t\t\t\n\t\t\n\t\t\t<div class='ewd-ufaq-post-margin ewd-ufaq-faq-post'>\n\t\n<p class=\"wp-block-paragraph\">No, non fa parte di un altro gruppo alimentare Il latte di bufala e i suoi derivati \u00e8 da considerare come latte vaccino o latticino. Nelle prime versioni di ImuPro, testavamo il latte di bufala, ma i risultati erano gli stessi del latte vaccino nel 99% dei casi. Cos\u00ec abbiamo sostituito il latte di bufala con un altro alimento, dal momento che era inutile testarli separatamente.<\/p>\n<\/div>\n\t\t\n\t\t\t<div class='ewd-ufaq-faq-custom-fields'>\n\n\t\n<\/div>\n\t\t\n\t\t\t\n\t\t\n\t\t\t\n\t\t\n\t\t\t\n\t\t\n\t\t\t\n\t\t\n\t\t\t<div class='ewd-ufaq-permalink'>\n\t\n\t<a href='https:\/\/imupro.ch\/it\/ufaqs\/mia-moglie-e-mio-figlio-sono-allergici-ai-latticini-per-esempio-ai-prodotti-di-origine-vaccina-siamo-pero-rimasti-entusiasti-dal-latte-di-bufala-usato-per-esempio-in-italia-nella-produzione-di-mozz\/'>\n\t\t\n\t\tPermalink\t\t\t\n\t<\/a>\n\n<\/div>\n\t\t\n\t\t\t\n\t\t\n\t\t\t\n\t\t\n\t<\/div>\n\n<\/div><div  class=\"ewd-ufaq-faq-div ewd-ufaq-faq-column-count-one ewd-ufaq-faq-responsive-columns-1 ewd-ufaq-faq-display-style-default ewd-ufaq-can-be-toggled\" id='ewd-ufaq-post-10479-zygKmuR99E' data-post_id='10479'>\n\n\t\t\n\t<div class='ewd-ufaq-faq-title ewd-ufaq-faq-toggle'>\n\t\n\t<a class='ewd-ufaq-post-margin'  href='#' role=\"button\">\n\n\t\t<div class='ewd-ufaq-post-margin-symbol ewd-ufaq-square'>\n\t\t\t<span >a<\/span>\n\t\t<\/div>\n\n\t\t<div class='ewd-ufaq-faq-title-text'>\n\n\t\t\t<h4>\n\t\t\t\tHo avuto una reazione al caglio vaccino. Questo significa che posso mangiare i formaggi che non contengono caglio?\t\t\t<\/h4>\n\n\t\t<\/div>\n\n\t\t<div class='ewd-ufaq-clear'><\/div>\n\n\t<\/a>\n\t\n<\/div>\n\t\n\t<div class='ewd-ufaq-faq-body ewd-ufaq-hidden' >\n\n\t\t\n\t\t\t\n\t\t\n\t\t\t<div class='ewd-ufaq-post-margin ewd-ufaq-faq-post'>\n\t\n<p class=\"wp-block-paragraph\">Dal momento che entrambi i tipi di formaggio contengono le proteine del latte vaccino ti consigliamo di no.<\/p>\n<\/div>\n\t\t\n\t\t\t<div class='ewd-ufaq-faq-custom-fields'>\n\n\t\n<\/div>\n\t\t\n\t\t\t\n\t\t\n\t\t\t\n\t\t\n\t\t\t\n\t\t\n\t\t\t\n\t\t\n\t\t\t<div class='ewd-ufaq-permalink'>\n\t\n\t<a href='https:\/\/imupro.ch\/it\/ufaqs\/ho-avuto-una-reazione-al-caglio-vaccino-questo-significa-che-posso-mangiare-i-formaggi-che-non-contengono-caglio\/'>\n\t\t\n\t\tPermalink\t\t\t\n\t<\/a>\n\n<\/div>\n\t\t\n\t\t\t\n\t\t\n\t\t\t\n\t\t\n\t<\/div>\n\n<\/div><div  class=\"ewd-ufaq-faq-div ewd-ufaq-faq-column-count-one ewd-ufaq-faq-responsive-columns-1 ewd-ufaq-faq-display-style-default ewd-ufaq-can-be-toggled\" id='ewd-ufaq-post-10481-LSIvtKipit' data-post_id='10481'>\n\n\t\t\n\t<div class='ewd-ufaq-faq-title ewd-ufaq-faq-toggle'>\n\t\n\t<a class='ewd-ufaq-post-margin'  href='#' role=\"button\">\n\n\t\t<div class='ewd-ufaq-post-margin-symbol ewd-ufaq-square'>\n\t\t\t<span >a<\/span>\n\t\t<\/div>\n\n\t\t<div class='ewd-ufaq-faq-title-text'>\n\n\t\t\t<h4>\n\t\t\t\tIl test ImuPro individua se sono intollerante al lattosio?\t\t\t<\/h4>\n\n\t\t<\/div>\n\n\t\t<div class='ewd-ufaq-clear'><\/div>\n\n\t<\/a>\n\t\n<\/div>\n\t\n\t<div class='ewd-ufaq-faq-body ewd-ufaq-hidden' >\n\n\t\t\n\t\t\t\n\t\t\n\t\t\t<div class='ewd-ufaq-post-margin ewd-ufaq-faq-post'>\n\t\n<p class=\"wp-block-paragraph\">L\u2019intolleranza al lattosio \u00e8 una cosa diversa rispetto all\u2019allergia al latte o ai latticini mediata dalle IgG.<\/p>\n\n\n\n<p class=\"wp-block-paragraph\">L\u2019intolleranza al lattosio \u00e8 l\u2019incapacit\u00e0 dell\u2019organismo di digerire il lattosio (lo zucchero presente nel latte) dovuto a una carenza di specifici enzimi.<\/p>\n\n\n\n<p class=\"wp-block-paragraph\">ImuPro non individua l\u2019attivit\u00e0 degli enzimi nell\u2019organismo. Esso individua la produzione di anticorpi IgG specifici per particolari proteine del cibo.<\/p>\n\n\n\n<p class=\"wp-block-paragraph\">Potresti avere un\u2019allergia alimentare di tipo III ai latticini, ma non necessariamente essere intollerante al lattosio o viceversa.<\/p>\n<\/div>\n\t\t\n\t\t\t<div class='ewd-ufaq-faq-custom-fields'>\n\n\t\n<\/div>\n\t\t\n\t\t\t\n\t\t\n\t\t\t\n\t\t\n\t\t\t\n\t\t\n\t\t\t\n\t\t\n\t\t\t<div class='ewd-ufaq-permalink'>\n\t\n\t<a href='https:\/\/imupro.ch\/it\/ufaqs\/il-test-imupro-individua-se-sono-intollerante-al-lattosio\/'>\n\t\t\n\t\tPermalink\t\t\t\n\t<\/a>\n\n<\/div>\n\t\t\n\t\t\t\n\t\t\n\t\t\t\n\t\t\n\t<\/div>\n\n<\/div><div  class=\"ewd-ufaq-faq-div ewd-ufaq-faq-column-count-one ewd-ufaq-faq-responsive-columns-1 ewd-ufaq-faq-display-style-default ewd-ufaq-can-be-toggled\" id='ewd-ufaq-post-10483-qOX8ij66aP' data-post_id='10483'>\n\n\t\t\n\t<div class='ewd-ufaq-faq-title ewd-ufaq-faq-toggle'>\n\t\n\t<a class='ewd-ufaq-post-margin'  href='#' role=\"button\">\n\n\t\t<div class='ewd-ufaq-post-margin-symbol ewd-ufaq-square'>\n\t\t\t<span >a<\/span>\n\t\t<\/div>\n\n\t\t<div class='ewd-ufaq-faq-title-text'>\n\n\t\t\t<h4>\n\t\t\t\tUno dei nostri pazienti sta seguendo una dieta di rotazione. Presentava elevati valori di anticorpi IgG a tutti prodotti derivati dal latte, e si chiede quindi se pu\u00f2 usare dei bagno doccia o shampoo che contengono fra le altre cose burro di karit\u00e8, proteine del latte e lattosio. E\u2019 preoccupata che possano penetrare tramite la pelle. E\u2019 una paura fondata?\t\t\t<\/h4>\n\n\t\t<\/div>\n\n\t\t<div class='ewd-ufaq-clear'><\/div>\n\n\t<\/a>\n\t\n<\/div>\n\t\n\t<div class='ewd-ufaq-faq-body ewd-ufaq-hidden' >\n\n\t\t\n\t\t\t\n\t\t\n\t\t\t<div class='ewd-ufaq-post-margin ewd-ufaq-faq-post'>\n\t\n<p class=\"wp-block-paragraph\">La paura del paziente \u00e8 fondata. Abbiamo osservato che alcuni antigeni possono essere assorbiti dalla pelle. Consigliamo quindi di evitare questi prodotti.<\/p>\n<\/div>\n\t\t\n\t\t\t<div class='ewd-ufaq-faq-custom-fields'>\n\n\t\n<\/div>\n\t\t\n\t\t\t\n\t\t\n\t\t\t\n\t\t\n\t\t\t\n\t\t\n\t\t\t\n\t\t\n\t\t\t<div class='ewd-ufaq-permalink'>\n\t\n\t<a href='https:\/\/imupro.ch\/it\/ufaqs\/uno-dei-nostri-pazienti-sta-seguendo-una-dieta-di-rotazione-presentava-elevati-valori-di-anticorpi-igg-a-tutti-prodotti-derivati-dal-latte-e-si-chiede-quindi-se-puo-usare-dei-bagno-doccia-o-shampoo\/'>\n\t\t\n\t\tPermalink\t\t\t\n\t<\/a>\n\n<\/div>\n\t\t\n\t\t\t\n\t\t\n\t\t\t\n\t\t\n\t<\/div>\n\n<\/div><div  class=\"ewd-ufaq-faq-div ewd-ufaq-faq-column-count-one ewd-ufaq-faq-responsive-columns-1 ewd-ufaq-faq-display-style-default ewd-ufaq-can-be-toggled\" id='ewd-ufaq-post-10485-cknzcqZMj2' data-post_id='10485'>\n\n\t\t\n\t<div class='ewd-ufaq-faq-title ewd-ufaq-faq-toggle'>\n\t\n\t<a class='ewd-ufaq-post-margin'  href='#' role=\"button\">\n\n\t\t<div class='ewd-ufaq-post-margin-symbol ewd-ufaq-square'>\n\t\t\t<span >a<\/span>\n\t\t<\/div>\n\n\t\t<div class='ewd-ufaq-faq-title-text'>\n\n\t\t\t<h4>\n\t\t\t\tHalloumi \u00e8 un formaggio prodotto con latte di capra e di pecora. Come mai questo tipo di formaggio \u00e8 testato singolarmente, visto che ImuPro analizza gi\u00e0 singolarmente il latte di capra e quello di pecora?\t\t\t<\/h4>\n\n\t\t<\/div>\n\n\t\t<div class='ewd-ufaq-clear'><\/div>\n\n\t<\/a>\n\t\n<\/div>\n\t\n\t<div class='ewd-ufaq-faq-body ewd-ufaq-hidden' >\n\n\t\t\n\t\t\t\n\t\t\n\t\t\t<div class='ewd-ufaq-post-margin ewd-ufaq-faq-post'>\n\t\n<p class=\"wp-block-paragraph\">Halloumi \u00e8 un formaggio speciale dal momento che il latte usato per la sua produzione viene cucinato in diversi passaggi e per lungo tempo oltre i 90\u00b0C. Durante questo processo, il latte usato (anche il latte vaccino) perder\u00e0 parte della sua specificit\u00e0 antigenica e ci\u00f2 render\u00e0 questo formaggio pi\u00f9 digeribile per i pazienti che sono affetti da un\u2019allergia al latte. Questo aspetto \u00e8 stato osservato da un professore turco e da un suo paziente affetto dal mordo di Crohn, all\u2019universit\u00e0 di Istanbul. Il suo paziente tollerava il formaggio Halloumi e non altri tipi di formaggio. Soltanto quando l\u2019anticorpo viene indirizzato all\u2019epitopo resistente al calore, si pu\u00f2 sviluppare una reazione allergica al Halloumi. Per questa ragione abbiamo deciso di testare il formaggio Halloumi, per fornire una possibile alternativa ai pazienti affetti dall\u2019allergia al latte.<\/p>\n<\/div>\n\t\t\n\t\t\t<div class='ewd-ufaq-faq-custom-fields'>\n\n\t\n<\/div>\n\t\t\n\t\t\t\n\t\t\n\t\t\t\n\t\t\n\t\t\t\n\t\t\n\t\t\t\n\t\t\n\t\t\t<div class='ewd-ufaq-permalink'>\n\t\n\t<a href='https:\/\/imupro.ch\/it\/ufaqs\/halloumi-e-un-formaggio-prodotto-con-latte-di-capra-e-di-pecora-come-mai-questo-tipo-di-formaggio-e-testato-singolarmente-visto-che-imupro-analizza-gia-singolarmente-il-latte-di-capra-e-quello-di-pe\/'>\n\t\t\n\t\tPermalink\t\t\t\n\t<\/a>\n\n<\/div>\n\t\t\n\t\t\t\n\t\t\n\t\t\t\n\t\t\n\t<\/div>\n\n<\/div><\/div>\n\n<\/div>\n<div id='ewd-ufaq-faq-category-05-cereali-glutine-vs-intolleranza-al-grano' class='ewd-ufaq-faq-category'>\n\t\n\t<div class='ewd-ufaq-faq-category-title ewd-ufaq-faq-category-title-toggle' tabindex=\"0\" >\n\t\t\n\t\t<h4 title=\"Click here to open 5. Cereali, glutine vs intolleranza al grano\">\n\t\t\t5. Cereali, glutine vs intolleranza al grano\t\t\t\t\t<\/h4>\n\n\t\t\t\n\t<\/div>\n\t\n\t<div class='ewd-ufaq-faq-category-inner ewd-ufaq-faq-category-body-hidden' >\n<div  class=\"ewd-ufaq-faq-div ewd-ufaq-faq-column-count-one ewd-ufaq-faq-responsive-columns-1 ewd-ufaq-faq-display-style-default ewd-ufaq-can-be-toggled\" id='ewd-ufaq-post-10487-SWnqU2wTCX' data-post_id='10487'>\n\n\t\t\n\t<div class='ewd-ufaq-faq-title ewd-ufaq-faq-toggle'>\n\t\n\t<a class='ewd-ufaq-post-margin'  href='#' role=\"button\">\n\n\t\t<div class='ewd-ufaq-post-margin-symbol ewd-ufaq-square'>\n\t\t\t<span >a<\/span>\n\t\t<\/div>\n\n\t\t<div class='ewd-ufaq-faq-title-text'>\n\n\t\t\t<h4>\n\t\t\t\tQual \u00e8 l\u2019antigene usato nel grano o nel kamut? Alcuni pazienti reagiscono a questi cereali ma non al glutine.\t\t\t<\/h4>\n\n\t\t<\/div>\n\n\t\t<div class='ewd-ufaq-clear'><\/div>\n\n\t<\/a>\n\t\n<\/div>\n\t\n\t<div class='ewd-ufaq-faq-body ewd-ufaq-hidden' >\n\n\t\t\n\t\t\t\n\t\t\n\t\t\t<div class='ewd-ufaq-post-margin ewd-ufaq-faq-post'>\n\t\n<p class=\"wp-block-paragraph\">Gli estratti di cereali contengono solamente proteine idro solubili mentre il glutine \u00e8 solamente solubile in alcool \u2013 questo significa che gli estratti di cereali contengono proteine specifiche del cereale e non il glutine. La conseguenza: se il paziente non mostra una reazione al glutine ma reagisce a differenti tipi di farina allora \u00e8 intollerante alle proteine specifiche della farina. Questo \u00e8 abbastanza raro. Se ci fosse un caso del genere, il paziente dovrebbe eliminare tutte le farine in questione anche se non \u00e8 stata riscontrata l\u2019intolleranza al glutine.<\/p>\n<\/div>\n\t\t\n\t\t\t<div class='ewd-ufaq-faq-custom-fields'>\n\n\t\n<\/div>\n\t\t\n\t\t\t\n\t\t\n\t\t\t\n\t\t\n\t\t\t\n\t\t\n\t\t\t\n\t\t\n\t\t\t<div class='ewd-ufaq-permalink'>\n\t\n\t<a href='https:\/\/imupro.ch\/it\/ufaqs\/qual-e-lantigene-usato-nel-grano-o-nel-kamut-alcuni-pazienti-reagiscono-a-questi-cereali-ma-non-al-glutine\/'>\n\t\t\n\t\tPermalink\t\t\t\n\t<\/a>\n\n<\/div>\n\t\t\n\t\t\t\n\t\t\n\t\t\t\n\t\t\n\t<\/div>\n\n<\/div><div  class=\"ewd-ufaq-faq-div ewd-ufaq-faq-column-count-one ewd-ufaq-faq-responsive-columns-1 ewd-ufaq-faq-display-style-default ewd-ufaq-can-be-toggled\" id='ewd-ufaq-post-10489-WkzHNZWs5R' data-post_id='10489'>\n\n\t\t\n\t<div class='ewd-ufaq-faq-title ewd-ufaq-faq-toggle'>\n\t\n\t<a class='ewd-ufaq-post-margin'  href='#' role=\"button\">\n\n\t\t<div class='ewd-ufaq-post-margin-symbol ewd-ufaq-square'>\n\t\t\t<span >a<\/span>\n\t\t<\/div>\n\n\t\t<div class='ewd-ufaq-faq-title-text'>\n\n\t\t\t<h4>\n\t\t\t\tCome \u00e8 possibile avere un\u2019intolleranza al grano e non al glutine?\t\t\t<\/h4>\n\n\t\t<\/div>\n\n\t\t<div class='ewd-ufaq-clear'><\/div>\n\n\t<\/a>\n\t\n<\/div>\n\t\n\t<div class='ewd-ufaq-faq-body ewd-ufaq-hidden' >\n\n\t\t\n\t\t\t\n\t\t\n\t\t\t<div class='ewd-ufaq-post-margin ewd-ufaq-faq-post'>\n\t\n<p class=\"wp-block-paragraph\">Il fatto che il grano risulti positivo al test e il glutine risulti negativo \u00e8 un fatto piuttosto normale. Le proteine del grano sono formate da proteine specifiche del grano e proteine specifiche del glutine. Dal momento che il glutine non \u00e8 idrosolubile, dobbiamo estrarre il glutine con l\u2019alcool e testare il glutine in un contenitore a parte. Questo contenitore non contiene le proteine idrosolubili del grano. Cos\u00ec come il contenitore del grano non contiene la molecola del glutine. Quindi vengono svolti due test completamente distinti e quindi \u00e8 possibile essere sensibili a uno, all\u2019altro o a entrambi. Nel primo caso, soltanto un allergene (glutine o grano) risulta positivo nel secondo caso invece sia il grano che il glutine risultano positivi.<\/p>\n<\/div>\n\t\t\n\t\t\t<div class='ewd-ufaq-faq-custom-fields'>\n\n\t\n<\/div>\n\t\t\n\t\t\t\n\t\t\n\t\t\t\n\t\t\n\t\t\t\n\t\t\n\t\t\t\n\t\t\n\t\t\t<div class='ewd-ufaq-permalink'>\n\t\n\t<a href='https:\/\/imupro.ch\/it\/ufaqs\/come-e-possibile-avere-unintolleranza-al-grano-e-non-al-glutine\/'>\n\t\t\n\t\tPermalink\t\t\t\n\t<\/a>\n\n<\/div>\n\t\t\n\t\t\t\n\t\t\n\t\t\t\n\t\t\n\t<\/div>\n\n<\/div><div  class=\"ewd-ufaq-faq-div ewd-ufaq-faq-column-count-one ewd-ufaq-faq-responsive-columns-1 ewd-ufaq-faq-display-style-default ewd-ufaq-can-be-toggled\" id='ewd-ufaq-post-10491-o1C3JDyufu' data-post_id='10491'>\n\n\t\t\n\t<div class='ewd-ufaq-faq-title ewd-ufaq-faq-toggle'>\n\t\n\t<a class='ewd-ufaq-post-margin'  href='#' role=\"button\">\n\n\t\t<div class='ewd-ufaq-post-margin-symbol ewd-ufaq-square'>\n\t\t\t<span >a<\/span>\n\t\t<\/div>\n\n\t\t<div class='ewd-ufaq-faq-title-text'>\n\n\t\t\t<h4>\n\t\t\t\tIl grano duro non viene testato Esso viene usato per produrre la pasta italiana (spaghetti etc..) molto diffusa. Come posso interpretare, per esempio, i risultati dei cereali per trarre una conclusione sul grano duro?\t\t\t<\/h4>\n\n\t\t<\/div>\n\n\t\t<div class='ewd-ufaq-clear'><\/div>\n\n\t<\/a>\n\t\n<\/div>\n\t\n\t<div class='ewd-ufaq-faq-body ewd-ufaq-hidden' >\n\n\t\t\n\t\t\t\n\t\t\n\t\t\t<div class='ewd-ufaq-post-margin ewd-ufaq-faq-post'>\n\t\n<p class=\"wp-block-paragraph\">Il grano duro reagisce esattamente come il grano normale. Le specie differenti di grano hanno gli stessi antigeni principali. Ci\u00f2 che li distingue principalmente sono determinate proteine e gli enzimi o il tipo di amido. Puoi essere certo che il risultato del test per il glutine e per le proteine specifiche del grano \u00e8 valido anche per il grano duro.<\/p>\n<\/div>\n\t\t\n\t\t\t<div class='ewd-ufaq-faq-custom-fields'>\n\n\t\n<\/div>\n\t\t\n\t\t\t\n\t\t\n\t\t\t\n\t\t\n\t\t\t\n\t\t\n\t\t\t\n\t\t\n\t\t\t<div class='ewd-ufaq-permalink'>\n\t\n\t<a href='https:\/\/imupro.ch\/it\/ufaqs\/il-grano-duro-non-viene-testato-esso-viene-usato-per-produrre-la-pasta-italiana-spaghetti-etc-molto-diffusa-come-posso-interpretare-per-esempio-i-risultati-dei-cereali-per-trarre-una-conclusion\/'>\n\t\t\n\t\tPermalink\t\t\t\n\t<\/a>\n\n<\/div>\n\t\t\n\t\t\t\n\t\t\n\t\t\t\n\t\t\n\t<\/div>\n\n<\/div><\/div>\n\n<\/div>\n<div id='ewd-ufaq-faq-category-06-uova-e-lievito' class='ewd-ufaq-faq-category'>\n\t\n\t<div class='ewd-ufaq-faq-category-title ewd-ufaq-faq-category-title-toggle' tabindex=\"0\" >\n\t\t\n\t\t<h4 title=\"Click here to open 6. Uova e lievito\">\n\t\t\t6. Uova e lievito\t\t\t\t\t<\/h4>\n\n\t\t\t\n\t<\/div>\n\t\n\t<div class='ewd-ufaq-faq-category-inner ewd-ufaq-faq-category-body-hidden' >\n<div  class=\"ewd-ufaq-faq-div ewd-ufaq-faq-column-count-one ewd-ufaq-faq-responsive-columns-1 ewd-ufaq-faq-display-style-default ewd-ufaq-can-be-toggled\" id='ewd-ufaq-post-10493-lHccsWHNLq' data-post_id='10493'>\n\n\t\t\n\t<div class='ewd-ufaq-faq-title ewd-ufaq-faq-toggle'>\n\t\n\t<a class='ewd-ufaq-post-margin'  href='#' role=\"button\">\n\n\t\t<div class='ewd-ufaq-post-margin-symbol ewd-ufaq-square'>\n\t\t\t<span >a<\/span>\n\t\t<\/div>\n\n\t\t<div class='ewd-ufaq-faq-title-text'>\n\n\t\t\t<h4>\n\t\t\t\tCosa bisogna evitare in caso di reazione alle proteine delle uova?\t\t\t<\/h4>\n\n\t\t<\/div>\n\n\t\t<div class='ewd-ufaq-clear'><\/div>\n\n\t<\/a>\n\t\n<\/div>\n\t\n\t<div class='ewd-ufaq-faq-body ewd-ufaq-hidden' >\n\n\t\t\n\t\t\t\n\t\t\n\t\t\t<div class='ewd-ufaq-post-margin ewd-ufaq-faq-post'>\n\t\n<p class=\"wp-block-paragraph\">Tutti i prodotti che contengono l\u2019albume. L\u2019albume \u00e8 presente in un numero piuttosto elevato di alimenti. Le proteine dell\u2019albume si possono nascondere sotto diversi nomi: chiara d\u2019uovo, ovoalbumina, livetina, albumina, lisozima, E 1105, globulina, ovomucoide, lecitina, E233.<\/p>\n\n\n\n<p class=\"wp-block-paragraph\">Se devi evitare l\u2019albume, puoi ottenere l\u2019effetto legante mescolando 1 cucchiaio di farina di soia, con 2 cucchiai di acqua e impastare. In caso di allergia ai germogli di soia, la farina di soia pu\u00f2 essere sostituita con la farina di mais, la fecola di patate da quella di riso. Prestare attenzione al vino che pu\u00f2 contenere tracce di albume.<\/p>\n<\/div>\n\t\t\n\t\t\t<div class='ewd-ufaq-faq-custom-fields'>\n\n\t\n<\/div>\n\t\t\n\t\t\t\n\t\t\n\t\t\t\n\t\t\n\t\t\t\n\t\t\n\t\t\t\n\t\t\n\t\t\t<div class='ewd-ufaq-permalink'>\n\t\n\t<a href='https:\/\/imupro.ch\/it\/ufaqs\/cosa-bisogna-evitare-in-caso-di-reazione-alle-proteine-delle-uova\/'>\n\t\t\n\t\tPermalink\t\t\t\n\t<\/a>\n\n<\/div>\n\t\t\n\t\t\t\n\t\t\n\t\t\t\n\t\t\n\t<\/div>\n\n<\/div><div  class=\"ewd-ufaq-faq-div ewd-ufaq-faq-column-count-one ewd-ufaq-faq-responsive-columns-1 ewd-ufaq-faq-display-style-default ewd-ufaq-can-be-toggled\" id='ewd-ufaq-post-10495-wZgDzGykDT' data-post_id='10495'>\n\n\t\t\n\t<div class='ewd-ufaq-faq-title ewd-ufaq-faq-toggle'>\n\t\n\t<a class='ewd-ufaq-post-margin'  href='#' role=\"button\">\n\n\t\t<div class='ewd-ufaq-post-margin-symbol ewd-ufaq-square'>\n\t\t\t<span >a<\/span>\n\t\t<\/div>\n\n\t\t<div class='ewd-ufaq-faq-title-text'>\n\n\t\t\t<h4>\n\t\t\t\tUn nostro paziente \u00e8 risultato positivo al lievito. Nelle raccomandazioni suggeriamo che una possibile alternativa potrebbe essere il lievito naturale. Ci chiede: come pu\u00f2 avvenire ci\u00f2 se durante la fermentazione viene prodotto lievito? Non \u00e8 cos\u00ec anche per l\u2019aceto?\t\t\t<\/h4>\n\n\t\t<\/div>\n\n\t\t<div class='ewd-ufaq-clear'><\/div>\n\n\t<\/a>\n\t\n<\/div>\n\t\n\t<div class='ewd-ufaq-faq-body ewd-ufaq-hidden' >\n\n\t\t\n\t\t\t\n\t\t\n\t\t\t<div class='ewd-ufaq-post-margin ewd-ufaq-faq-post'>\n\t\n<p class=\"wp-block-paragraph\">La fermentazione del lievito naturale \u00e8 svolta principalmente dai lactobacilli, un ceppo di batteri, e difficilmente da altri lieviti. Cos\u00ec se non vengono fatte aggiunte ai prodotti da forno, il pane lievitato naturalmente non contiene una quantit\u00e0 elevata di lievito. La fermentazione dell\u2019aceto \u00e8 simile, infatti la fermentazione finale dell\u2019aceto \u00e8 svolta dai batteri, per lo pi\u00f9 da batteri acido acetici e provoca un\u2019elevata percentuale di alcol e non di lievito. L\u2019aceto prodotto industrialmente contiene raramente agenti lievitanti; potrebbe essere che l\u2019aceto artigianale contenga una quantit\u00e0 maggiore di lievito.<\/p>\n<\/div>\n\t\t\n\t\t\t<div class='ewd-ufaq-faq-custom-fields'>\n\n\t\n<\/div>\n\t\t\n\t\t\t\n\t\t\n\t\t\t\n\t\t\n\t\t\t\n\t\t\n\t\t\t\n\t\t\n\t\t\t<div class='ewd-ufaq-permalink'>\n\t\n\t<a href='https:\/\/imupro.ch\/it\/ufaqs\/un-nostro-paziente-e-risultato-positivo-al-lievito-nelle-raccomandazioni-suggeriamo-che-una-possibile-alternativa-potrebbe-essere-il-lievito-naturale-ci-chiede-come-puo-avvenire-cio-se-durante-la-f\/'>\n\t\t\n\t\tPermalink\t\t\t\n\t<\/a>\n\n<\/div>\n\t\t\n\t\t\t\n\t\t\n\t\t\t\n\t\t\n\t<\/div>\n\n<\/div><\/div>\n\n<\/div>\n<div id='ewd-ufaq-faq-category-07-reazioni-agli-alimenti-mai-mangiati-e-reazione-crociata' class='ewd-ufaq-faq-category'>\n\t\n\t<div class='ewd-ufaq-faq-category-title ewd-ufaq-faq-category-title-toggle' tabindex=\"0\" >\n\t\t\n\t\t<h4 title=\"Click here to open 7. Reazioni agli alimenti mai mangiati e reazione crociata\">\n\t\t\t7. Reazioni agli alimenti mai mangiati e reazione crociata\t\t\t\t\t<\/h4>\n\n\t\t\t\n\t<\/div>\n\t\n\t<div class='ewd-ufaq-faq-category-inner ewd-ufaq-faq-category-body-hidden' >\n<div  class=\"ewd-ufaq-faq-div ewd-ufaq-faq-column-count-one ewd-ufaq-faq-responsive-columns-1 ewd-ufaq-faq-display-style-default ewd-ufaq-can-be-toggled\" id='ewd-ufaq-post-10497-Oc7JXbxmBL' data-post_id='10497'>\n\n\t\t\n\t<div class='ewd-ufaq-faq-title ewd-ufaq-faq-toggle'>\n\t\n\t<a class='ewd-ufaq-post-margin'  href='#' role=\"button\">\n\n\t\t<div class='ewd-ufaq-post-margin-symbol ewd-ufaq-square'>\n\t\t\t<span >a<\/span>\n\t\t<\/div>\n\n\t\t<div class='ewd-ufaq-faq-title-text'>\n\n\t\t\t<h4>\n\t\t\t\tHo avuto una reazione al limone. Devo evitare l\u2019acido citrico?\t\t\t<\/h4>\n\n\t\t<\/div>\n\n\t\t<div class='ewd-ufaq-clear'><\/div>\n\n\t<\/a>\n\t\n<\/div>\n\t\n\t<div class='ewd-ufaq-faq-body ewd-ufaq-hidden' >\n\n\t\t\n\t\t\t\n\t\t\n\t\t\t<div class='ewd-ufaq-post-margin ewd-ufaq-faq-post'>\n\t\n<p class=\"wp-block-paragraph\">No, dal momento che l\u2019acido citrico \u00e8 una singola molecola prodotta chimicamente. Hai avuto una reazione alle proteine contenute nel limone.<\/p>\n<\/div>\n\t\t\n\t\t\t<div class='ewd-ufaq-faq-custom-fields'>\n\n\t\n<\/div>\n\t\t\n\t\t\t\n\t\t\n\t\t\t\n\t\t\n\t\t\t\n\t\t\n\t\t\t\n\t\t\n\t\t\t<div class='ewd-ufaq-permalink'>\n\t\n\t<a href='https:\/\/imupro.ch\/it\/ufaqs\/ho-avuto-una-reazione-al-limone-devo-evitare-lacido-citrico\/'>\n\t\t\n\t\tPermalink\t\t\t\n\t<\/a>\n\n<\/div>\n\t\t\n\t\t\t\n\t\t\n\t\t\t\n\t\t\n\t<\/div>\n\n<\/div><div  class=\"ewd-ufaq-faq-div ewd-ufaq-faq-column-count-one ewd-ufaq-faq-responsive-columns-1 ewd-ufaq-faq-display-style-default ewd-ufaq-can-be-toggled\" id='ewd-ufaq-post-10499-3wcUeBjBxa' data-post_id='10499'>\n\n\t\t\n\t<div class='ewd-ufaq-faq-title ewd-ufaq-faq-toggle'>\n\t\n\t<a class='ewd-ufaq-post-margin'  href='#' role=\"button\">\n\n\t\t<div class='ewd-ufaq-post-margin-symbol ewd-ufaq-square'>\n\t\t\t<span >a<\/span>\n\t\t<\/div>\n\n\t\t<div class='ewd-ufaq-faq-title-text'>\n\n\t\t\t<h4>\n\t\t\t\tHo avuto una reazione alla vaniglia. Devo evitare la vanillina?\t\t\t<\/h4>\n\n\t\t<\/div>\n\n\t\t<div class='ewd-ufaq-clear'><\/div>\n\n\t<\/a>\n\t\n<\/div>\n\t\n\t<div class='ewd-ufaq-faq-body ewd-ufaq-hidden' >\n\n\t\t\n\t\t\t\n\t\t\n\t\t\t<div class='ewd-ufaq-post-margin ewd-ufaq-faq-post'>\n\t\n<p class=\"wp-block-paragraph\">No. La vanillina \u00e8 una farina prodotta chimicamente e ha una composizione differente.<\/p>\n<\/div>\n\t\t\n\t\t\t<div class='ewd-ufaq-faq-custom-fields'>\n\n\t\n<\/div>\n\t\t\n\t\t\t\n\t\t\n\t\t\t\n\t\t\n\t\t\t\n\t\t\n\t\t\t\n\t\t\n\t\t\t<div class='ewd-ufaq-permalink'>\n\t\n\t<a href='https:\/\/imupro.ch\/it\/ufaqs\/ho-avuto-una-reazione-alla-vaniglia-devo-evitare-la-vanillina\/'>\n\t\t\n\t\tPermalink\t\t\t\n\t<\/a>\n\n<\/div>\n\t\t\n\t\t\t\n\t\t\n\t\t\t\n\t\t\n\t<\/div>\n\n<\/div><div  class=\"ewd-ufaq-faq-div ewd-ufaq-faq-column-count-one ewd-ufaq-faq-responsive-columns-1 ewd-ufaq-faq-display-style-default ewd-ufaq-can-be-toggled\" id='ewd-ufaq-post-10501-jEdvBWzKKh' data-post_id='10501'>\n\n\t\t\n\t<div class='ewd-ufaq-faq-title ewd-ufaq-faq-toggle'>\n\t\n\t<a class='ewd-ufaq-post-margin'  href='#' role=\"button\">\n\n\t\t<div class='ewd-ufaq-post-margin-symbol ewd-ufaq-square'>\n\t\t\t<span >a<\/span>\n\t\t<\/div>\n\n\t\t<div class='ewd-ufaq-faq-title-text'>\n\n\t\t\t<h4>\n\t\t\t\tCosa devo fare in caso di improvvisa voglia di un determinato alimento?\t\t\t<\/h4>\n\n\t\t<\/div>\n\n\t\t<div class='ewd-ufaq-clear'><\/div>\n\n\t<\/a>\n\t\n<\/div>\n\t\n\t<div class='ewd-ufaq-faq-body ewd-ufaq-hidden' >\n\n\t\t\n\t\t\t\n\t\t\n\t\t\t<div class='ewd-ufaq-post-margin ewd-ufaq-faq-post'>\n\t\n<p class=\"wp-block-paragraph\">La relazione fra allergia e la voglia improvvisa di un determinato alimento \u00e8 conosciuta. Quando ti capita una voglia improvvisa prova a resistere. Questi episodi generalmente si verificano dopo 3\/5 giorni. Alcune distrazioni possono essere utili. Per esempio prova profumi piacevoli o oli essenziali per la pelle.<\/p>\n<\/div>\n\t\t\n\t\t\t<div class='ewd-ufaq-faq-custom-fields'>\n\n\t\n<\/div>\n\t\t\n\t\t\t\n\t\t\n\t\t\t\n\t\t\n\t\t\t\n\t\t\n\t\t\t\n\t\t\n\t\t\t<div class='ewd-ufaq-permalink'>\n\t\n\t<a href='https:\/\/imupro.ch\/it\/ufaqs\/cosa-devo-fare-in-caso-di-improvvisa-voglia-di-un-determinato-alimento\/'>\n\t\t\n\t\tPermalink\t\t\t\n\t<\/a>\n\n<\/div>\n\t\t\n\t\t\t\n\t\t\n\t\t\t\n\t\t\n\t<\/div>\n\n<\/div><div  class=\"ewd-ufaq-faq-div ewd-ufaq-faq-column-count-one ewd-ufaq-faq-responsive-columns-1 ewd-ufaq-faq-display-style-default ewd-ufaq-can-be-toggled\" id='ewd-ufaq-post-10503-ROczHAQyPL' data-post_id='10503'>\n\n\t\t\n\t<div class='ewd-ufaq-faq-title ewd-ufaq-faq-toggle'>\n\t\n\t<a class='ewd-ufaq-post-margin'  href='#' role=\"button\">\n\n\t\t<div class='ewd-ufaq-post-margin-symbol ewd-ufaq-square'>\n\t\t\t<span >a<\/span>\n\t\t<\/div>\n\n\t\t<div class='ewd-ufaq-faq-title-text'>\n\n\t\t\t<h4>\n\t\t\t\tPosso mangiare i dolci?\t\t\t<\/h4>\n\n\t\t<\/div>\n\n\t\t<div class='ewd-ufaq-clear'><\/div>\n\n\t<\/a>\n\t\n<\/div>\n\t\n\t<div class='ewd-ufaq-faq-body ewd-ufaq-hidden' >\n\n\t\t\n\t\t\t\n\t\t\n\t\t\t<div class='ewd-ufaq-post-margin ewd-ufaq-faq-post'>\n\t\n<p class=\"wp-block-paragraph\">Potresti e dovresti. Attieniti comunque al piano di rotazione. Scegli per esempio biscotti con farina di granoturco se stai usando il granoturco in quel giorno o cracker di farro nel \u201cgiorno del farro\u201d. Dovresti evitare comunque i dolci prodotti industrialmente come il cioccolato o le torte.<\/p>\n<\/div>\n\t\t\n\t\t\t<div class='ewd-ufaq-faq-custom-fields'>\n\n\t\n<\/div>\n\t\t\n\t\t\t\n\t\t\n\t\t\t\n\t\t\n\t\t\t\n\t\t\n\t\t\t\n\t\t\n\t\t\t<div class='ewd-ufaq-permalink'>\n\t\n\t<a href='https:\/\/imupro.ch\/it\/ufaqs\/posso-mangiare-i-dolci\/'>\n\t\t\n\t\tPermalink\t\t\t\n\t<\/a>\n\n<\/div>\n\t\t\n\t\t\t\n\t\t\n\t\t\t\n\t\t\n\t<\/div>\n\n<\/div><div  class=\"ewd-ufaq-faq-div ewd-ufaq-faq-column-count-one ewd-ufaq-faq-responsive-columns-1 ewd-ufaq-faq-display-style-default ewd-ufaq-can-be-toggled\" id='ewd-ufaq-post-10505-vFZhTmhixq' data-post_id='10505'>\n\n\t\t\n\t<div class='ewd-ufaq-faq-title ewd-ufaq-faq-toggle'>\n\t\n\t<a class='ewd-ufaq-post-margin'  href='#' role=\"button\">\n\n\t\t<div class='ewd-ufaq-post-margin-symbol ewd-ufaq-square'>\n\t\t\t<span >a<\/span>\n\t\t<\/div>\n\n\t\t<div class='ewd-ufaq-faq-title-text'>\n\n\t\t\t<h4>\n\t\t\t\tUn paziente ha avuto una reazione al miele (miscela). Cosa si intende per miscela?\t\t\t<\/h4>\n\n\t\t<\/div>\n\n\t\t<div class='ewd-ufaq-clear'><\/div>\n\n\t<\/a>\n\t\n<\/div>\n\t\n\t<div class='ewd-ufaq-faq-body ewd-ufaq-hidden' >\n\n\t\t\n\t\t\t\n\t\t\n\t\t\t<div class='ewd-ufaq-post-margin ewd-ufaq-faq-post'>\n\t\n<p class=\"wp-block-paragraph\">Miscela di miele significa che ImuPro non testa una singola produzione di miele che proviene da una specifica pianta. Esistono numerose variet\u00e0 di miele, spesso anche a livello locale. Cos\u00ec abbiamo optato per un \u201cmiele generico\u201d che puoi comprare al supermercato. Questi mieli provengono dal nettare di differenti colonie di api provenienti da diversi fiori e piante. Dunque \u00e8 chiamato miele (miscela). Quindi il paziente dovrebbe evitare qualsiasi miele per il tempo raccomandato.<\/p>\n<\/div>\n\t\t\n\t\t\t<div class='ewd-ufaq-faq-custom-fields'>\n\n\t\n<\/div>\n\t\t\n\t\t\t\n\t\t\n\t\t\t\n\t\t\n\t\t\t\n\t\t\n\t\t\t\n\t\t\n\t\t\t<div class='ewd-ufaq-permalink'>\n\t\n\t<a href='https:\/\/imupro.ch\/it\/ufaqs\/un-paziente-ha-avuto-una-reazione-al-miele-miscela-cosa-si-intende-per-miscela\/'>\n\t\t\n\t\tPermalink\t\t\t\n\t<\/a>\n\n<\/div>\n\t\t\n\t\t\t\n\t\t\n\t\t\t\n\t\t\n\t<\/div>\n\n<\/div><div  class=\"ewd-ufaq-faq-div ewd-ufaq-faq-column-count-one ewd-ufaq-faq-responsive-columns-1 ewd-ufaq-faq-display-style-default ewd-ufaq-can-be-toggled\" id='ewd-ufaq-post-10507-UavsCvWk5m' data-post_id='10507'>\n\n\t\t\n\t<div class='ewd-ufaq-faq-title ewd-ufaq-faq-toggle'>\n\t\n\t<a class='ewd-ufaq-post-margin'  href='#' role=\"button\">\n\n\t\t<div class='ewd-ufaq-post-margin-symbol ewd-ufaq-square'>\n\t\t\t<span >a<\/span>\n\t\t<\/div>\n\n\t\t<div class='ewd-ufaq-faq-title-text'>\n\n\t\t\t<h4>\n\t\t\t\tHo avuto una reazione positiva ai tannini. Quali alimenti devo evitare?\t\t\t<\/h4>\n\n\t\t<\/div>\n\n\t\t<div class='ewd-ufaq-clear'><\/div>\n\n\t<\/a>\n\t\n<\/div>\n\t\n\t<div class='ewd-ufaq-faq-body ewd-ufaq-hidden' >\n\n\t\t\n\t\t\t\n\t\t\n\t\t\t<div class='ewd-ufaq-post-margin ewd-ufaq-faq-post'>\n\t\n<p class=\"wp-block-paragraph\">Il tannino che usiamo nel nostro test e l\u2019acido tannico sintetico. La parola tannino fa riferimento ad un ampio gruppo di sostanze e non riguarda quindi una particolare alimento, pianta o alto. Dal momento che il tannino ha bassa solubilit\u00e0 in acqua, la quantit\u00e0 di tannino negli estratti dei nostri alimenti testati non \u00e8 elevata e varia anche in basa al livello di maturazione della frutta. Non si pu\u00f2 mettere in relazione o correlazione la reazione al tannino a una reazione positiva ad un alimento contente il tannino. La sensibilit\u00e0 all\u2019acido tannico dipende maggiormente dall\u2019esposizione all\u2019acido tannico aggiunto nei medicinali, nelle creme o negli alimenti lavorati. Il nostro consiglio \u00e8 comunque quello di ridurre alimenti ricchi di tannino. Il rischio a reazioni avverse \u00e8 pi\u00f9 probabile nei pazienti che assumono prodotti con aggiunta di acido tannico piuttosto che quelli che assumono alimenti contenti il tannino presente naturalmente.<\/p>\n<\/div>\n\t\t\n\t\t\t<div class='ewd-ufaq-faq-custom-fields'>\n\n\t\n<\/div>\n\t\t\n\t\t\t\n\t\t\n\t\t\t\n\t\t\n\t\t\t\n\t\t\n\t\t\t\n\t\t\n\t\t\t<div class='ewd-ufaq-permalink'>\n\t\n\t<a href='https:\/\/imupro.ch\/it\/ufaqs\/ho-avuto-una-reazione-positiva-ai-tannini-quali-alimenti-devo-evitare\/'>\n\t\t\n\t\tPermalink\t\t\t\n\t<\/a>\n\n<\/div>\n\t\t\n\t\t\t\n\t\t\n\t\t\t\n\t\t\n\t<\/div>\n\n<\/div><div  class=\"ewd-ufaq-faq-div ewd-ufaq-faq-column-count-one ewd-ufaq-faq-responsive-columns-1 ewd-ufaq-faq-display-style-default ewd-ufaq-can-be-toggled\" id='ewd-ufaq-post-10509-MX8wf1gLgw' data-post_id='10509'>\n\n\t\t\n\t<div class='ewd-ufaq-faq-title ewd-ufaq-faq-toggle'>\n\t\n\t<a class='ewd-ufaq-post-margin'  href='#' role=\"button\">\n\n\t\t<div class='ewd-ufaq-post-margin-symbol ewd-ufaq-square'>\n\t\t\t<span >a<\/span>\n\t\t<\/div>\n\n\t\t<div class='ewd-ufaq-faq-title-text'>\n\n\t\t\t<h4>\n\t\t\t\tHo una domanda in merito al fungo \u201cAspergiullus Niger\u201d. Cosa se succede se il fungo viene debellato dal cibo congelandolo, o portandolo alla temperatura di ebollizione, per un certo periodo di tempo? I principali alimenti che mi vengono in mente sono: noci, semi e frutta secca.\t\t\t<\/h4>\n\n\t\t<\/div>\n\n\t\t<div class='ewd-ufaq-clear'><\/div>\n\n\t<\/a>\n\t\n<\/div>\n\t\n\t<div class='ewd-ufaq-faq-body ewd-ufaq-hidden' >\n\n\t\t\n\t\t\t\n\t\t\n\t\t\t<div class='ewd-ufaq-post-margin ewd-ufaq-faq-post'>\n\t\n<p class=\"wp-block-paragraph\">L\u2019aspergillus \u00e8 una muffa, e forma le spore. Esse sono molto resistenti al caldo, al freddo e al clima secco. Possono sopravvivere per un lungo periodo in condizioni molto rigide. Congelarle non risolve niente, anzi pu\u00f2 peggiorare la situazione. Portarlo alla temperatura di ebollizione per almeno 30 minuti pu\u00f2 uccidere tutto, ma non le spore. Dopo il raffreddamento le spore potrebbero germinare. Per ucciderle bisogna sterilizzarle, che significa portarle a 125\u00b0 C con pressione elevata. Quindi il metodo pi\u00f9 facile \u00e8 eliminare questi alimenti.<\/p>\n<\/div>\n\t\t\n\t\t\t<div class='ewd-ufaq-faq-custom-fields'>\n\n\t\n<\/div>\n\t\t\n\t\t\t\n\t\t\n\t\t\t\n\t\t\n\t\t\t\n\t\t\n\t\t\t\n\t\t\n\t\t\t<div class='ewd-ufaq-permalink'>\n\t\n\t<a href='https:\/\/imupro.ch\/it\/ufaqs\/ho-una-domanda-in-merito-al-fungo-aspergiullus-niger-cosa-se-succede-se-il-fungo-viene-debellato-dal-cibo-congelandolo-o-portandolo-alla-temperatura-di-ebollizione-per-un-certo-pe\/'>\n\t\t\n\t\tPermalink\t\t\t\n\t<\/a>\n\n<\/div>\n\t\t\n\t\t\t\n\t\t\n\t\t\t\n\t\t\n\t<\/div>\n\n<\/div><\/div>\n\n<\/div>\n<div id='ewd-ufaq-faq-category-08-cerealiglutine-vs-intolleranza-al-grano' class='ewd-ufaq-faq-category'>\n\t\n\t<div class='ewd-ufaq-faq-category-title ewd-ufaq-faq-category-title-toggle' tabindex=\"0\" >\n\t\t\n\t\t<h4 title=\"Click here to open 8. Cereali,glutine vs intolleranza al grano\">\n\t\t\t8. Cereali,glutine vs intolleranza al grano\t\t\t\t\t<\/h4>\n\n\t\t\t\n\t<\/div>\n\t\n\t<div class='ewd-ufaq-faq-category-inner ewd-ufaq-faq-category-body-hidden' >\n<div  class=\"ewd-ufaq-faq-div ewd-ufaq-faq-column-count-one ewd-ufaq-faq-responsive-columns-1 ewd-ufaq-faq-display-style-default ewd-ufaq-can-be-toggled\" id='ewd-ufaq-post-10511-hlpPD3cYqm' data-post_id='10511'>\n\n\t\t\n\t<div class='ewd-ufaq-faq-title ewd-ufaq-faq-toggle'>\n\t\n\t<a class='ewd-ufaq-post-margin'  href='#' role=\"button\">\n\n\t\t<div class='ewd-ufaq-post-margin-symbol ewd-ufaq-square'>\n\t\t\t<span >a<\/span>\n\t\t<\/div>\n\n\t\t<div class='ewd-ufaq-faq-title-text'>\n\n\t\t\t<h4>\n\t\t\t\tHo avuto un paziente che \u00e8 stato intollerante a diversi tipi di pesci ma sostiene di non averli mai mangiati. Mi ha spiegato che assume regolarmente gli OMEGA 3. Esiste qualche legame fra l\u2019assunzione degli OMEGA 3 e l\u2019intolleranza al pesce?\t\t\t<\/h4>\n\n\t\t<\/div>\n\n\t\t<div class='ewd-ufaq-clear'><\/div>\n\n\t<\/a>\n\t\n<\/div>\n\t\n\t<div class='ewd-ufaq-faq-body ewd-ufaq-hidden' >\n\n\t\t\n\t\t\t\n\t\t\n\t\t\t<div class='ewd-ufaq-post-margin ewd-ufaq-faq-post'>\n\t\n<p class=\"wp-block-paragraph\">No, non esiste alcun legame fra l\u2019assunzione degli acidi grassi OMEGA 3 e le reazioni al pesce. Dal momento che gli OMEGA 3 sono acidi grassi e sono separati dalle proteine, non ci sono proteine nelle compresse di OMEGA 3. E\u2019 probabile piuttosto che il paziente abbia mangiato il surimi o altre preparazioni a base di pesce. Questi alimenti potrebbero dare origine a reazioni crociate con qualche specie di pesce.<\/p>\n<\/div>\n\t\t\n\t\t\t<div class='ewd-ufaq-faq-custom-fields'>\n\n\t\n<\/div>\n\t\t\n\t\t\t\n\t\t\n\t\t\t\n\t\t\n\t\t\t\n\t\t\n\t\t\t\n\t\t\n\t\t\t<div class='ewd-ufaq-permalink'>\n\t\n\t<a href='https:\/\/imupro.ch\/it\/ufaqs\/ho-avuto-un-paziente-che-e-stato-intollerante-a-diversi-tipi-di-pesci-ma-sostiene-di-non-averli-mai-mangiati-mi-ha-spiegato-che-assume-regolarmente-gli-omega-3-esiste-qualche-legame-fra-las\/'>\n\t\t\n\t\tPermalink\t\t\t\n\t<\/a>\n\n<\/div>\n\t\t\n\t\t\t\n\t\t\n\t\t\t\n\t\t\n\t<\/div>\n\n<\/div><div  class=\"ewd-ufaq-faq-div ewd-ufaq-faq-column-count-one ewd-ufaq-faq-responsive-columns-1 ewd-ufaq-faq-display-style-default ewd-ufaq-can-be-toggled\" id='ewd-ufaq-post-10513-gEnyLnXwlm' data-post_id='10513'>\n\n\t\t\n\t<div class='ewd-ufaq-faq-title ewd-ufaq-faq-toggle'>\n\t\n\t<a class='ewd-ufaq-post-margin'  href='#' role=\"button\">\n\n\t\t<div class='ewd-ufaq-post-margin-symbol ewd-ufaq-square'>\n\t\t\t<span >a<\/span>\n\t\t<\/div>\n\n\t\t<div class='ewd-ufaq-faq-title-text'>\n\n\t\t\t<h4>\n\t\t\t\tI risultati del test ImuPro hanno evidenziato intolleranze a diversi tipi di pesce. Ad eccezione della trota, non mangio questi tipi di pesce (alcuni di essi non li ho mai mangiati). Infatti mangio il pesce raramente, solo durante il periodo estivo, e comunque tipi di pesce a cui non sono risultato intollerante. Come spiegare questi risultati?\t\t\t<\/h4>\n\n\t\t<\/div>\n\n\t\t<div class='ewd-ufaq-clear'><\/div>\n\n\t<\/a>\n\t\n<\/div>\n\t\n\t<div class='ewd-ufaq-faq-body ewd-ufaq-hidden' >\n\n\t\t\n\t\t\t\n\t\t\n\t\t\t<div class='ewd-ufaq-post-margin ewd-ufaq-faq-post'>\n\t\n<p class=\"wp-block-paragraph\">Questo \u00e8 un esempio di reazione crociata. Essa dipende su quale specifica proteina sono diretti i tuoi anticorpi. Molti pazienti possono mangiare determinati tipi di pesce, sebbene abbiano reazioni allergiche, spesso serie, ad altri pesci. Non ci sono informazioni definitive riguardo le reazioni crociate che possiamo applicare al pesce per guidare i pazienti verso la scelta migliore. Sfortunatamente, la reazione crociata del pesce \u00e8 abbastanza complessa e non siamo arrivati a una conclusione definitiva. Comunque il fatto che ci sono diverse famiglie alimentari non \u00e8 l\u2019elemento fondamentale nella reazione crociata, e non ci sono informazioni in merito che ci permettano di dire con accuratezza se pu\u00f2 occorrere o meno una reazione crociata. In aggiunta dovresti prestare attenzione alle proteine del pesce che si trovano in diversi piatti lavorati, che non ci aspetteremo, come ad esempio nella \u201cCeasar Salad\u201d e nei suoi condimenti, nella salsa Worcestershire, nella Bouillabaisse, in imitazioni o pesci artificiali o nei crostacei (surimi conosciuto anche come \u201csea legs\u201d o \u201csea sticks\u201d \u00e8 un esempio), nel polpettone, nella salsa barbacue o nella caponata, una salsa siciliana a base di melanzane.<\/p>\n<\/div>\n\t\t\n\t\t\t<div class='ewd-ufaq-faq-custom-fields'>\n\n\t\n<\/div>\n\t\t\n\t\t\t\n\t\t\n\t\t\t\n\t\t\n\t\t\t\n\t\t\n\t\t\t\n\t\t\n\t\t\t<div class='ewd-ufaq-permalink'>\n\t\n\t<a href='https:\/\/imupro.ch\/it\/ufaqs\/i-risultati-del-test-imupro-hanno-evidenziato-intolleranze-a-diversi-tipi-di-pesce-ad-eccezione-della-trota-non-mangio-questi-tipi-di-pesce-alcuni-di-essi-non-li-ho-mai-mangiati-infatti-mangio-il\/'>\n\t\t\n\t\tPermalink\t\t\t\n\t<\/a>\n\n<\/div>\n\t\t\n\t\t\t\n\t\t\n\t\t\t\n\t\t\n\t<\/div>\n\n<\/div><div  class=\"ewd-ufaq-faq-div ewd-ufaq-faq-column-count-one ewd-ufaq-faq-responsive-columns-1 ewd-ufaq-faq-display-style-default ewd-ufaq-can-be-toggled\" id='ewd-ufaq-post-10515-JlHbt8G51Z' data-post_id='10515'>\n\n\t\t\n\t<div class='ewd-ufaq-faq-title ewd-ufaq-faq-toggle'>\n\t\n\t<a class='ewd-ufaq-post-margin'  href='#' role=\"button\">\n\n\t\t<div class='ewd-ufaq-post-margin-symbol ewd-ufaq-square'>\n\t\t\t<span >a<\/span>\n\t\t<\/div>\n\n\t\t<div class='ewd-ufaq-faq-title-text'>\n\n\t\t\t<h4>\n\t\t\t\tHo avuto una reazione ai gamberi. Questo significa che non posso mangiare il granchio?\t\t\t<\/h4>\n\n\t\t<\/div>\n\n\t\t<div class='ewd-ufaq-clear'><\/div>\n\n\t<\/a>\n\t\n<\/div>\n\t\n\t<div class='ewd-ufaq-faq-body ewd-ufaq-hidden' >\n\n\t\t\n\t\t\t\n\t\t\n\t\t\t<div class='ewd-ufaq-post-margin ewd-ufaq-faq-post'>\n\t\n<p class=\"wp-block-paragraph\">Gamberi, granchi gamberetti, e le aragoste sono tutti crostacei. Se hai fatto il test specificatamente per ogni crostaceo allora basti sui risultati ottenuti. Se risulti positivo a 1-2 di essi ma gli altri non sono presenti nel test che hai scelto, ti consigliamo di evitare tutti gli alimenti della lista dei quali non hai il risultato. Questo perch\u00e9 essi hanno in comune diverse proteine. Una volta che i sintomi si sono stabilizzati prova a reintrodurne uno alla volta nella tua dieta. Se non noti alcun sintomo, puoi includerli successivamente nella tua dieta di rotazione.<\/p>\n<\/div>\n\t\t\n\t\t\t<div class='ewd-ufaq-faq-custom-fields'>\n\n\t\n<\/div>\n\t\t\n\t\t\t\n\t\t\n\t\t\t\n\t\t\n\t\t\t\n\t\t\n\t\t\t\n\t\t\n\t\t\t<div class='ewd-ufaq-permalink'>\n\t\n\t<a href='https:\/\/imupro.ch\/it\/ufaqs\/ho-avuto-una-reazione-ai-gamberi-questo-significa-che-non-posso-mangiare-il-granchio\/'>\n\t\t\n\t\tPermalink\t\t\t\n\t<\/a>\n\n<\/div>\n\t\t\n\t\t\t\n\t\t\n\t\t\t\n\t\t\n\t<\/div>\n\n<\/div><div  class=\"ewd-ufaq-faq-div ewd-ufaq-faq-column-count-one ewd-ufaq-faq-responsive-columns-1 ewd-ufaq-faq-display-style-default ewd-ufaq-can-be-toggled\" id='ewd-ufaq-post-10517-c9jMn6tuqb' data-post_id='10517'>\n\n\t\t\n\t<div class='ewd-ufaq-faq-title ewd-ufaq-faq-toggle'>\n\t\n\t<a class='ewd-ufaq-post-margin'  href='#' role=\"button\">\n\n\t\t<div class='ewd-ufaq-post-margin-symbol ewd-ufaq-square'>\n\t\t\t<span >a<\/span>\n\t\t<\/div>\n\n\t\t<div class='ewd-ufaq-faq-title-text'>\n\n\t\t\t<h4>\n\t\t\t\tHo avuto una reazione alle banane e all\u2019ananas anche se non ho mai mangiato la banana. Come \u00e8 possibile?\t\t\t<\/h4>\n\n\t\t<\/div>\n\n\t\t<div class='ewd-ufaq-clear'><\/div>\n\n\t<\/a>\n\t\n<\/div>\n\t\n\t<div class='ewd-ufaq-faq-body ewd-ufaq-hidden' >\n\n\t\t\n\t\t\t\n\t\t\n\t\t\t<div class='ewd-ufaq-post-margin ewd-ufaq-faq-post'>\n\t\n<p class=\"wp-block-paragraph\">Entrambe sono presenti in diverse variet\u00e0 di latte, yoghurt e succhi di frutta. E anche possibile che hai avuto una reazione crociata a entrambe. La banana e l\u2019ananas hanno la stessa struttura allergenica al latice. Se una persona \u00e8 allergica o sensibile al latice, \u00e8 possibile una reazione crociata alla banana. Puoi assolutamente avere una reazione allergica alla banana senza averla mai mangiata. Anche la pianta da interni del ficus Benjamin \u00e8 un\u2019altra possibile fonte di questo allergene. Se sei sensibile al Ficus Benjamin, non dovresti tenerne una in casa. Potresti avere una reazione crociata anche con l\u2019avocado e il melone.<\/p>\n<\/div>\n\t\t\n\t\t\t<div class='ewd-ufaq-faq-custom-fields'>\n\n\t\n<\/div>\n\t\t\n\t\t\t\n\t\t\n\t\t\t\n\t\t\n\t\t\t\n\t\t\n\t\t\t\n\t\t\n\t\t\t<div class='ewd-ufaq-permalink'>\n\t\n\t<a href='https:\/\/imupro.ch\/it\/ufaqs\/ho-avuto-una-reazione-alle-banane-e-allananas-anche-se-non-ho-mai-mangiato-la-banana-come-e-possibile\/'>\n\t\t\n\t\tPermalink\t\t\t\n\t<\/a>\n\n<\/div>\n\t\t\n\t\t\t\n\t\t\n\t\t\t\n\t\t\n\t<\/div>\n\n<\/div><\/div>\n\n<\/div>\n<div id='ewd-ufaq-faq-category-09-medicine-e-cosmetici' class='ewd-ufaq-faq-category'>\n\t\n\t<div class='ewd-ufaq-faq-category-title ewd-ufaq-faq-category-title-toggle' tabindex=\"0\" >\n\t\t\n\t\t<h4 title=\"Click here to open 9. Medicine e cosmetici\">\n\t\t\t9. Medicine e cosmetici\t\t\t\t\t<\/h4>\n\n\t\t\t\n\t<\/div>\n\t\n\t<div class='ewd-ufaq-faq-category-inner ewd-ufaq-faq-category-body-hidden' >\n<div  class=\"ewd-ufaq-faq-div ewd-ufaq-faq-column-count-one ewd-ufaq-faq-responsive-columns-1 ewd-ufaq-faq-display-style-default ewd-ufaq-can-be-toggled\" id='ewd-ufaq-post-10519-XdmTX2Q4iz' data-post_id='10519'>\n\n\t\t\n\t<div class='ewd-ufaq-faq-title ewd-ufaq-faq-toggle'>\n\t\n\t<a class='ewd-ufaq-post-margin'  href='#' role=\"button\">\n\n\t\t<div class='ewd-ufaq-post-margin-symbol ewd-ufaq-square'>\n\t\t\t<span >a<\/span>\n\t\t<\/div>\n\n\t\t<div class='ewd-ufaq-faq-title-text'>\n\n\t\t\t<h4>\n\t\t\t\tHo avuto reazioni a diversi alimenti che sono presenti anche come estratti in diverse pastiglie e cosmetici. Devo quindi evitare quest\u2019ultimi?\t\t\t<\/h4>\n\n\t\t<\/div>\n\n\t\t<div class='ewd-ufaq-clear'><\/div>\n\n\t<\/a>\n\t\n<\/div>\n\t\n\t<div class='ewd-ufaq-faq-body ewd-ufaq-hidden' >\n\n\t\t\n\t\t\t\n\t\t\n\t\t\t<div class='ewd-ufaq-post-margin ewd-ufaq-faq-post'>\n\t\n<p class=\"wp-block-paragraph\">Si, i cosmetici che contengono estratti di alimenti positivi alle IgG tramite il test ImuPro devono essere evitati. Anche la pelle \u00e8 un organo immune molto reattivo, e la nostra esperienza ha dimostrato che utilizzare alcuni prodotti sulla pelle o tramite inalazioni, come ad esempio la lavanda, pu\u00f2 dare origine a sintomi. Dalla nostra esperienza in medicina ambientale \u00e8 emerso che se qualcuno reagisce all\u2019ossido di titanio, deve eliminare tutti i cosmetici e i dentifrici che contengono il TiO2.<\/p>\n<\/div>\n\t\t\n\t\t\t<div class='ewd-ufaq-faq-custom-fields'>\n\n\t\n<\/div>\n\t\t\n\t\t\t\n\t\t\n\t\t\t\n\t\t\n\t\t\t\n\t\t\n\t\t\t\n\t\t\n\t\t\t<div class='ewd-ufaq-permalink'>\n\t\n\t<a href='https:\/\/imupro.ch\/it\/ufaqs\/ho-avuto-reazioni-a-diversi-alimenti-che-sono-presenti-anche-come-estratti-in-diverse-pastiglie-e-cosmetici-devo-quindi-evitare-questultimi\/'>\n\t\t\n\t\tPermalink\t\t\t\n\t<\/a>\n\n<\/div>\n\t\t\n\t\t\t\n\t\t\n\t\t\t\n\t\t\n\t<\/div>\n\n<\/div><\/div>\n\n<\/div>\n<div id='ewd-ufaq-faq-category-10-carboidrati-e-livelli-energetici' class='ewd-ufaq-faq-category'>\n\t\n\t<div class='ewd-ufaq-faq-category-title ewd-ufaq-faq-category-title-toggle' tabindex=\"0\" >\n\t\t\n\t\t<h4 title=\"Click here to open 10. Carboidrati e livelli energetici\">\n\t\t\t10. Carboidrati e livelli energetici\t\t\t\t\t<\/h4>\n\n\t\t\t\n\t<\/div>\n\t\n\t<div class='ewd-ufaq-faq-category-inner ewd-ufaq-faq-category-body-hidden' >\n<div  class=\"ewd-ufaq-faq-div ewd-ufaq-faq-column-count-one ewd-ufaq-faq-responsive-columns-1 ewd-ufaq-faq-display-style-default ewd-ufaq-can-be-toggled\" id='ewd-ufaq-post-10521-JMcc83Io7Y' data-post_id='10521'>\n\n\t\t\n\t<div class='ewd-ufaq-faq-title ewd-ufaq-faq-toggle'>\n\t\n\t<a class='ewd-ufaq-post-margin'  href='#' role=\"button\">\n\n\t\t<div class='ewd-ufaq-post-margin-symbol ewd-ufaq-square'>\n\t\t\t<span >a<\/span>\n\t\t<\/div>\n\n\t\t<div class='ewd-ufaq-faq-title-text'>\n\n\t\t\t<h4>\n\t\t\t\tSono un atleta e ho avuto una reazione a tutti i cereali contenenti glutine. Sono preoccupato dal fatto che eliminare i carboidrati dalla mia dieta possa avere ripercussioni negative sui miei livelli energetici e condizionare i miei allenamenti. Cosa dovrei fare?\t\t\t<\/h4>\n\n\t\t<\/div>\n\n\t\t<div class='ewd-ufaq-clear'><\/div>\n\n\t<\/a>\n\t\n<\/div>\n\t\n\t<div class='ewd-ufaq-faq-body ewd-ufaq-hidden' >\n\n\t\t\n\t\t\t\n\t\t\n\t\t\t<div class='ewd-ufaq-post-margin ewd-ufaq-faq-post'>\n\t\n<p class=\"wp-block-paragraph\">Abbiamo capito il tuo problema, ma se rifornisci il tuo organismo di alimenti ricchi di carboidrati ai quali hai reazioni, specialmente il glutine, avrai sicuramente una perdita di energia e di potenza fisica dovuta ai processi infiammatori in atto. Ci sono comunque alcuni alimenti ricchi di carboidrati che puoi mangiare (per esempio le patate, il riso, il mais), \u00a0\u00e8 cos\u00ec puoi assumere carboidrati tramite questi alimenti. Se non sei risultato positivo al lievito puoi mangiare anche il pane privo di glutine. Potresti mangiarlo in porzioni pi\u00f9 abbondanti o comunque regolarmente. Potresti aumentare anche l\u2019assunzione di proteine e grassi di alta qualit\u00e0 come i grassi ricchi di OMEGA 3. Gli integratori di calcio potrebbero essere una buona idea se durante la competizione perderai molti minerali. Studi preliminari hanno dimostrato che gli atleti possono ottenere un aumento di VO2max, riduzione dell\u2019acido lattico, miglior recupero delle energie e un equilibrio migliore nel rapporto tra organismo e grasso tramite l\u2019adozione della dieta suggerita da ImuPro.<\/p>\n<\/div>\n\t\t\n\t\t\t<div class='ewd-ufaq-faq-custom-fields'>\n\n\t\n<\/div>\n\t\t\n\t\t\t\n\t\t\n\t\t\t\n\t\t\n\t\t\t\n\t\t\n\t\t\t\n\t\t\n\t\t\t<div class='ewd-ufaq-permalink'>\n\t\n\t<a href='https:\/\/imupro.ch\/it\/ufaqs\/sono-un-atleta-e-ho-avuto-una-reazione-a-tutti-i-cereali-contenenti-glutine-sono-preoccupato-dal-fatto-che-eliminare-i-carboidrati-dalla-mia-dieta-possa-avere-ripercussioni-negative-sui-miei-livelli\/'>\n\t\t\n\t\tPermalink\t\t\t\n\t<\/a>\n\n<\/div>\n\t\t\n\t\t\t\n\t\t\n\t\t\t\n\t\t\n\t<\/div>\n\n<\/div><\/div>\n\n<\/div>\n<div id='ewd-ufaq-faq-category-11-cosa-puo-succedere-quando-cambio-la-dieta' class='ewd-ufaq-faq-category'>\n\t\n\t<div class='ewd-ufaq-faq-category-title ewd-ufaq-faq-category-title-toggle' tabindex=\"0\" >\n\t\t\n\t\t<h4 title=\"Click here to open 11. Cosa pu\u00f2 succedere quando cambio la dieta?\">\n\t\t\t11. Cosa pu\u00f2 succedere quando cambio la dieta?\t\t\t\t\t<\/h4>\n\n\t\t\t\n\t<\/div>\n\t\n\t<div class='ewd-ufaq-faq-category-inner ewd-ufaq-faq-category-body-hidden' >\n<div  class=\"ewd-ufaq-faq-div ewd-ufaq-faq-column-count-one ewd-ufaq-faq-responsive-columns-1 ewd-ufaq-faq-display-style-default ewd-ufaq-can-be-toggled\" id='ewd-ufaq-post-10523-kWuExHglgx' data-post_id='10523'>\n\n\t\t\n\t<div class='ewd-ufaq-faq-title ewd-ufaq-faq-toggle'>\n\t\n\t<a class='ewd-ufaq-post-margin'  href='#' role=\"button\">\n\n\t\t<div class='ewd-ufaq-post-margin-symbol ewd-ufaq-square'>\n\t\t\t<span >a<\/span>\n\t\t<\/div>\n\n\t\t<div class='ewd-ufaq-faq-title-text'>\n\n\t\t\t<h4>\n\t\t\t\tDopo quanto tempo che ho iniziato la dieta il mio organismo torner\u00e0 alla normalit\u00e0 e dopo quanto si inizieranno a vedere cambiamenti positivi?\t\t\t<\/h4>\n\n\t\t<\/div>\n\n\t\t<div class='ewd-ufaq-clear'><\/div>\n\n\t<\/a>\n\t\n<\/div>\n\t\n\t<div class='ewd-ufaq-faq-body ewd-ufaq-hidden' >\n\n\t\t\n\t\t\t\n\t\t\n\t\t\t<div class='ewd-ufaq-post-margin ewd-ufaq-faq-post'>\n\t\n<p class=\"wp-block-paragraph\">Questi aspetti dipendono in buona parte dai tipi di sintomi. Alcuni cambiamenti si possono notare gi\u00e0 dopo 2-3 giorni, come ad esempio la perdita di peso di circa 2 kg dovuta al rilascio dell\u2019acqua in eccesso. I sintomi riguardanti la digestione possono iniziare a intravedersi dopo 3-5 giorni. Generalmente i pazienti sostengono che gi\u00e0 dopo 3-5 giorni, iniziano a sentirsi molto meglio. Invece, alcuni sintomi, come l\u2019artrite o disturbi gravi del sistema immunitario iniziano a dare risultati positivi dopo alcune settimane.<\/p>\n<\/div>\n\t\t\n\t\t\t<div class='ewd-ufaq-faq-custom-fields'>\n\n\t\n<\/div>\n\t\t\n\t\t\t\n\t\t\n\t\t\t\n\t\t\n\t\t\t\n\t\t\n\t\t\t\n\t\t\n\t\t\t<div class='ewd-ufaq-permalink'>\n\t\n\t<a href='https:\/\/imupro.ch\/it\/ufaqs\/dopo-quanto-tempo-che-ho-iniziato-la-dieta-il-mio-organismo-tornera-alla-normalita-e-dopo-quanto-si-inizieranno-a-vedere-cambiamenti-positivi\/'>\n\t\t\n\t\tPermalink\t\t\t\n\t<\/a>\n\n<\/div>\n\t\t\n\t\t\t\n\t\t\n\t\t\t\n\t\t\n\t<\/div>\n\n<\/div><div  class=\"ewd-ufaq-faq-div ewd-ufaq-faq-column-count-one ewd-ufaq-faq-responsive-columns-1 ewd-ufaq-faq-display-style-default ewd-ufaq-can-be-toggled\" id='ewd-ufaq-post-10525-Yoxc3p6tIP' data-post_id='10525'>\n\n\t\t\n\t<div class='ewd-ufaq-faq-title ewd-ufaq-faq-toggle'>\n\t\n\t<a class='ewd-ufaq-post-margin'  href='#' role=\"button\">\n\n\t\t<div class='ewd-ufaq-post-margin-symbol ewd-ufaq-square'>\n\t\t\t<span >a<\/span>\n\t\t<\/div>\n\n\t\t<div class='ewd-ufaq-faq-title-text'>\n\n\t\t\t<h4>\n\t\t\t\tPossono alcuni sintomi peggiorare inizialmente quando il mio organismo rilascia per esempio alcune tossine?\t\t\t<\/h4>\n\n\t\t<\/div>\n\n\t\t<div class='ewd-ufaq-clear'><\/div>\n\n\t<\/a>\n\t\n<\/div>\n\t\n\t<div class='ewd-ufaq-faq-body ewd-ufaq-hidden' >\n\n\t\t\n\t\t\t\n\t\t\n\t\t\t<div class='ewd-ufaq-post-margin ewd-ufaq-faq-post'>\n\t\n<p class=\"wp-block-paragraph\">Questo aspetto \u00e8 molto soggettivo. Pu\u00f2 succedere ma non \u00e8 molto frequente. Abbiamo notato che questo tipo di reazione si pu\u00f2 verificare quando le persone smettono di bere il caff\u00e8, specialmente nelle persone che ne consumavano elevate quantit\u00e0 regolarmente, Queste persone ci hanno segnalato un aumento del mal di testa durante la prima settimana ma dopo una decina di giorni il mal di testa \u00e8 cessato definitivamente.<\/p>\n<\/div>\n\t\t\n\t\t\t<div class='ewd-ufaq-faq-custom-fields'>\n\n\t\n<\/div>\n\t\t\n\t\t\t\n\t\t\n\t\t\t\n\t\t\n\t\t\t\n\t\t\n\t\t\t\n\t\t\n\t\t\t<div class='ewd-ufaq-permalink'>\n\t\n\t<a href='https:\/\/imupro.ch\/it\/ufaqs\/possono-alcuni-sintomi-peggiorare-inizialmente-quando-il-mio-organismo-rilascia-per-esempio-alcune-tossine\/'>\n\t\t\n\t\tPermalink\t\t\t\n\t<\/a>\n\n<\/div>\n\t\t\n\t\t\t\n\t\t\n\t\t\t\n\t\t\n\t<\/div>\n\n<\/div><div  class=\"ewd-ufaq-faq-div ewd-ufaq-faq-column-count-one ewd-ufaq-faq-responsive-columns-1 ewd-ufaq-faq-display-style-default ewd-ufaq-can-be-toggled\" id='ewd-ufaq-post-10527-IAJbfnxq8O' data-post_id='10527'>\n\n\t\t\n\t<div class='ewd-ufaq-faq-title ewd-ufaq-faq-toggle'>\n\t\n\t<a class='ewd-ufaq-post-margin'  href='#' role=\"button\">\n\n\t\t<div class='ewd-ufaq-post-margin-symbol ewd-ufaq-square'>\n\t\t\t<span >a<\/span>\n\t\t<\/div>\n\n\t\t<div class='ewd-ufaq-faq-title-text'>\n\n\t\t\t<h4>\n\t\t\t\tMi piacerebbe provare alcuni alimenti per i quali non ho svolto il test. E\u2019 possibile?\t\t\t<\/h4>\n\n\t\t<\/div>\n\n\t\t<div class='ewd-ufaq-clear'><\/div>\n\n\t<\/a>\n\t\n<\/div>\n\t\n\t<div class='ewd-ufaq-faq-body ewd-ufaq-hidden' >\n\n\t\t\n\t\t\t\n\t\t\n\t\t\t<div class='ewd-ufaq-post-margin ewd-ufaq-faq-post'>\n\t\n<p class=\"wp-block-paragraph\">Tutti gli alimenti e gli additivi non inclusi nel test svolto andrebbero evitati per le prime 8-10 settimane seguenti al test. Dopodich\u00e9 potresti agire nel seguente modo: le incompatibilit\u00e0 con alcuni alimenti poco diffusi come l\u2019olio di cartamo, frutti tropicali o verdure esotiche come la pastinaca sono poco probabili. Se vuoi provare alcuni alimenti che non hai testato, dovresti tenere d\u2019occhio qualsiasi cambiamento di salute che si verifica nelle settimane seguenti. Dovresti anche limitarti e introdurre un alimento alla volta nella dieta in modo da individuare quale alimento ti crea dei problemi. Se non hai reazioni avverse a questi alimenti puoi continuare a includerli nella tua dieta di rotazione. Tieni d\u2019occhio anche il tuo peso. Se noti un aumento di peso di circa 1 kg da un giorno all\u2019altro dopo aver introdotto alcuni alimenti non testati, \u00e8 probabile che tu abbia una reazione a questi alimenti. Un incremento di peso da un giorno all\u2019altro \u00e8 un sintomo di una risposta infiammatoria agli alimenti. La conseguenza di una risposta infiammatoria \u00e8 la ritenzione idrica che si pu\u00f2 notare tramite l\u2019aumento di peso corporeo.<\/p>\n<\/div>\n\t\t\n\t\t\t<div class='ewd-ufaq-faq-custom-fields'>\n\n\t\n<\/div>\n\t\t\n\t\t\t\n\t\t\n\t\t\t\n\t\t\n\t\t\t\n\t\t\n\t\t\t\n\t\t\n\t\t\t<div class='ewd-ufaq-permalink'>\n\t\n\t<a href='https:\/\/imupro.ch\/it\/ufaqs\/mi-piacerebbe-provare-alcuni-alimenti-per-i-quali-non-ho-svolto-il-test-e-possibile\/'>\n\t\t\n\t\tPermalink\t\t\t\n\t<\/a>\n\n<\/div>\n\t\t\n\t\t\t\n\t\t\n\t\t\t\n\t\t\n\t<\/div>\n\n<\/div><\/div>\n\n<\/div>\n\n\t<\/div>\n\n\t\n<\/div>\n","protected":false},"excerpt":{"rendered":"<p>A Mi piacerebbe provare alcuni alimenti per i quali non ho svolto il test. E\u2019 possibile? Tutti gli alimenti e gli additivi non inclusi nel test svolto andrebbero evitati per le prime 8-10 settimane seguenti al test. Dopodich\u00e9 potresti agire nel seguente modo: le incompatibilit\u00e0 con alcuni alimenti poco diffusi come l\u2019olio di cartamo, frutti [&hellip;]<\/p>\n","protected":false},"author":1,"featured_media":0,"parent":0,"menu_order":0,"comment_status":"closed","ping_status":"closed","template":"","meta":{"_acf_changed":false,"_seopress_titles_title":"","_seopress_titles_desc":"","_seopress_robots_index":"","_seopress_robots_follow":"","_seopress_robots_imageindex":"","_seopress_robots_snippet":"","_seopress_robots_primary_cat":"","_seopress_robots_breadcrumbs":"","_seopress_robots_freeze_modified_date":"","_seopress_robots_custom_modified_date":"","_seopress_robots_canonical":"","_seopress_social_fb_title":"","_seopress_social_fb_desc":"","_seopress_social_fb_img":"","_seopress_social_fb_img_attachment_id":0,"_seopress_social_fb_img_width":0,"_seopress_social_fb_img_height":0,"_seopress_social_twitter_title":"","_seopress_social_twitter_desc":"","_seopress_social_twitter_img":"","_seopress_social_twitter_img_attachment_id":0,"_seopress_social_twitter_img_width":0,"_seopress_social_twitter_img_height":0,"_seopress_redirections_value":"","_seopress_redirections_enabled":"","_seopress_redirections_enabled_regex":"","_seopress_redirections_logged_status":"both","_seopress_redirections_param":"","_seopress_redirections_type":301,"_seopress_analysis_target_kw":"","_kad_blocks_custom_css":"","_kad_blocks_head_custom_js":"","_kad_blocks_body_custom_js":"","_kad_blocks_footer_custom_js":"","site-sidebar-layout":"default","site-content-layout":"","ast-site-content-layout":"default","site-content-style":"default","site-sidebar-style":"default","ast-global-header-display":"","ast-banner-title-visibility":"","ast-main-header-display":"","ast-hfb-above-header-display":"","ast-hfb-below-header-display":"","ast-hfb-mobile-header-display":"","site-post-title":"","ast-breadcrumbs-content":"","ast-featured-img":"","footer-sml-layout":"","ast-disable-related-posts":"","theme-transparent-header-meta":"","adv-header-id-meta":"","stick-header-meta":"","header-above-stick-meta":"","header-main-stick-meta":"","header-below-stick-meta":"","astra-migrate-meta-layouts":"set","ast-page-background-enabled":"default","ast-page-background-meta":{"desktop":{"background-color":"","background-image":"","background-repeat":"repeat","background-position":"center center","background-size":"auto","background-attachment":"scroll","background-type":"","background-media":"","overlay-type":"","overlay-color":"","overlay-opacity":"","overlay-gradient":""},"tablet":{"background-color":"","background-image":"","background-repeat":"repeat","background-position":"center center","background-size":"auto","background-attachment":"scroll","background-type":"","background-media":"","overlay-type":"","overlay-color":"","overlay-opacity":"","overlay-gradient":""},"mobile":{"background-color":"","background-image":"","background-repeat":"repeat","background-position":"center center","background-size":"auto","background-attachment":"scroll","background-type":"","background-media":"","overlay-type":"","overlay-color":"","overlay-opacity":"","overlay-gradient":""}},"ast-content-background-meta":{"desktop":{"background-color":"var(--ast-global-color-5)","background-image":"","background-repeat":"repeat","background-position":"center center","background-size":"auto","background-attachment":"scroll","background-type":"","background-media":"","overlay-type":"","overlay-color":"","overlay-opacity":"","overlay-gradient":""},"tablet":{"background-color":"var(--ast-global-color-5)","background-image":"","background-repeat":"repeat","background-position":"center center","background-size":"auto","background-attachment":"scroll","background-type":"","background-media":"","overlay-type":"","overlay-color":"","overlay-opacity":"","overlay-gradient":""},"mobile":{"background-color":"var(--ast-global-color-5)","background-image":"","background-repeat":"repeat","background-position":"center center","background-size":"auto","background-attachment":"scroll","background-type":"","background-media":"","overlay-type":"","overlay-color":"","overlay-opacity":"","overlay-gradient":""}},"footnotes":""},"class_list":["post-10415","page","type-page","status-publish","hentry"],"acf":[],"taxonomy_info":[],"featured_image_src_large":false,"author_info":{"display_name":"marc","author_link":"https:\/\/imupro.ch\/it\/author\/marc\/"},"comment_info":0,"_links":{"self":[{"href":"https:\/\/imupro.ch\/it\/wp-json\/wp\/v2\/pages\/10415","targetHints":{"allow":["GET"]}}],"collection":[{"href":"https:\/\/imupro.ch\/it\/wp-json\/wp\/v2\/pages"}],"about":[{"href":"https:\/\/imupro.ch\/it\/wp-json\/wp\/v2\/types\/page"}],"author":[{"embeddable":true,"href":"https:\/\/imupro.ch\/it\/wp-json\/wp\/v2\/users\/1"}],"replies":[{"embeddable":true,"href":"https:\/\/imupro.ch\/it\/wp-json\/wp\/v2\/comments?post=10415"}],"version-history":[{"count":2,"href":"https:\/\/imupro.ch\/it\/wp-json\/wp\/v2\/pages\/10415\/revisions"}],"predecessor-version":[{"id":10418,"href":"https:\/\/imupro.ch\/it\/wp-json\/wp\/v2\/pages\/10415\/revisions\/10418"}],"wp:attachment":[{"href":"https:\/\/imupro.ch\/it\/wp-json\/wp\/v2\/media?parent=10415"}],"curies":[{"name":"wp","href":"https:\/\/api.w.org\/{rel}","templated":true}]}}