{"id":10280,"date":"2025-05-14T13:57:57","date_gmt":"2025-05-14T11:57:57","guid":{"rendered":"https:\/\/dev.imupro.ch\/?page_id=10280"},"modified":"2025-05-22T14:50:12","modified_gmt":"2025-05-22T12:50:12","slug":"mal-di-testa","status":"publish","type":"page","link":"https:\/\/imupro.ch\/it\/sintomi\/mal-di-testa\/","title":{"rendered":"Mal di testa"},"content":{"rendered":"\n<h1 class=\"wp-block-heading\">Mal di testa e allergie alimentari mediate da IgG<\/h1>\n\n\n\n<h2 class=\"wp-block-heading\">Allergie alimentari mediate da IgG, possibili agenti scatenanti dei processi infiammatori che causano l\u2019emicrania<\/h2>\n\n\n<style>.kb-row-layout-id10280_fdd7dd-df > .kt-row-column-wrap{align-content:start;}:where(.kb-row-layout-id10280_fdd7dd-df > .kt-row-column-wrap) > .wp-block-kadence-column{justify-content:start;}.kb-row-layout-id10280_fdd7dd-df > .kt-row-column-wrap{column-gap:var(--global-kb-gap-md, 2rem);row-gap:var(--global-kb-gap-md, 2rem);padding-top:0px;padding-bottom:0px;grid-template-columns:minmax(0, 2fr) minmax(0, 1fr);}.kb-row-layout-id10280_fdd7dd-df > .kt-row-layout-overlay{opacity:0.30;}@media all and (max-width: 1024px){.kb-row-layout-id10280_fdd7dd-df > .kt-row-column-wrap{grid-template-columns:minmax(0, 2fr) minmax(0, 1fr);}}@media all and (max-width: 767px){.kb-row-layout-id10280_fdd7dd-df > .kt-row-column-wrap{grid-template-columns:minmax(0, 1fr);}}<\/style><div class=\"kb-row-layout-wrap kb-row-layout-id10280_fdd7dd-df alignnone wp-block-kadence-rowlayout\"><div class=\"kt-row-column-wrap kt-has-2-columns kt-row-layout-left-golden kt-tab-layout-inherit kt-mobile-layout-row kt-row-valign-top\">\n<style>.kadence-column10280_89904c-c2 > .kt-inside-inner-col,.kadence-column10280_89904c-c2 > .kt-inside-inner-col:before{border-top-left-radius:0px;border-top-right-radius:0px;border-bottom-right-radius:0px;border-bottom-left-radius:0px;}.kadence-column10280_89904c-c2 > .kt-inside-inner-col{column-gap:var(--global-kb-gap-sm, 1rem);}.kadence-column10280_89904c-c2 > .kt-inside-inner-col{flex-direction:column;}.kadence-column10280_89904c-c2 > .kt-inside-inner-col > .aligncenter{width:100%;}.kadence-column10280_89904c-c2 > .kt-inside-inner-col:before{opacity:0.3;}.kadence-column10280_89904c-c2{position:relative;}@media all and (max-width: 1024px){.kadence-column10280_89904c-c2 > .kt-inside-inner-col{flex-direction:column;justify-content:center;}}@media all and (max-width: 767px){.kadence-column10280_89904c-c2 > .kt-inside-inner-col{flex-direction:column;justify-content:center;}}<\/style>\n<div class=\"wp-block-kadence-column kadence-column10280_89904c-c2 inner-column-1\"><div class=\"kt-inside-inner-col\">\n<p class=\"wp-block-paragraph\">Molte persone soffrono di mal di testa, pi\u00f9 o meno frequentemente. Esistono pi\u00f9 di 200 tipi di mal di testa; i pi\u00f9 comuni sono il mal di testa tensivo e l\u2019emicrania. Ogni mal di testa si differenza per frequenza, durata e manifestazione o tipo di dolore (pulsante, martellante, opprimente ecc..). L\u2019emicrania e il mal di testa tensivo sono classificati come mal di testa primari. Essi sono considerati come un quadro clinico vero e proprio e possono essere quindi trattati direttamente.<\/p>\n\n\n\n<p class=\"wp-block-paragraph\">La causa dei mal di testa primari \u00e8 ancora incerta. Un buon numero di persone affetta da emicrania pensa che il cibo possa essere l\u2019agente scatenante. Una manifestazione ritardata di un\u2019allergia alimentare mediata da IgG potrebbe quindi essere un agente scatenante. Il sistema ImuPro potrebbe quindi essere un supporto utile: comprende un test per valutarel\u2019allergia alimentare mediata da IgG e linee guida personalizzate.&nbsp;<a href=\"https:\/\/imupro.ch\/it\/metodo-imupro\/\">(qui per i dettagli)<\/a><\/p>\n\n\n\n<p class=\"wp-block-paragraph\">L\u2019emicrania \u00e8 una situazione neurologica complessa; le persone affette spesso soffrono di prolungati e intensi mal di testa. L\u2019emicrania pu\u00f2 causare dolori pulsanti o martellanti, spesso limitati a una sola parte della testa. L\u2019emicrania pu\u00f2 interferire con il sonno, il lavoro e altre attivit\u00e0 quotidiane e pu\u00f2 manifestarsi sia spesso, come pi\u00f9 volte a settimana, che raramente come una o due volte all\u2019anno. L\u2019emicrania generalmente si manifesta durante la pubert\u00e0 e colpisce soprattutto le persone fra i 35 e i 45 anni.<\/p>\n\n\n\n<p class=\"wp-block-paragraph\">Le due forme comuni di emicrania sono quella con aura e quella senza. Quella con aura \u00e8 preceduta da segnali premonitori prima dell\u2019inizio dei dolori. I sintomi possono essere problemi di vista come lampi di luce, puntini neri, difficolt\u00e0 nel focalizzare gli oggetti, oppure problemi di equilibrio e di coordinazione, debolezza, rigidit\u00e0 e formicolio nel collo, spalle e arti fino a difficolt\u00e0 nel parlare. L\u2019aura dell\u2019emicrania spesso dura da15 minuti a 1 ora. All\u2019incirca 1 persona su 5 che soffre di emicrania ha i sintomi dell\u2019aura.<\/p>\n<\/div><\/div>\n\n\n<style>.kadence-column10280_4d5c9e-f8 > .kt-inside-inner-col,.kadence-column10280_4d5c9e-f8 > .kt-inside-inner-col:before{border-top-left-radius:0px;border-top-right-radius:0px;border-bottom-right-radius:0px;border-bottom-left-radius:0px;}.kadence-column10280_4d5c9e-f8 > .kt-inside-inner-col{column-gap:var(--global-kb-gap-sm, 1rem);}.kadence-column10280_4d5c9e-f8 > .kt-inside-inner-col{flex-direction:column;}.kadence-column10280_4d5c9e-f8 > .kt-inside-inner-col > .aligncenter{width:100%;}.kadence-column10280_4d5c9e-f8 > .kt-inside-inner-col:before{opacity:0.3;}.kadence-column10280_4d5c9e-f8{position:relative;}@media all and (max-width: 1024px){.kadence-column10280_4d5c9e-f8 > .kt-inside-inner-col{flex-direction:column;justify-content:center;}}@media all and (max-width: 767px){.kadence-column10280_4d5c9e-f8 > .kt-inside-inner-col{flex-direction:column;justify-content:center;}}<\/style>\n<div class=\"wp-block-kadence-column kadence-column10280_4d5c9e-f8 inner-column-2\"><div class=\"kt-inside-inner-col\">\n<h4 class=\"wp-block-heading\">Common Symptoms of Migraine<\/h4>\n\n\n\n<ul class=\"wp-block-list\">\n<li>Throbbing, pulsating or pressing pain<\/li>\n\n\n\n<li>Nausea<\/li>\n\n\n\n<li>Vomiting<\/li>\n\n\n\n<li>Extreme sensitivity to light and sound<\/li>\n\n\n\n<li>Lethargy<\/li>\n<\/ul>\n\n\n\n<div class=\"wp-block-button\"><a class=\"wp-block-button__link wp-element-button\" href=\"https:\/\/imupro.ch\/it\/sintomi\/\">Torna ai sintomi<\/a><\/div>\n<\/div><\/div>\n\n<\/div><\/div>\n\n\n<hr class=\"wp-block-separator has-css-opacity is-style-wide\"\/>\n\n\n<style>.kb-row-layout-id10280_538c47-5d > .kt-row-column-wrap{align-content:start;}:where(.kb-row-layout-id10280_538c47-5d > .kt-row-column-wrap) > .wp-block-kadence-column{justify-content:start;}.kb-row-layout-id10280_538c47-5d > .kt-row-column-wrap{column-gap:var(--global-kb-gap-md, 2rem);row-gap:var(--global-kb-gap-md, 2rem);padding-top:0px;padding-bottom:0px;grid-template-columns:minmax(0, 2fr) minmax(0, 1fr);}.kb-row-layout-id10280_538c47-5d > .kt-row-layout-overlay{opacity:0.30;}@media all and (max-width: 1024px){.kb-row-layout-id10280_538c47-5d > .kt-row-column-wrap{grid-template-columns:minmax(0, 2fr) minmax(0, 1fr);}}@media all and (max-width: 767px){.kb-row-layout-id10280_538c47-5d > .kt-row-column-wrap{grid-template-columns:minmax(0, 1fr);}}<\/style><div class=\"kb-row-layout-wrap kb-row-layout-id10280_538c47-5d alignnone wp-block-kadence-rowlayout\"><div class=\"kt-row-column-wrap kt-has-2-columns kt-row-layout-left-golden kt-tab-layout-inherit kt-mobile-layout-row kt-row-valign-top\">\n<style>.kadence-column10280_b92979-3a > .kt-inside-inner-col,.kadence-column10280_b92979-3a > .kt-inside-inner-col:before{border-top-left-radius:0px;border-top-right-radius:0px;border-bottom-right-radius:0px;border-bottom-left-radius:0px;}.kadence-column10280_b92979-3a > .kt-inside-inner-col{column-gap:var(--global-kb-gap-sm, 1rem);}.kadence-column10280_b92979-3a > .kt-inside-inner-col{flex-direction:column;}.kadence-column10280_b92979-3a > .kt-inside-inner-col > .aligncenter{width:100%;}.kadence-column10280_b92979-3a > .kt-inside-inner-col:before{opacity:0.3;}.kadence-column10280_b92979-3a{position:relative;}@media all and (max-width: 1024px){.kadence-column10280_b92979-3a > .kt-inside-inner-col{flex-direction:column;justify-content:center;}}@media all and (max-width: 767px){.kadence-column10280_b92979-3a > .kt-inside-inner-col{flex-direction:column;justify-content:center;}}<\/style>\n<div class=\"wp-block-kadence-column kadence-column10280_b92979-3a inner-column-1\"><div class=\"kt-inside-inner-col\">\n<h4 class=\"wp-block-heading\">La diagnosi dell\u2019emicrania<\/h4>\n\n\n\n<p class=\"wp-block-paragraph\">Non esiste un test diagnostico per l\u2019emicrania. La diagnosi \u00e8 basata sull\u2019anamnesi del paziente e su un esame clinico e neurologico. Se necessario,alcuni test dovrebbero essere eseguiti per escludere che ci siano altri disturbi o situazioni alla base del mal di testa. E\u2019 importante che i pazienti documentino i tipi di attacchi di emicrania quali : la frequenza, l\u2019 intensit\u00e0, il tipo di dolore, altri sintomi concomitanti, eventuali cure svolte, possibili agenti scatenanti ecc\u2026<\/p>\n<\/div><\/div>\n\n\n<style>.kadence-column10280_717d61-82 > .kt-inside-inner-col,.kadence-column10280_717d61-82 > .kt-inside-inner-col:before{border-top-left-radius:0px;border-top-right-radius:0px;border-bottom-right-radius:0px;border-bottom-left-radius:0px;}.kadence-column10280_717d61-82 > .kt-inside-inner-col{column-gap:var(--global-kb-gap-sm, 1rem);}.kadence-column10280_717d61-82 > .kt-inside-inner-col{flex-direction:column;}.kadence-column10280_717d61-82 > .kt-inside-inner-col > .aligncenter{width:100%;}.kadence-column10280_717d61-82 > .kt-inside-inner-col:before{opacity:0.3;}.kadence-column10280_717d61-82{position:relative;}@media all and (max-width: 1024px){.kadence-column10280_717d61-82 > .kt-inside-inner-col{flex-direction:column;justify-content:center;}}@media all and (max-width: 767px){.kadence-column10280_717d61-82 > .kt-inside-inner-col{flex-direction:column;justify-content:center;}}<\/style>\n<div class=\"wp-block-kadence-column kadence-column10280_717d61-82 inner-column-2\"><div class=\"kt-inside-inner-col\">\n<figure class=\"wp-block-image aligncenter\"><img loading=\"lazy\" decoding=\"async\" width=\"300\" height=\"213\" src=\"https:\/\/imupro.com\/wp-content\/uploads\/2019\/02\/diagnosis-300x213.jpg\" alt=\"\" class=\"wp-image-358\" srcset=\"https:\/\/imupro.ch\/wp-content\/uploads\/2019\/02\/diagnosis-300x213.jpg 300w, https:\/\/imupro.ch\/wp-content\/uploads\/2019\/02\/diagnosis-768x544.jpg 768w, https:\/\/imupro.ch\/wp-content\/uploads\/2019\/02\/diagnosis.jpg 900w\" sizes=\"auto, (max-width: 300px) 100vw, 300px\" \/><\/figure>\n<\/div><\/div>\n\n<\/div><\/div>\n\n<style>.kb-row-layout-id10280_5a40b1-9e > .kt-row-column-wrap{align-content:start;}:where(.kb-row-layout-id10280_5a40b1-9e > .kt-row-column-wrap) > .wp-block-kadence-column{justify-content:start;}.kb-row-layout-id10280_5a40b1-9e > .kt-row-column-wrap{column-gap:var(--global-kb-gap-md, 2rem);row-gap:var(--global-kb-gap-md, 2rem);padding-top:0px;padding-bottom:0px;grid-template-columns:minmax(0, 2fr) minmax(0, 1fr);}.kb-row-layout-id10280_5a40b1-9e > .kt-row-layout-overlay{opacity:0.30;}@media all and (max-width: 1024px){.kb-row-layout-id10280_5a40b1-9e > .kt-row-column-wrap{grid-template-columns:minmax(0, 2fr) minmax(0, 1fr);}}@media all and (max-width: 767px){.kb-row-layout-id10280_5a40b1-9e > .kt-row-column-wrap{grid-template-columns:minmax(0, 1fr);}}<\/style><div class=\"kb-row-layout-wrap kb-row-layout-id10280_5a40b1-9e alignnone wp-block-kadence-rowlayout\"><div class=\"kt-row-column-wrap kt-has-2-columns kt-row-layout-left-golden kt-tab-layout-inherit kt-mobile-layout-row kt-row-valign-top\">\n<style>.kadence-column10280_5466c4-e7 > .kt-inside-inner-col,.kadence-column10280_5466c4-e7 > .kt-inside-inner-col:before{border-top-left-radius:0px;border-top-right-radius:0px;border-bottom-right-radius:0px;border-bottom-left-radius:0px;}.kadence-column10280_5466c4-e7 > .kt-inside-inner-col{column-gap:var(--global-kb-gap-sm, 1rem);}.kadence-column10280_5466c4-e7 > .kt-inside-inner-col{flex-direction:column;}.kadence-column10280_5466c4-e7 > .kt-inside-inner-col > .aligncenter{width:100%;}.kadence-column10280_5466c4-e7 > .kt-inside-inner-col:before{opacity:0.3;}.kadence-column10280_5466c4-e7{position:relative;}@media all and (max-width: 1024px){.kadence-column10280_5466c4-e7 > .kt-inside-inner-col{flex-direction:column;justify-content:center;}}@media all and (max-width: 767px){.kadence-column10280_5466c4-e7 > .kt-inside-inner-col{flex-direction:column;justify-content:center;}}<\/style>\n<div class=\"wp-block-kadence-column kadence-column10280_5466c4-e7 inner-column-1\"><div class=\"kt-inside-inner-col\">\n<h4 class=\"wp-block-heading\">La causa dell\u2019emicrania<\/h4>\n\n\n\n<p class=\"wp-block-paragraph\">L\u2019esatta causa dell\u2019emicrania non \u00e8 stata ancora definita. E\u2019 stata documentata la presenza all\u2019interno dello stesso nucleo familiare, cos\u00ec \u00e8 lecito aspettarsi che ci sia anche una componente genetica. Molti ricercatori pensano che le persone affette da emicrania abbiano un cervello pi\u00f9 sensibile e pi\u00f9 eccitabile, quindi pi\u00f9 sensibila ad alcuni stimoli rispetto alle persone non affette da emicrania. Gli agenti scatenanti l\u2019emicrania potrebbero essere anche le variazioni ormonali, lo stress, il cambiamento del ritmo sonno-veglia, l\u2019alcool e il cibo.<\/p>\n<\/div><\/div>\n\n\n<style>.kadence-column10280_3706b8-53 > .kt-inside-inner-col,.kadence-column10280_3706b8-53 > .kt-inside-inner-col:before{border-top-left-radius:0px;border-top-right-radius:0px;border-bottom-right-radius:0px;border-bottom-left-radius:0px;}.kadence-column10280_3706b8-53 > .kt-inside-inner-col{column-gap:var(--global-kb-gap-sm, 1rem);}.kadence-column10280_3706b8-53 > .kt-inside-inner-col{flex-direction:column;}.kadence-column10280_3706b8-53 > .kt-inside-inner-col > .aligncenter{width:100%;}.kadence-column10280_3706b8-53 > .kt-inside-inner-col:before{opacity:0.3;}.kadence-column10280_3706b8-53{position:relative;}@media all and (max-width: 1024px){.kadence-column10280_3706b8-53 > .kt-inside-inner-col{flex-direction:column;justify-content:center;}}@media all and (max-width: 767px){.kadence-column10280_3706b8-53 > .kt-inside-inner-col{flex-direction:column;justify-content:center;}}<\/style>\n<div class=\"wp-block-kadence-column kadence-column10280_3706b8-53 inner-column-2\"><div class=\"kt-inside-inner-col\">\n<figure class=\"wp-block-image aligncenter\"><img loading=\"lazy\" decoding=\"async\" width=\"300\" height=\"213\" src=\"https:\/\/imupro.com\/wp-content\/uploads\/2019\/02\/causes-300x213.jpg\" alt=\"\" class=\"wp-image-360\" srcset=\"https:\/\/imupro.ch\/wp-content\/uploads\/2019\/02\/causes-300x213.jpg 300w, https:\/\/imupro.ch\/wp-content\/uploads\/2019\/02\/causes-768x544.jpg 768w, https:\/\/imupro.ch\/wp-content\/uploads\/2019\/02\/causes.jpg 900w\" sizes=\"auto, (max-width: 300px) 100vw, 300px\" \/><\/figure>\n<\/div><\/div>\n\n<\/div><\/div>\n\n<style>.kb-row-layout-id10280_7af42c-af > .kt-row-column-wrap{align-content:start;}:where(.kb-row-layout-id10280_7af42c-af > .kt-row-column-wrap) > .wp-block-kadence-column{justify-content:start;}.kb-row-layout-id10280_7af42c-af > .kt-row-column-wrap{column-gap:var(--global-kb-gap-md, 2rem);row-gap:var(--global-kb-gap-md, 2rem);padding-top:0px;padding-bottom:0px;grid-template-columns:minmax(0, 2fr) minmax(0, 1fr);}.kb-row-layout-id10280_7af42c-af > .kt-row-layout-overlay{opacity:0.30;}@media all and (max-width: 1024px){.kb-row-layout-id10280_7af42c-af > .kt-row-column-wrap{grid-template-columns:minmax(0, 2fr) minmax(0, 1fr);}}@media all and (max-width: 767px){.kb-row-layout-id10280_7af42c-af > .kt-row-column-wrap{grid-template-columns:minmax(0, 1fr);}}<\/style><div class=\"kb-row-layout-wrap kb-row-layout-id10280_7af42c-af alignnone wp-block-kadence-rowlayout\"><div class=\"kt-row-column-wrap kt-has-2-columns kt-row-layout-left-golden kt-tab-layout-inherit kt-mobile-layout-row kt-row-valign-top\">\n<style>.kadence-column10280_a480fd-50 > .kt-inside-inner-col,.kadence-column10280_a480fd-50 > .kt-inside-inner-col:before{border-top-left-radius:0px;border-top-right-radius:0px;border-bottom-right-radius:0px;border-bottom-left-radius:0px;}.kadence-column10280_a480fd-50 > .kt-inside-inner-col{column-gap:var(--global-kb-gap-sm, 1rem);}.kadence-column10280_a480fd-50 > .kt-inside-inner-col{flex-direction:column;}.kadence-column10280_a480fd-50 > .kt-inside-inner-col > .aligncenter{width:100%;}.kadence-column10280_a480fd-50 > .kt-inside-inner-col:before{opacity:0.3;}.kadence-column10280_a480fd-50{position:relative;}@media all and (max-width: 1024px){.kadence-column10280_a480fd-50 > .kt-inside-inner-col{flex-direction:column;justify-content:center;}}@media all and (max-width: 767px){.kadence-column10280_a480fd-50 > .kt-inside-inner-col{flex-direction:column;justify-content:center;}}<\/style>\n<div class=\"wp-block-kadence-column kadence-column10280_a480fd-50 inner-column-1\"><div class=\"kt-inside-inner-col\">\n<h4 class=\"wp-block-heading\">L\u2019approccio scientifico dell\u2019emicrania e la determinazione delle IgG<\/h4>\n\n\n\n<p class=\"wp-block-paragraph\">In accordo con recenti scoperte, una componente infiammatoria \u00e8 stata individuata come responsabile principale dell\u2019emicrania. L\u2019allergia alimentare di tipo III mediata da IgG pu\u00f2 essere causa di processi infiammatori. Controllare il livello di anticorpi IgG, seguire una dieta di eliminazione e di provocazione potrebbe rivelarsi un approccio utile.<\/p>\n\n\n\n<p class=\"wp-block-paragraph\">Dal 2005, gli scienziati stanno testando gli anticorpi IgG specifici per gli alimenti come nuovi marcatori per identificare i possibili alimenti che causano l\u2019emicrania. Nel 2010 venne pubblicata la prima prova di studio in doppio cieco casuale (\u201cDiet restriction in migraine, based on IgG against foods: a clinical double-blind, randomized, cross-over trial\u201d Alpay K et al.&nbsp;<a href=\"http:\/\/cep.sagepub.com\/content\/30\/7\/829.abstract\" target=\"_blank\" rel=\"noreferrer noopener\">Cephalalgia 2010; 30 (7): 829-837)<\/a>.<\/p>\n\n\n\n<p class=\"wp-block-paragraph\">Lo studio, compiuto tramite ImuPro, evidenzi\u00f2 che gli anticorpi IgG specifici per gli alimenti possono essere dei marcatori efficaci nell\u2019identificare possibili alimenti scatenanti una possibile emicrania. I partecipanti allo studio che si sono sottoposti ad una dieta di eliminazione priva degli alimenti a cui avevano positivit\u00e0 per IgG, avevano riduzione media del 32 % degli attacchi di emicrania e del 29,6 % dei giorni con emicrania rispetto ai pazienti sottoposti a placebo. Contemporaneamente, fu osservata anche una riduzione significativa dell\u2019uso di farmaci importanti. In alcuni pazienti l\u2019emicrania scomparve definitivamente.<\/p>\n\n\n\n<p class=\"wp-block-paragraph\">Un altro studio in doppio cieco casuale condotto con ImuPro, era rivolto ai pazienti che soffrivano di emicrania e allo stesso tempo di IBS o sindrome del colon irritabile. ( (\u201cIgG-based elimination diet in migraine plus Irritable Bowel Syndrome\u201d Aydinlar E. et al&nbsp;<a href=\"http:\/\/www.ncbi.nlm.nih.gov\/pubmed\/23216231\" target=\"_blank\" rel=\"noreferrer noopener\">Headache 2013 Mar; 53(3):514-25)<\/a>. Lo studio evidenzi\u00f2 risultati notevoli con una riduzione media di attacchi di emicrania e di giorni di emicrania del 44 % e del 42 % per quanto riguarda i sintomi dell\u2019IBS. Gli autori conclusero: \u201cI nostri risultati indicano che l\u2019eliminazione degli alimenti basata sugli anticorpi IgG nei pazienti che soffrono contemporaneamente di emicrania e di IBS pu\u00f2 effettivamente ridurre i sintomi di entrambe le problematiche. Ci\u00f2 potrebbe avere un\u2019impatto positivo significativo sulla qualit\u00e0 della vita dei pazienti e allo stesso tempo essere un potenziale risparmio per il sistema sanitario.<\/p>\n<\/div><\/div>\n\n\n<style>.kadence-column10280_76aa3c-0a > .kt-inside-inner-col,.kadence-column10280_76aa3c-0a > .kt-inside-inner-col:before{border-top-left-radius:0px;border-top-right-radius:0px;border-bottom-right-radius:0px;border-bottom-left-radius:0px;}.kadence-column10280_76aa3c-0a > .kt-inside-inner-col{column-gap:var(--global-kb-gap-sm, 1rem);}.kadence-column10280_76aa3c-0a > .kt-inside-inner-col{flex-direction:column;}.kadence-column10280_76aa3c-0a > .kt-inside-inner-col > .aligncenter{width:100%;}.kadence-column10280_76aa3c-0a > .kt-inside-inner-col:before{opacity:0.3;}.kadence-column10280_76aa3c-0a{position:relative;}@media all and (max-width: 1024px){.kadence-column10280_76aa3c-0a > .kt-inside-inner-col{flex-direction:column;justify-content:center;}}@media all and (max-width: 767px){.kadence-column10280_76aa3c-0a > .kt-inside-inner-col{flex-direction:column;justify-content:center;}}<\/style>\n<div class=\"wp-block-kadence-column kadence-column10280_76aa3c-0a inner-column-2\"><div class=\"kt-inside-inner-col\">\n<figure class=\"wp-block-image aligncenter\"><img loading=\"lazy\" decoding=\"async\" width=\"300\" height=\"213\" src=\"https:\/\/imupro.com\/wp-content\/uploads\/2019\/02\/scientific-approach-300x213.jpg\" alt=\"\" class=\"wp-image-372\" srcset=\"https:\/\/imupro.ch\/wp-content\/uploads\/2019\/02\/scientific-approach-300x213.jpg 300w, https:\/\/imupro.ch\/wp-content\/uploads\/2019\/02\/scientific-approach-768x544.jpg 768w, https:\/\/imupro.ch\/wp-content\/uploads\/2019\/02\/scientific-approach.jpg 900w\" sizes=\"auto, (max-width: 300px) 100vw, 300px\" \/><\/figure>\n<\/div><\/div>\n\n<\/div><\/div>","protected":false},"excerpt":{"rendered":"<p>Mal di testa e allergie alimentari mediate da IgG Allergie alimentari mediate da IgG, possibili agenti scatenanti dei processi infiammatori che causano l\u2019emicrania Molte persone soffrono di mal di testa, pi\u00f9 o meno frequentemente. Esistono pi\u00f9 di 200 tipi di mal di testa; i pi\u00f9 comuni sono il mal di testa tensivo e l\u2019emicrania. Ogni [&hellip;]<\/p>\n","protected":false},"author":1,"featured_media":0,"parent":10256,"menu_order":0,"comment_status":"closed","ping_status":"closed","template":"","meta":{"_acf_changed":false,"_seopress_titles_title":"","_seopress_titles_desc":"","_seopress_robots_index":"","_seopress_robots_follow":"","_seopress_robots_imageindex":"","_seopress_robots_snippet":"","_seopress_robots_primary_cat":"","_seopress_robots_breadcrumbs":"","_seopress_robots_freeze_modified_date":"","_seopress_robots_custom_modified_date":"","_seopress_robots_canonical":"","_seopress_social_fb_title":"","_seopress_social_fb_desc":"","_seopress_social_fb_img":"","_seopress_social_fb_img_attachment_id":0,"_seopress_social_fb_img_width":0,"_seopress_social_fb_img_height":0,"_seopress_social_twitter_title":"","_seopress_social_twitter_desc":"","_seopress_social_twitter_img":"","_seopress_social_twitter_img_attachment_id":0,"_seopress_social_twitter_img_width":0,"_seopress_social_twitter_img_height":0,"_seopress_redirections_value":"","_seopress_redirections_enabled":"","_seopress_redirections_enabled_regex":"","_seopress_redirections_logged_status":"both","_seopress_redirections_param":"","_seopress_redirections_type":301,"_seopress_analysis_target_kw":"","_kad_blocks_custom_css":"","_kad_blocks_head_custom_js":"","_kad_blocks_body_custom_js":"","_kad_blocks_footer_custom_js":"","site-sidebar-layout":"default","site-content-layout":"","ast-site-content-layout":"default","site-content-style":"default","site-sidebar-style":"default","ast-global-header-display":"","ast-banner-title-visibility":"","ast-main-header-display":"","ast-hfb-above-header-display":"","ast-hfb-below-header-display":"","ast-hfb-mobile-header-display":"","site-post-title":"","ast-breadcrumbs-content":"","ast-featured-img":"","footer-sml-layout":"","ast-disable-related-posts":"","theme-transparent-header-meta":"","adv-header-id-meta":"","stick-header-meta":"","header-above-stick-meta":"","header-main-stick-meta":"","header-below-stick-meta":"","astra-migrate-meta-layouts":"set","ast-page-background-enabled":"default","ast-page-background-meta":{"desktop":{"background-color":"","background-image":"","background-repeat":"repeat","background-position":"center center","background-size":"auto","background-attachment":"scroll","background-type":"","background-media":"","overlay-type":"","overlay-color":"","overlay-opacity":"","overlay-gradient":""},"tablet":{"background-color":"","background-image":"","background-repeat":"repeat","background-position":"center center","background-size":"auto","background-attachment":"scroll","background-type":"","background-media":"","overlay-type":"","overlay-color":"","overlay-opacity":"","overlay-gradient":""},"mobile":{"background-color":"","background-image":"","background-repeat":"repeat","background-position":"center center","background-size":"auto","background-attachment":"scroll","background-type":"","background-media":"","overlay-type":"","overlay-color":"","overlay-opacity":"","overlay-gradient":""}},"ast-content-background-meta":{"desktop":{"background-color":"var(--ast-global-color-5)","background-image":"","background-repeat":"repeat","background-position":"center center","background-size":"auto","background-attachment":"scroll","background-type":"","background-media":"","overlay-type":"","overlay-color":"","overlay-opacity":"","overlay-gradient":""},"tablet":{"background-color":"var(--ast-global-color-5)","background-image":"","background-repeat":"repeat","background-position":"center center","background-size":"auto","background-attachment":"scroll","background-type":"","background-media":"","overlay-type":"","overlay-color":"","overlay-opacity":"","overlay-gradient":""},"mobile":{"background-color":"var(--ast-global-color-5)","background-image":"","background-repeat":"repeat","background-position":"center center","background-size":"auto","background-attachment":"scroll","background-type":"","background-media":"","overlay-type":"","overlay-color":"","overlay-opacity":"","overlay-gradient":""}},"footnotes":""},"class_list":["post-10280","page","type-page","status-publish","hentry"],"acf":[],"taxonomy_info":[],"featured_image_src_large":false,"author_info":{"display_name":"marc","author_link":"https:\/\/imupro.ch\/it\/author\/marc\/"},"comment_info":0,"_links":{"self":[{"href":"https:\/\/imupro.ch\/it\/wp-json\/wp\/v2\/pages\/10280","targetHints":{"allow":["GET"]}}],"collection":[{"href":"https:\/\/imupro.ch\/it\/wp-json\/wp\/v2\/pages"}],"about":[{"href":"https:\/\/imupro.ch\/it\/wp-json\/wp\/v2\/types\/page"}],"author":[{"embeddable":true,"href":"https:\/\/imupro.ch\/it\/wp-json\/wp\/v2\/users\/1"}],"replies":[{"embeddable":true,"href":"https:\/\/imupro.ch\/it\/wp-json\/wp\/v2\/comments?post=10280"}],"version-history":[{"count":4,"href":"https:\/\/imupro.ch\/it\/wp-json\/wp\/v2\/pages\/10280\/revisions"}],"predecessor-version":[{"id":10285,"href":"https:\/\/imupro.ch\/it\/wp-json\/wp\/v2\/pages\/10280\/revisions\/10285"}],"up":[{"embeddable":true,"href":"https:\/\/imupro.ch\/it\/wp-json\/wp\/v2\/pages\/10256"}],"wp:attachment":[{"href":"https:\/\/imupro.ch\/it\/wp-json\/wp\/v2\/media?parent=10280"}],"curies":[{"name":"wp","href":"https:\/\/api.w.org\/{rel}","templated":true}]}}