{"id":10627,"date":"2025-05-16T14:49:14","date_gmt":"2025-05-16T12:49:14","guid":{"rendered":"https:\/\/dev.imupro.ch\/?page_id=10627"},"modified":"2025-06-11T15:28:40","modified_gmt":"2025-06-11T13:28:40","slug":"glossar","status":"publish","type":"page","link":"https:\/\/imupro.ch\/de\/glossar\/","title":{"rendered":"Glossar"},"content":{"rendered":"\n<h1 class=\"wp-block-heading\">Glossar<\/h1>\n\n\n\n<h2 class=\"wp-block-heading\">Ein hilfreiches A-Z Glossar\u00a0mit Begriffen und Erkl\u00e4rungen rund um\u00a0ImuPro<\/h2>\n\n\n\n<p class=\"wp-block-paragraph\"><div class=\"wpg-list-wrapper wpg-list-wrapper-template-alphabet\"><div class=\"wpg-list-filter-container\"><div class=\"wpg-list-filter\"><span class=\"wpg-list-filter-row\"><a class=\" filter active\" data-filter=\"all\">All<\/a><a class=\" filter-disable\" data-filter=\".wpg-filter-0-9\">0-9<\/a><a class=\" filter\" data-filter=\".wpg-filter-a\">A<\/a><a class=\" filter\" data-filter=\".wpg-filter-b\">B<\/a><a class=\" filter\" data-filter=\".wpg-filter-c\">C<\/a><a class=\" filter\" data-filter=\".wpg-filter-d\">D<\/a><a class=\" filter\" data-filter=\".wpg-filter-e\">E<\/a><a class=\" filter\" data-filter=\".wpg-filter-f\">F<\/a><a class=\" filter\" data-filter=\".wpg-filter-g\">G<\/a><a class=\" filter\" data-filter=\".wpg-filter-h\">H<\/a><a class=\" filter\" data-filter=\".wpg-filter-i\">I<\/a><a class=\" filter-disable\" data-filter=\".wpg-filter-j\">J<\/a><a class=\" filter\" data-filter=\".wpg-filter-k\">K<\/a><a class=\" filter\" data-filter=\".wpg-filter-l\">L<\/a><a class=\" filter\" data-filter=\".wpg-filter-m\">M<\/a><a class=\" filter\" data-filter=\".wpg-filter-n\">N<\/a><a class=\" filter\" data-filter=\".wpg-filter-o\">O<\/a><a class=\" filter\" data-filter=\".wpg-filter-p\">P<\/a><a class=\" filter-disable\" data-filter=\".wpg-filter-q\">Q<\/a><a class=\" filter\" data-filter=\".wpg-filter-r\">R<\/a><a class=\" filter\" data-filter=\".wpg-filter-s\">S<\/a><a class=\" filter\" data-filter=\".wpg-filter-t\">T<\/a><a class=\" filter\" data-filter=\".wpg-filter-u\">U<\/a><a class=\" filter\" data-filter=\".wpg-filter-v\">V<\/a><a class=\" filter-disable\" data-filter=\".wpg-filter-w\">W<\/a><a class=\" filter-disable\" data-filter=\".wpg-filter-x\">X<\/a><a class=\" filter-disable\" data-filter=\".wpg-filter-y\">Y<\/a><a class=\" filter\" data-filter=\".wpg-filter-z\">Z<\/a><\/span><\/div><\/div><div class=\"wpg-list wpg-list-template-three-column\"><div class=\"wpg-list-block wpg-filter-a mix\" data-filter-base=\"a\"><h3 class=\"wpg-list-block-heading\">A<\/h3><ul class=\"wpg-list-items\"><li class=\"wpg-list-item\"><a class=\"wpg-list-item-title wpg-tooltip\" title=\"&lt;h3 class=&quot;wpg-tooltip-title&quot;&gt;&lt;span class=&quot;wpg-tooltip-term-title&quot;&gt;Adipositas&lt;\/span&gt;&lt;\/h3&gt;&lt;div class=&quot;wpg-tooltip-content&quot;&gt;Fettleibigkeit, Fettsucht. Das K\u00f6rperfett ist \u00fcber das normale Ma\u00df hinaus stark vermehrt und f\u00fchrt zu krankhaften Effekten. Nach WHO-Definition spricht&lt;p class=&quot;wpg-read-more&quot;&gt;&lt;a href=&quot;https:\/\/imupro.ch\/de\/glossar_de\/adipositas\/&quot;&gt;Read More&lt;\/a&gt;&lt;p&gt;&lt;\/div&gt;\" href=\"https:\/\/imupro.ch\/de\/glossar_de\/adipositas\/\" >Adipositas<\/a><\/li><li class=\"wpg-list-item\"><a class=\"wpg-list-item-title wpg-tooltip\" title=\"&lt;h3 class=&quot;wpg-tooltip-title&quot;&gt;&lt;span class=&quot;wpg-tooltip-term-title&quot;&gt;Allergen&lt;\/span&gt;&lt;\/h3&gt;&lt;div class=&quot;wpg-tooltip-content&quot;&gt;Ausl\u00f6ser einer allergischen Reaktion. Proteine, z. B. von Pollen oder Nah\u00adrungsmitteln, werden vom Immunsystem als \u201efremd\u201c erkannt. Es kommt zu&lt;p class=&quot;wpg-read-more&quot;&gt;&lt;a href=&quot;https:\/\/imupro.ch\/de\/glossar_de\/allergen\/&quot;&gt;Read More&lt;\/a&gt;&lt;p&gt;&lt;\/div&gt;\" href=\"https:\/\/imupro.ch\/de\/glossar_de\/allergen\/\" >Allergen<\/a><\/li><li class=\"wpg-list-item\"><a class=\"wpg-list-item-title wpg-tooltip\" title=\"&lt;h3 class=&quot;wpg-tooltip-title&quot;&gt;&lt;span class=&quot;wpg-tooltip-term-title&quot;&gt;Allergie Typ I&lt;\/span&gt;&lt;\/h3&gt;&lt;div class=&quot;wpg-tooltip-content&quot;&gt;Allergie vom Sofort-Typ; wird durch IgE vermittelt. Histamin wird freigesetzt. Dies f\u00fchrt im K\u00f6rper zu den typischen allergischen Reaktionen, die&lt;p class=&quot;wpg-read-more&quot;&gt;&lt;a href=&quot;https:\/\/imupro.ch\/de\/glossar_de\/allergie-typ-i\/&quot;&gt;Read More&lt;\/a&gt;&lt;p&gt;&lt;\/div&gt;\" href=\"https:\/\/imupro.ch\/de\/glossar_de\/allergie-typ-i\/\" >Allergie Typ I<\/a><\/li><li class=\"wpg-list-item\"><a class=\"wpg-list-item-title wpg-tooltip\" title=\"&lt;h3 class=&quot;wpg-tooltip-title&quot;&gt;&lt;span class=&quot;wpg-tooltip-term-title&quot;&gt;Allergie Typ III&lt;\/span&gt;&lt;\/h3&gt;&lt;div class=&quot;wpg-tooltip-content&quot;&gt;Allergie vom verz\u00f6gerten Typ; wird vermutlich auch durch IgG vermittelt. Es kann zu Entz\u00fcndungen im K\u00f6rper kommen, die zeitverz\u00f6gert zu&lt;p class=&quot;wpg-read-more&quot;&gt;&lt;a href=&quot;https:\/\/imupro.ch\/de\/glossar_de\/allergie-typ-iii\/&quot;&gt;Read More&lt;\/a&gt;&lt;p&gt;&lt;\/div&gt;\" href=\"https:\/\/imupro.ch\/de\/glossar_de\/allergie-typ-iii\/\" >Allergie Typ III<\/a><\/li><li class=\"wpg-list-item\"><a class=\"wpg-list-item-title wpg-tooltip\" title=\"&lt;h3 class=&quot;wpg-tooltip-title&quot;&gt;&lt;span class=&quot;wpg-tooltip-term-title&quot;&gt;Allgemeinreaktion&lt;\/span&gt;&lt;\/h3&gt;&lt;div class=&quot;wpg-tooltip-content&quot;&gt;Reaktion, die nicht direkt an der Stelle auftritt, an der es zum Allergenkontakt gekommen ist.&lt;p class=&quot;wpg-read-more&quot;&gt;&lt;a href=&quot;https:\/\/imupro.ch\/de\/glossar_de\/allgemeinreaktion\/&quot;&gt;Read More&lt;\/a&gt;&lt;p&gt;&lt;\/div&gt;\" href=\"https:\/\/imupro.ch\/de\/glossar_de\/allgemeinreaktion\/\" >Allgemeinreaktion<\/a><\/li><li class=\"wpg-list-item\"><a class=\"wpg-list-item-title wpg-tooltip\" title=\"&lt;h3 class=&quot;wpg-tooltip-title&quot;&gt;&lt;span class=&quot;wpg-tooltip-term-title&quot;&gt;Anaphylaxie&lt;\/span&gt;&lt;\/h3&gt;&lt;div class=&quot;wpg-tooltip-content&quot;&gt;Schwere allergische Reaktion, die auch Organe oder den ganzen K\u00f6rper betreffen kann. Im schlimmsten Fall kann es zu einem anaphylaktischen&lt;p class=&quot;wpg-read-more&quot;&gt;&lt;a href=&quot;https:\/\/imupro.ch\/de\/glossar_de\/anaphylaxie\/&quot;&gt;Read More&lt;\/a&gt;&lt;p&gt;&lt;\/div&gt;\" href=\"https:\/\/imupro.ch\/de\/glossar_de\/anaphylaxie\/\" >Anaphylaxie<\/a><\/li><li class=\"wpg-list-item\"><a class=\"wpg-list-item-title wpg-tooltip\" title=\"&lt;h3 class=&quot;wpg-tooltip-title&quot;&gt;&lt;span class=&quot;wpg-tooltip-term-title&quot;&gt;Anaphylaxie&lt;\/span&gt;&lt;\/h3&gt;&lt;div class=&quot;wpg-tooltip-content&quot;&gt;Schwere allergische Reaktion, die auch Organe oder den ganzen K\u00f6rper betreffen kann. Im schlimmsten Fall kann es zu einem anaphylaktischen&lt;p class=&quot;wpg-read-more&quot;&gt;&lt;a href=&quot;https:\/\/imupro.ch\/de\/glossar_de\/anaphylaxie-2\/&quot;&gt;Read More&lt;\/a&gt;&lt;p&gt;&lt;\/div&gt;\" href=\"https:\/\/imupro.ch\/de\/glossar_de\/anaphylaxie-2\/\" >Anaphylaxie<\/a><\/li><li class=\"wpg-list-item\"><a class=\"wpg-list-item-title wpg-tooltip\" title=\"&lt;h3 class=&quot;wpg-tooltip-title&quot;&gt;&lt;span class=&quot;wpg-tooltip-term-title&quot;&gt;Antiallergikum&lt;\/span&gt;&lt;\/h3&gt;&lt;div class=&quot;wpg-tooltip-content&quot;&gt;Antiallergisches Medikament, beugt allergischen Symptomen vor oder schw\u00e4cht sie ab.&lt;p class=&quot;wpg-read-more&quot;&gt;&lt;a href=&quot;https:\/\/imupro.ch\/de\/glossar_de\/antiallergikum\/&quot;&gt;Read More&lt;\/a&gt;&lt;p&gt;&lt;\/div&gt;\" href=\"https:\/\/imupro.ch\/de\/glossar_de\/antiallergikum\/\" >Antiallergikum<\/a><\/li><li class=\"wpg-list-item\"><a class=\"wpg-list-item-title wpg-tooltip\" title=\"&lt;h3 class=&quot;wpg-tooltip-title&quot;&gt;&lt;span class=&quot;wpg-tooltip-term-title&quot;&gt;Antigen&lt;\/span&gt;&lt;\/h3&gt;&lt;div class=&quot;wpg-tooltip-content&quot;&gt;Substanz, die vom Immunsystem als \u201efremd\u201c erkannt und mit einer Immunreaktion bek\u00e4mpft wird.&lt;p class=&quot;wpg-read-more&quot;&gt;&lt;a href=&quot;https:\/\/imupro.ch\/de\/glossar_de\/antigen\/&quot;&gt;Read More&lt;\/a&gt;&lt;p&gt;&lt;\/div&gt;\" href=\"https:\/\/imupro.ch\/de\/glossar_de\/antigen\/\" >Antigen<\/a><\/li><li class=\"wpg-list-item\"><a class=\"wpg-list-item-title wpg-tooltip\" title=\"&lt;h3 class=&quot;wpg-tooltip-title&quot;&gt;&lt;span class=&quot;wpg-tooltip-term-title&quot;&gt;Antihistaminikum&lt;\/span&gt;&lt;\/h3&gt;&lt;div class=&quot;wpg-tooltip-content&quot;&gt;Medikament gegen Allergien, das die Histaminwirkung blockiert.&lt;p class=&quot;wpg-read-more&quot;&gt;&lt;a href=&quot;https:\/\/imupro.ch\/de\/glossar_de\/antihistaminikum\/&quot;&gt;Read More&lt;\/a&gt;&lt;p&gt;&lt;\/div&gt;\" href=\"https:\/\/imupro.ch\/de\/glossar_de\/antihistaminikum\/\" >Antihistaminikum<\/a><\/li><li class=\"wpg-list-item\"><a class=\"wpg-list-item-title wpg-tooltip\" title=\"&lt;h3 class=&quot;wpg-tooltip-title&quot;&gt;&lt;span class=&quot;wpg-tooltip-term-title&quot;&gt;Antik\u00f6rper&lt;\/span&gt;&lt;\/h3&gt;&lt;div class=&quot;wpg-tooltip-content&quot;&gt;Immunglobulin, Abwehrstoff im Blutserum.&lt;p class=&quot;wpg-read-more&quot;&gt;&lt;a href=&quot;https:\/\/imupro.ch\/de\/glossar_de\/antikoerper\/&quot;&gt;Read More&lt;\/a&gt;&lt;p&gt;&lt;\/div&gt;\" href=\"https:\/\/imupro.ch\/de\/glossar_de\/antikoerper\/\" >Antik\u00f6rper<\/a><\/li><li class=\"wpg-list-item\"><a class=\"wpg-list-item-title wpg-tooltip\" title=\"&lt;h3 class=&quot;wpg-tooltip-title&quot;&gt;&lt;span class=&quot;wpg-tooltip-term-title&quot;&gt;Asthma bronchiale&lt;\/span&gt;&lt;\/h3&gt;&lt;div class=&quot;wpg-tooltip-content&quot;&gt;Chronisch entz\u00fcndliche Erkrankung der Bronchien, die zu Verengung der Atemwege f\u00fchrt (anfallsweise).&lt;p class=&quot;wpg-read-more&quot;&gt;&lt;a href=&quot;https:\/\/imupro.ch\/de\/glossar_de\/asthma-bronchiale\/&quot;&gt;Read More&lt;\/a&gt;&lt;p&gt;&lt;\/div&gt;\" href=\"https:\/\/imupro.ch\/de\/glossar_de\/asthma-bronchiale\/\" >Asthma bronchiale<\/a><\/li><li class=\"wpg-list-item\"><a class=\"wpg-list-item-title wpg-tooltip\" title=\"&lt;h3 class=&quot;wpg-tooltip-title&quot;&gt;&lt;span class=&quot;wpg-tooltip-term-title&quot;&gt;Atopie&lt;\/span&gt;&lt;\/h3&gt;&lt;div class=&quot;wpg-tooltip-content&quot;&gt;Veranlagung zu \u00dcberempfindlichkeitsreaktionen auf an sich harmlose Stoffe.&lt;p class=&quot;wpg-read-more&quot;&gt;&lt;a href=&quot;https:\/\/imupro.ch\/de\/glossar_de\/atopie\/&quot;&gt;Read More&lt;\/a&gt;&lt;p&gt;&lt;\/div&gt;\" href=\"https:\/\/imupro.ch\/de\/glossar_de\/atopie\/\" >Atopie<\/a><\/li><li class=\"wpg-list-item\"><a class=\"wpg-list-item-title wpg-tooltip\" title=\"&lt;h3 class=&quot;wpg-tooltip-title&quot;&gt;&lt;span class=&quot;wpg-tooltip-term-title&quot;&gt;Atopische Dermatitis&lt;\/span&gt;&lt;\/h3&gt;&lt;div class=&quot;wpg-tooltip-content&quot;&gt;Atopisches Ekzem, Neurodermitis. Chronische Hautkrankheit, nicht-anstecken\u00add, die zu den atopischen Erkrankungen geh\u00f6rt. Typische Merkmale: Starker Juckreiz und rote, schuppende, manchmal&lt;p class=&quot;wpg-read-more&quot;&gt;&lt;a href=&quot;https:\/\/imupro.ch\/de\/glossar_de\/atopische-dermatitis\/&quot;&gt;Read More&lt;\/a&gt;&lt;p&gt;&lt;\/div&gt;\" href=\"https:\/\/imupro.ch\/de\/glossar_de\/atopische-dermatitis\/\" >Atopische Dermatitis<\/a><\/li><li class=\"wpg-list-item\"><a class=\"wpg-list-item-title wpg-tooltip\" title=\"&lt;h3 class=&quot;wpg-tooltip-title&quot;&gt;&lt;span class=&quot;wpg-tooltip-term-title&quot;&gt;Atopische Erkrankungen&lt;\/span&gt;&lt;\/h3&gt;&lt;div class=&quot;wpg-tooltip-content&quot;&gt;Hierzu z\u00e4hlen u.a. Asthma, Neurodermitis und Heuschnupfen.&lt;p class=&quot;wpg-read-more&quot;&gt;&lt;a href=&quot;https:\/\/imupro.ch\/de\/glossar_de\/atopische-erkrankungen\/&quot;&gt;Read More&lt;\/a&gt;&lt;p&gt;&lt;\/div&gt;\" href=\"https:\/\/imupro.ch\/de\/glossar_de\/atopische-erkrankungen\/\" >Atopische Erkrankungen<\/a><\/li><li class=\"wpg-list-item\"><a class=\"wpg-list-item-title wpg-tooltip\" title=\"&lt;h3 class=&quot;wpg-tooltip-title&quot;&gt;&lt;span class=&quot;wpg-tooltip-term-title&quot;&gt;Autoimmunerkrankungen&lt;\/span&gt;&lt;\/h3&gt;&lt;div class=&quot;wpg-tooltip-content&quot;&gt;Bei diesen Erkrankungen bewertet das Immunsystem k\u00f6rpereigenes Gewebe als fremd und bek\u00e4mpft es.&lt;p class=&quot;wpg-read-more&quot;&gt;&lt;a href=&quot;https:\/\/imupro.ch\/de\/glossar_de\/autoimmunerkrankungen\/&quot;&gt;Read More&lt;\/a&gt;&lt;p&gt;&lt;\/div&gt;\" href=\"https:\/\/imupro.ch\/de\/glossar_de\/autoimmunerkrankungen\/\" >Autoimmunerkrankungen<\/a><\/li><\/ul><\/div><div class=\"wpg-list-block wpg-filter-b mix\" data-filter-base=\"b\"><h3 class=\"wpg-list-block-heading\">B<\/h3><ul class=\"wpg-list-items\"><li class=\"wpg-list-item\"><a class=\"wpg-list-item-title wpg-tooltip\" title=\"&lt;h3 class=&quot;wpg-tooltip-title&quot;&gt;&lt;span class=&quot;wpg-tooltip-term-title&quot;&gt;Biogene Amine&lt;\/span&gt;&lt;\/h3&gt;&lt;div class=&quot;wpg-tooltip-content&quot;&gt;Biogene Amine (Histamin, Tyramin, Phenylamin und Serotonin) kommen in verschiedenen Nahrungsmitteln von Natur aus vor und sind f\u00fcr den K\u00f6rper&lt;p class=&quot;wpg-read-more&quot;&gt;&lt;a href=&quot;https:\/\/imupro.ch\/de\/glossar_de\/biogene-amine\/&quot;&gt;Read More&lt;\/a&gt;&lt;p&gt;&lt;\/div&gt;\" href=\"https:\/\/imupro.ch\/de\/glossar_de\/biogene-amine\/\" >Biogene Amine<\/a><\/li><\/ul><\/div><div class=\"wpg-list-block wpg-filter-c mix\" data-filter-base=\"c\"><h3 class=\"wpg-list-block-heading\">C<\/h3><ul class=\"wpg-list-items\"><li class=\"wpg-list-item\"><a class=\"wpg-list-item-title wpg-tooltip\" title=\"&lt;h3 class=&quot;wpg-tooltip-title&quot;&gt;&lt;span class=&quot;wpg-tooltip-term-title&quot;&gt;Cluster-Kopfschmerz&lt;\/span&gt;&lt;\/h3&gt;&lt;div class=&quot;wpg-tooltip-content&quot;&gt;Prim\u00e4re Kopfschmerzerkrankung, die sich durch streng einseitig auftretende Attacken im Bereich von Schl\u00e4fe und Auge \u00e4u\u00dfert. Kopfschmerzen von st\u00e4rkster Intensit\u00e4t,&lt;p class=&quot;wpg-read-more&quot;&gt;&lt;a href=&quot;https:\/\/imupro.ch\/de\/glossar_de\/cluster-kopfschmerz\/&quot;&gt;Read More&lt;\/a&gt;&lt;p&gt;&lt;\/div&gt;\" href=\"https:\/\/imupro.ch\/de\/glossar_de\/cluster-kopfschmerz\/\" >Cluster-Kopfschmerz<\/a><\/li><\/ul><\/div><div class=\"wpg-list-block wpg-filter-d mix\" data-filter-base=\"d\"><h3 class=\"wpg-list-block-heading\">D<\/h3><ul class=\"wpg-list-items\"><li class=\"wpg-list-item\"><a class=\"wpg-list-item-title wpg-tooltip\" title=\"&lt;h3 class=&quot;wpg-tooltip-title&quot;&gt;&lt;span class=&quot;wpg-tooltip-term-title&quot;&gt;Dermatitis&lt;\/span&gt;&lt;\/h3&gt;&lt;div class=&quot;wpg-tooltip-content&quot;&gt;Entz\u00fcndung der Haut.&lt;p class=&quot;wpg-read-more&quot;&gt;&lt;a href=&quot;https:\/\/imupro.ch\/de\/glossar_de\/dermatitis\/&quot;&gt;Read More&lt;\/a&gt;&lt;p&gt;&lt;\/div&gt;\" href=\"https:\/\/imupro.ch\/de\/glossar_de\/dermatitis\/\" >Dermatitis<\/a><\/li><\/ul><\/div><div class=\"wpg-list-block wpg-filter-e mix\" data-filter-base=\"e\"><h3 class=\"wpg-list-block-heading\">E<\/h3><ul class=\"wpg-list-items\"><li class=\"wpg-list-item\"><a class=\"wpg-list-item-title wpg-tooltip\" title=\"&lt;h3 class=&quot;wpg-tooltip-title&quot;&gt;&lt;span class=&quot;wpg-tooltip-term-title&quot;&gt;Ekzem&lt;\/span&gt;&lt;\/h3&gt;&lt;div class=&quot;wpg-tooltip-content&quot;&gt;Entz\u00fcndung der Haut, oft verbunden mit starkem Juckreiz.&lt;p class=&quot;wpg-read-more&quot;&gt;&lt;a href=&quot;https:\/\/imupro.ch\/de\/glossar_de\/ekzem\/&quot;&gt;Read More&lt;\/a&gt;&lt;p&gt;&lt;\/div&gt;\" href=\"https:\/\/imupro.ch\/de\/glossar_de\/ekzem\/\" >Ekzem<\/a><\/li><li class=\"wpg-list-item\"><a class=\"wpg-list-item-title wpg-tooltip\" title=\"&lt;h3 class=&quot;wpg-tooltip-title&quot;&gt;&lt;span class=&quot;wpg-tooltip-term-title&quot;&gt;Eliminationsdi\u00e4t&lt;\/span&gt;&lt;\/h3&gt;&lt;div class=&quot;wpg-tooltip-content&quot;&gt;Nahrungsmittel, die unter dem Verdacht stehen, eine allergische Reaktion oder Unvertr\u00e4glichkeit auszul\u00f6sen, werden f\u00fcr eine gewisse Zeit vom Speiseplan gestrichen.&lt;p class=&quot;wpg-read-more&quot;&gt;&lt;a href=&quot;https:\/\/imupro.ch\/de\/glossar_de\/eliminationsdiaet\/&quot;&gt;Read More&lt;\/a&gt;&lt;p&gt;&lt;\/div&gt;\" href=\"https:\/\/imupro.ch\/de\/glossar_de\/eliminationsdiaet\/\" >Eliminationsdi\u00e4t<\/a><\/li><li class=\"wpg-list-item\"><a class=\"wpg-list-item-title wpg-tooltip\" title=\"&lt;h3 class=&quot;wpg-tooltip-title&quot;&gt;&lt;span class=&quot;wpg-tooltip-term-title&quot;&gt;Epikutantest&lt;\/span&gt;&lt;\/h3&gt;&lt;div class=&quot;wpg-tooltip-content&quot;&gt;Zum Nachweis von Kontaktallergien werden m\u00f6gliche Allergie-Ausl\u00f6ser auf die Haut gebracht und beobachtet, ob sie eine Reaktion hervorrufen.&lt;p class=&quot;wpg-read-more&quot;&gt;&lt;a href=&quot;https:\/\/imupro.ch\/de\/glossar_de\/epikutantest\/&quot;&gt;Read More&lt;\/a&gt;&lt;p&gt;&lt;\/div&gt;\" href=\"https:\/\/imupro.ch\/de\/glossar_de\/epikutantest\/\" >Epikutantest<\/a><\/li><\/ul><\/div><div class=\"wpg-list-block wpg-filter-f mix\" data-filter-base=\"f\"><h3 class=\"wpg-list-block-heading\">F<\/h3><ul class=\"wpg-list-items\"><li class=\"wpg-list-item\"><a class=\"wpg-list-item-title wpg-tooltip\" title=\"&lt;h3 class=&quot;wpg-tooltip-title&quot;&gt;&lt;span class=&quot;wpg-tooltip-term-title&quot;&gt;Fruktose-Malabsorption&lt;\/span&gt;&lt;\/h3&gt;&lt;div class=&quot;wpg-tooltip-content&quot;&gt;Der Transport der Fruktose vom Darm in die Blutbahn ist gest\u00f6rt, so dass der Fruchtzucker im D\u00fcnndarm nur begrenzt aufgenommen&lt;p class=&quot;wpg-read-more&quot;&gt;&lt;a href=&quot;https:\/\/imupro.ch\/de\/glossar_de\/fruktose-malabsorption\/&quot;&gt;Read More&lt;\/a&gt;&lt;p&gt;&lt;\/div&gt;\" href=\"https:\/\/imupro.ch\/de\/glossar_de\/fruktose-malabsorption\/\" >Fruktose-Malabsorption<\/a><\/li><\/ul><\/div><div class=\"wpg-list-block wpg-filter-g mix\" data-filter-base=\"g\"><h3 class=\"wpg-list-block-heading\">G<\/h3><ul class=\"wpg-list-items\"><li class=\"wpg-list-item\"><a class=\"wpg-list-item-title wpg-tooltip\" title=\"&lt;h3 class=&quot;wpg-tooltip-title&quot;&gt;&lt;span class=&quot;wpg-tooltip-term-title&quot;&gt;Gen&lt;\/span&gt;&lt;\/h3&gt;&lt;div class=&quot;wpg-tooltip-content&quot;&gt;Erbanlage&lt;p class=&quot;wpg-read-more&quot;&gt;&lt;a href=&quot;https:\/\/imupro.ch\/de\/glossar_de\/gen\/&quot;&gt;Read More&lt;\/a&gt;&lt;p&gt;&lt;\/div&gt;\" href=\"https:\/\/imupro.ch\/de\/glossar_de\/gen\/\" >Gen<\/a><\/li><li class=\"wpg-list-item\"><a class=\"wpg-list-item-title wpg-tooltip\" title=\"&lt;h3 class=&quot;wpg-tooltip-title&quot;&gt;&lt;span class=&quot;wpg-tooltip-term-title&quot;&gt;Gliadin&lt;\/span&gt;&lt;\/h3&gt;&lt;div class=&quot;wpg-tooltip-content&quot;&gt;Klebereiwei\u00df in glutenhaltigem Getreide.&lt;p class=&quot;wpg-read-more&quot;&gt;&lt;a href=&quot;https:\/\/imupro.ch\/de\/glossar_de\/gliadin\/&quot;&gt;Read More&lt;\/a&gt;&lt;p&gt;&lt;\/div&gt;\" href=\"https:\/\/imupro.ch\/de\/glossar_de\/gliadin\/\" >Gliadin<\/a><\/li><li class=\"wpg-list-item\"><a class=\"wpg-list-item-title wpg-tooltip\" title=\"&lt;h3 class=&quot;wpg-tooltip-title&quot;&gt;&lt;span class=&quot;wpg-tooltip-term-title&quot;&gt;Glucocorticoide&lt;\/span&gt;&lt;\/h3&gt;&lt;div class=&quot;wpg-tooltip-content&quot;&gt;Hormone, die eine starke anti-entz\u00fcndliche und anti-allergische Wirkung haben; werden in der Nebenniere gebildet.&lt;p class=&quot;wpg-read-more&quot;&gt;&lt;a href=&quot;https:\/\/imupro.ch\/de\/glossar_de\/glucocorticoide\/&quot;&gt;Read More&lt;\/a&gt;&lt;p&gt;&lt;\/div&gt;\" href=\"https:\/\/imupro.ch\/de\/glossar_de\/glucocorticoide\/\" >Glucocorticoide<\/a><\/li><li class=\"wpg-list-item\"><a class=\"wpg-list-item-title wpg-tooltip\" title=\"&lt;h3 class=&quot;wpg-tooltip-title&quot;&gt;&lt;span class=&quot;wpg-tooltip-term-title&quot;&gt;Gluten&lt;\/span&gt;&lt;\/h3&gt;&lt;div class=&quot;wpg-tooltip-content&quot;&gt;Oberbegriff f\u00fcr \u201eKlebereiwei\u00df\u201c, das z. B. in Weizen, Roggen, Gerste und Hafer vorkommt.&lt;p class=&quot;wpg-read-more&quot;&gt;&lt;a href=&quot;https:\/\/imupro.ch\/de\/glossar_de\/gluten\/&quot;&gt;Read More&lt;\/a&gt;&lt;p&gt;&lt;\/div&gt;\" href=\"https:\/\/imupro.ch\/de\/glossar_de\/gluten\/\" >Gluten<\/a><\/li><\/ul><\/div><div class=\"wpg-list-block wpg-filter-h mix\" data-filter-base=\"h\"><h3 class=\"wpg-list-block-heading\">H<\/h3><ul class=\"wpg-list-items\"><li class=\"wpg-list-item\"><a class=\"wpg-list-item-title wpg-tooltip\" title=\"&lt;h3 class=&quot;wpg-tooltip-title&quot;&gt;&lt;span class=&quot;wpg-tooltip-term-title&quot;&gt;Histamin&lt;\/span&gt;&lt;\/h3&gt;&lt;div class=&quot;wpg-tooltip-content&quot;&gt;Histamin spielt eine zentrale Rolle bei allergischen Reaktionen; wichtiger Botenstoff bei Entz\u00fcndungsreaktionen. Histamin-Unvertr\u00e4glichkeit: Das mit der Nahrung aufgenommene Histamin kann&lt;p class=&quot;wpg-read-more&quot;&gt;&lt;a href=&quot;https:\/\/imupro.ch\/de\/glossar_de\/istamina\/&quot;&gt;Read More&lt;\/a&gt;&lt;p&gt;&lt;\/div&gt;\" href=\"https:\/\/imupro.ch\/de\/glossar_de\/istamina\/\" >Histamin<\/a><\/li><li class=\"wpg-list-item\"><a class=\"wpg-list-item-title wpg-tooltip\" title=\"&lt;h3 class=&quot;wpg-tooltip-title&quot;&gt;&lt;span class=&quot;wpg-tooltip-term-title&quot;&gt;Hypoallergen&lt;\/span&gt;&lt;\/h3&gt;&lt;div class=&quot;wpg-tooltip-content&quot;&gt;\u201eWenig sensibilisierend\u201c, die F\u00e4higkeit Allergien auszul\u00f6sen, ist reduziert.&lt;p class=&quot;wpg-read-more&quot;&gt;&lt;a href=&quot;https:\/\/imupro.ch\/de\/glossar_de\/hypoallergen\/&quot;&gt;Read More&lt;\/a&gt;&lt;p&gt;&lt;\/div&gt;\" href=\"https:\/\/imupro.ch\/de\/glossar_de\/hypoallergen\/\" >Hypoallergen<\/a><\/li><li class=\"wpg-list-item\"><a class=\"wpg-list-item-title wpg-tooltip\" title=\"&lt;h3 class=&quot;wpg-tooltip-title&quot;&gt;&lt;span class=&quot;wpg-tooltip-term-title&quot;&gt;Hyposensibilisierung&lt;\/span&gt;&lt;\/h3&gt;&lt;div class=&quot;wpg-tooltip-content&quot;&gt;Ein Allergen wird dem K\u00f6rper in steigender Dosierung zugef\u00fchrt, um den K\u00f6rper daran zu gew\u00f6hnen.&lt;p class=&quot;wpg-read-more&quot;&gt;&lt;a href=&quot;https:\/\/imupro.ch\/de\/glossar_de\/hyposensibilisierung\/&quot;&gt;Read More&lt;\/a&gt;&lt;p&gt;&lt;\/div&gt;\" href=\"https:\/\/imupro.ch\/de\/glossar_de\/hyposensibilisierung\/\" >Hyposensibilisierung<\/a><\/li><\/ul><\/div><div class=\"wpg-list-block wpg-filter-i mix\" data-filter-base=\"i\"><h3 class=\"wpg-list-block-heading\">I<\/h3><ul class=\"wpg-list-items\"><li class=\"wpg-list-item\"><a class=\"wpg-list-item-title wpg-tooltip\" title=\"&lt;h3 class=&quot;wpg-tooltip-title&quot;&gt;&lt;span class=&quot;wpg-tooltip-term-title&quot;&gt;IgE&lt;\/span&gt;&lt;\/h3&gt;&lt;div class=&quot;wpg-tooltip-content&quot;&gt;Immunglobulin E, eine spezielle Klasse von Antik\u00f6rpern, die bei Sofort-Allergien eine Rolle spielen.&lt;p class=&quot;wpg-read-more&quot;&gt;&lt;a href=&quot;https:\/\/imupro.ch\/de\/glossar_de\/ige\/&quot;&gt;Read More&lt;\/a&gt;&lt;p&gt;&lt;\/div&gt;\" href=\"https:\/\/imupro.ch\/de\/glossar_de\/ige\/\" >IgE<\/a><\/li><li class=\"wpg-list-item\"><a class=\"wpg-list-item-title wpg-tooltip\" title=\"&lt;h3 class=&quot;wpg-tooltip-title&quot;&gt;&lt;span class=&quot;wpg-tooltip-term-title&quot;&gt;IgG&lt;\/span&gt;&lt;\/h3&gt;&lt;div class=&quot;wpg-tooltip-content&quot;&gt;Immunglobulin G, eine spezielle Klasse von Antik\u00f6rpern, die vermutlich bei der verz\u00f6gerten Nahrungsmittelallergie eine Rolle spielen.&lt;p class=&quot;wpg-read-more&quot;&gt;&lt;a href=&quot;https:\/\/imupro.ch\/de\/glossar_de\/igg\/&quot;&gt;Read More&lt;\/a&gt;&lt;p&gt;&lt;\/div&gt;\" href=\"https:\/\/imupro.ch\/de\/glossar_de\/igg\/\" >IgG<\/a><\/li><li class=\"wpg-list-item\"><a class=\"wpg-list-item-title wpg-tooltip\" title=\"&lt;h3 class=&quot;wpg-tooltip-title&quot;&gt;&lt;span class=&quot;wpg-tooltip-term-title&quot;&gt;Immunglobulin&lt;\/span&gt;&lt;\/h3&gt;&lt;div class=&quot;wpg-tooltip-content&quot;&gt;Eiwei\u00dfe, die fremde Eiwei\u00dfe an sich binden, damit unsch\u00e4dlich machen und der Zerst\u00f6rung durch das Immunsystem zuf\u00fchren. Man unterscheidet folgende&lt;p class=&quot;wpg-read-more&quot;&gt;&lt;a href=&quot;https:\/\/imupro.ch\/de\/glossar_de\/immunglobulin\/&quot;&gt;Read More&lt;\/a&gt;&lt;p&gt;&lt;\/div&gt;\" href=\"https:\/\/imupro.ch\/de\/glossar_de\/immunglobulin\/\" >Immunglobulin<\/a><\/li><li class=\"wpg-list-item\"><a class=\"wpg-list-item-title wpg-tooltip\" title=\"&lt;h3 class=&quot;wpg-tooltip-title&quot;&gt;&lt;span class=&quot;wpg-tooltip-term-title&quot;&gt;Immunkomplex&lt;\/span&gt;&lt;\/h3&gt;&lt;div class=&quot;wpg-tooltip-content&quot;&gt;Zusammenschluss eines bestimmten Antigens mit einem passenden Anti-k\u00f6rper, der durch das Komplementsystem vernichtet wird.&lt;p class=&quot;wpg-read-more&quot;&gt;&lt;a href=&quot;https:\/\/imupro.ch\/de\/glossar_de\/immunkomplex\/&quot;&gt;Read More&lt;\/a&gt;&lt;p&gt;&lt;\/div&gt;\" href=\"https:\/\/imupro.ch\/de\/glossar_de\/immunkomplex\/\" >Immunkomplex<\/a><\/li><li class=\"wpg-list-item\"><a class=\"wpg-list-item-title wpg-tooltip\" title=\"&lt;h3 class=&quot;wpg-tooltip-title&quot;&gt;&lt;span class=&quot;wpg-tooltip-term-title&quot;&gt;Immunsystem&lt;\/span&gt;&lt;\/h3&gt;&lt;div class=&quot;wpg-tooltip-content&quot;&gt;Abwehrsystem des K\u00f6rpers, sch\u00fctzt vor Krankheitserregern. Bei einer Allergie reagiert das Immunsystem f\u00e4lschlicherweise auf an sich harmlose Substanzen.&lt;p class=&quot;wpg-read-more&quot;&gt;&lt;a href=&quot;https:\/\/imupro.ch\/de\/glossar_de\/immunsystem\/&quot;&gt;Read More&lt;\/a&gt;&lt;p&gt;&lt;\/div&gt;\" href=\"https:\/\/imupro.ch\/de\/glossar_de\/immunsystem\/\" >Immunsystem<\/a><\/li><li class=\"wpg-list-item\"><a class=\"wpg-list-item-title wpg-tooltip\" title=\"&lt;h3 class=&quot;wpg-tooltip-title&quot;&gt;&lt;span class=&quot;wpg-tooltip-term-title&quot;&gt;Inhalation&lt;\/span&gt;&lt;\/h3&gt;&lt;div class=&quot;wpg-tooltip-content&quot;&gt;Einatmen von gasf\u00f6rmigen Stoffen, zerst\u00e4ubten Fl\u00fcssigkeiten.&lt;p class=&quot;wpg-read-more&quot;&gt;&lt;a href=&quot;https:\/\/imupro.ch\/de\/glossar_de\/inhalation\/&quot;&gt;Read More&lt;\/a&gt;&lt;p&gt;&lt;\/div&gt;\" href=\"https:\/\/imupro.ch\/de\/glossar_de\/inhalation\/\" >Inhalation<\/a><\/li><li class=\"wpg-list-item\"><a class=\"wpg-list-item-title wpg-tooltip\" title=\"&lt;h3 class=&quot;wpg-tooltip-title&quot;&gt;&lt;span class=&quot;wpg-tooltip-term-title&quot;&gt;Intoleranz&lt;\/span&gt;&lt;\/h3&gt;&lt;div class=&quot;wpg-tooltip-content&quot;&gt;Unvertr\u00e4glichkeitsreaktion ohne Beteiligung des Immunsystems.&lt;p class=&quot;wpg-read-more&quot;&gt;&lt;a href=&quot;https:\/\/imupro.ch\/de\/glossar_de\/intoleranz\/&quot;&gt;Read More&lt;\/a&gt;&lt;p&gt;&lt;\/div&gt;\" href=\"https:\/\/imupro.ch\/de\/glossar_de\/intoleranz\/\" >Intoleranz<\/a><\/li><\/ul><\/div><div class=\"wpg-list-block wpg-filter-k mix\" data-filter-base=\"k\"><h3 class=\"wpg-list-block-heading\">K<\/h3><ul class=\"wpg-list-items\"><li class=\"wpg-list-item\"><a class=\"wpg-list-item-title wpg-tooltip\" title=\"&lt;h3 class=&quot;wpg-tooltip-title&quot;&gt;&lt;span class=&quot;wpg-tooltip-term-title&quot;&gt;Komplementsystem&lt;\/span&gt;&lt;\/h3&gt;&lt;div class=&quot;wpg-tooltip-content&quot;&gt;Teil der unspezifischen, angeborenen Immunabwehr, die innerhalb von Minuten stattfindet.&lt;p class=&quot;wpg-read-more&quot;&gt;&lt;a href=&quot;https:\/\/imupro.ch\/de\/glossar_de\/komplementsystem\/&quot;&gt;Read More&lt;\/a&gt;&lt;p&gt;&lt;\/div&gt;\" href=\"https:\/\/imupro.ch\/de\/glossar_de\/komplementsystem\/\" >Komplementsystem<\/a><\/li><li class=\"wpg-list-item\"><a class=\"wpg-list-item-title wpg-tooltip\" title=\"&lt;h3 class=&quot;wpg-tooltip-title&quot;&gt;&lt;span class=&quot;wpg-tooltip-term-title&quot;&gt;Kontaktallergie&lt;\/span&gt;&lt;\/h3&gt;&lt;div class=&quot;wpg-tooltip-content&quot;&gt;Durch direkten Kontakt der Haut mit dem Allergen wird eine allergische Reaktion ausgel\u00f6st.&lt;p class=&quot;wpg-read-more&quot;&gt;&lt;a href=&quot;https:\/\/imupro.ch\/de\/glossar_de\/kontaktallergie\/&quot;&gt;Read More&lt;\/a&gt;&lt;p&gt;&lt;\/div&gt;\" href=\"https:\/\/imupro.ch\/de\/glossar_de\/kontaktallergie\/\" >Kontaktallergie<\/a><\/li><li class=\"wpg-list-item\"><a class=\"wpg-list-item-title wpg-tooltip\" title=\"&lt;h3 class=&quot;wpg-tooltip-title&quot;&gt;&lt;span class=&quot;wpg-tooltip-term-title&quot;&gt;Kortison&lt;\/span&gt;&lt;\/h3&gt;&lt;div class=&quot;wpg-tooltip-content&quot;&gt;Siehe Glucocorticoide.&lt;p class=&quot;wpg-read-more&quot;&gt;&lt;a href=&quot;https:\/\/imupro.ch\/de\/glossar_de\/kortison\/&quot;&gt;Read More&lt;\/a&gt;&lt;p&gt;&lt;\/div&gt;\" href=\"https:\/\/imupro.ch\/de\/glossar_de\/kortison\/\" >Kortison<\/a><\/li><li class=\"wpg-list-item\"><a class=\"wpg-list-item-title wpg-tooltip\" title=\"&lt;h3 class=&quot;wpg-tooltip-title&quot;&gt;&lt;span class=&quot;wpg-tooltip-term-title&quot;&gt;Kreuzallergie&lt;\/span&gt;&lt;\/h3&gt;&lt;div class=&quot;wpg-tooltip-content&quot;&gt;Allergie auf verschiedene Allergieausl\u00f6ser, die eine \u00e4hnliche oder die gleiche Struktur haben.&lt;p class=&quot;wpg-read-more&quot;&gt;&lt;a href=&quot;https:\/\/imupro.ch\/de\/glossar_de\/kreuzallergie\/&quot;&gt;Read More&lt;\/a&gt;&lt;p&gt;&lt;\/div&gt;\" href=\"https:\/\/imupro.ch\/de\/glossar_de\/kreuzallergie\/\" >Kreuzallergie<\/a><\/li><\/ul><\/div><div class=\"wpg-list-block wpg-filter-l mix\" data-filter-base=\"l\"><h3 class=\"wpg-list-block-heading\">L<\/h3><ul class=\"wpg-list-items\"><li class=\"wpg-list-item\"><a class=\"wpg-list-item-title wpg-tooltip\" title=\"&lt;h3 class=&quot;wpg-tooltip-title&quot;&gt;&lt;span class=&quot;wpg-tooltip-term-title&quot;&gt;Laktose-Intoleranz&lt;\/span&gt;&lt;\/h3&gt;&lt;div class=&quot;wpg-tooltip-content&quot;&gt;Milchzucker-Unvertr\u00e4g-lichkeit als Folge von fehlender oder verminderter Produktion des Enzyms Laktase, welches Milchzucker spaltet und so verdaulich macht. Wichtigste Symptome:&lt;p class=&quot;wpg-read-more&quot;&gt;&lt;a href=&quot;https:\/\/imupro.ch\/de\/glossar_de\/laktose-intoleranz\/&quot;&gt;Read More&lt;\/a&gt;&lt;p&gt;&lt;\/div&gt;\" href=\"https:\/\/imupro.ch\/de\/glossar_de\/laktose-intoleranz\/\" >Laktose-Intoleranz<\/a><\/li><li class=\"wpg-list-item\"><a class=\"wpg-list-item-title wpg-tooltip\" title=\"&lt;h3 class=&quot;wpg-tooltip-title&quot;&gt;&lt;span class=&quot;wpg-tooltip-term-title&quot;&gt;Lokalreaktion&lt;\/span&gt;&lt;\/h3&gt;&lt;div class=&quot;wpg-tooltip-content&quot;&gt;\u00d6rtliche Reaktion.&lt;p class=&quot;wpg-read-more&quot;&gt;&lt;a href=&quot;https:\/\/imupro.ch\/de\/glossar_de\/lokalreaktion\/&quot;&gt;Read More&lt;\/a&gt;&lt;p&gt;&lt;\/div&gt;\" href=\"https:\/\/imupro.ch\/de\/glossar_de\/lokalreaktion\/\" >Lokalreaktion<\/a><\/li><\/ul><\/div><div class=\"wpg-list-block wpg-filter-m mix\" data-filter-base=\"m\"><h3 class=\"wpg-list-block-heading\">M<\/h3><ul class=\"wpg-list-items\"><li class=\"wpg-list-item\"><a class=\"wpg-list-item-title wpg-tooltip\" title=\"&lt;h3 class=&quot;wpg-tooltip-title&quot;&gt;&lt;span class=&quot;wpg-tooltip-term-title&quot;&gt;Mastzellen&lt;\/span&gt;&lt;\/h3&gt;&lt;div class=&quot;wpg-tooltip-content&quot;&gt;Zellen, die Histamin und andere Botenstoffe enthalten.&lt;p class=&quot;wpg-read-more&quot;&gt;&lt;a href=&quot;https:\/\/imupro.ch\/de\/glossar_de\/mastzellen\/&quot;&gt;Read More&lt;\/a&gt;&lt;p&gt;&lt;\/div&gt;\" href=\"https:\/\/imupro.ch\/de\/glossar_de\/mastzellen\/\" >Mastzellen<\/a><\/li><li class=\"wpg-list-item\"><a class=\"wpg-list-item-title wpg-tooltip\" title=\"&lt;h3 class=&quot;wpg-tooltip-title&quot;&gt;&lt;span class=&quot;wpg-tooltip-term-title&quot;&gt;Mediatoren&lt;\/span&gt;&lt;\/h3&gt;&lt;div class=&quot;wpg-tooltip-content&quot;&gt;Botenstoffe, die vom K\u00f6rper gebildet werden und zur Signal\u00fcbermittlung dienen. Bei einer allergischen Reaktion z. B. Histamin.&lt;p class=&quot;wpg-read-more&quot;&gt;&lt;a href=&quot;https:\/\/imupro.ch\/de\/glossar_de\/mediatoren\/&quot;&gt;Read More&lt;\/a&gt;&lt;p&gt;&lt;\/div&gt;\" href=\"https:\/\/imupro.ch\/de\/glossar_de\/mediatoren\/\" >Mediatoren<\/a><\/li><li class=\"wpg-list-item\"><a class=\"wpg-list-item-title wpg-tooltip\" title=\"&lt;h3 class=&quot;wpg-tooltip-title&quot;&gt;&lt;span class=&quot;wpg-tooltip-term-title&quot;&gt;Migr\u00e4ne&lt;\/span&gt;&lt;\/h3&gt;&lt;div class=&quot;wpg-tooltip-content&quot;&gt;Anfallsartiger, pulsierender und halbseitiger Kopfschmerz. Begleitsymptome: z. B. \u00dcbelkeit, Erbrechen, Lichtempfindlichkeit, Ger\u00e4uschempfindlichkeit. Bei manchen Patienten geht einem Migr\u00e4neanfall eine Aura&lt;p class=&quot;wpg-read-more&quot;&gt;&lt;a href=&quot;https:\/\/imupro.ch\/de\/glossar_de\/migraene\/&quot;&gt;Read More&lt;\/a&gt;&lt;p&gt;&lt;\/div&gt;\" href=\"https:\/\/imupro.ch\/de\/glossar_de\/migraene\/\" >Migr\u00e4ne<\/a><\/li><li class=\"wpg-list-item\"><a class=\"wpg-list-item-title wpg-tooltip\" title=\"&lt;h3 class=&quot;wpg-tooltip-title&quot;&gt;&lt;span class=&quot;wpg-tooltip-term-title&quot;&gt;Morbus Crohn&lt;\/span&gt;&lt;\/h3&gt;&lt;div class=&quot;wpg-tooltip-content&quot;&gt;Chronisch entz\u00fcndliche Darmerkrankung.&lt;p class=&quot;wpg-read-more&quot;&gt;&lt;a href=&quot;https:\/\/imupro.ch\/de\/glossar_de\/morbus-crohn\/&quot;&gt;Read More&lt;\/a&gt;&lt;p&gt;&lt;\/div&gt;\" href=\"https:\/\/imupro.ch\/de\/glossar_de\/morbus-crohn\/\" >Morbus Crohn<\/a><\/li><\/ul><\/div><div class=\"wpg-list-block wpg-filter-n mix\" data-filter-base=\"n\"><h3 class=\"wpg-list-block-heading\">N<\/h3><ul class=\"wpg-list-items\"><li class=\"wpg-list-item\"><a class=\"wpg-list-item-title wpg-tooltip\" title=\"&lt;h3 class=&quot;wpg-tooltip-title&quot;&gt;&lt;span class=&quot;wpg-tooltip-term-title&quot;&gt;Nahrungsmittelallergie&lt;\/span&gt;&lt;\/h3&gt;&lt;div class=&quot;wpg-tooltip-content&quot;&gt;Durch das Immunsystem vermittelte Reaktion gegen Nahrungsmittel, die normalerweise harmlos sind.&lt;p class=&quot;wpg-read-more&quot;&gt;&lt;a href=&quot;https:\/\/imupro.ch\/de\/glossar_de\/nahrungsmittelallergie\/&quot;&gt;Read More&lt;\/a&gt;&lt;p&gt;&lt;\/div&gt;\" href=\"https:\/\/imupro.ch\/de\/glossar_de\/nahrungsmittelallergie\/\" >Nahrungsmittelallergie<\/a><\/li><li class=\"wpg-list-item\"><a class=\"wpg-list-item-title wpg-tooltip\" title=\"&lt;h3 class=&quot;wpg-tooltip-title&quot;&gt;&lt;span class=&quot;wpg-tooltip-term-title&quot;&gt;Nahrungsmittelunvertr\u00e4glichkeit&lt;\/span&gt;&lt;\/h3&gt;&lt;div class=&quot;wpg-tooltip-content&quot;&gt;Alle Reaktionen, die nach dem Verzehr von Nahrungsmitteln zu Beschwerden f\u00fchren.&lt;p class=&quot;wpg-read-more&quot;&gt;&lt;a href=&quot;https:\/\/imupro.ch\/de\/glossar_de\/nahrungsmittelunvertraeglichkeit\/&quot;&gt;Read More&lt;\/a&gt;&lt;p&gt;&lt;\/div&gt;\" href=\"https:\/\/imupro.ch\/de\/glossar_de\/nahrungsmittelunvertraeglichkeit\/\" >Nahrungsmittelunvertr\u00e4glichkeit<\/a><\/li><li class=\"wpg-list-item\"><a class=\"wpg-list-item-title wpg-tooltip\" title=\"&lt;h3 class=&quot;wpg-tooltip-title&quot;&gt;&lt;span class=&quot;wpg-tooltip-term-title&quot;&gt;Neurodermitis&lt;\/span&gt;&lt;\/h3&gt;&lt;div class=&quot;wpg-tooltip-content&quot;&gt;Siehe atopische Dermatitis.&lt;p class=&quot;wpg-read-more&quot;&gt;&lt;a href=&quot;https:\/\/imupro.ch\/de\/glossar_de\/neurodermitis\/&quot;&gt;Read More&lt;\/a&gt;&lt;p&gt;&lt;\/div&gt;\" href=\"https:\/\/imupro.ch\/de\/glossar_de\/neurodermitis\/\" >Neurodermitis<\/a><\/li><\/ul><\/div><div class=\"wpg-list-block wpg-filter-o mix\" data-filter-base=\"o\"><h3 class=\"wpg-list-block-heading\">O<\/h3><ul class=\"wpg-list-items\"><li class=\"wpg-list-item\"><a class=\"wpg-list-item-title wpg-tooltip\" title=\"&lt;h3 class=&quot;wpg-tooltip-title&quot;&gt;&lt;span class=&quot;wpg-tooltip-term-title&quot;&gt;Oral&lt;\/span&gt;&lt;\/h3&gt;&lt;div class=&quot;wpg-tooltip-content&quot;&gt;Durch den Mund.&lt;p class=&quot;wpg-read-more&quot;&gt;&lt;a href=&quot;https:\/\/imupro.ch\/de\/glossar_de\/oral\/&quot;&gt;Read More&lt;\/a&gt;&lt;p&gt;&lt;\/div&gt;\" href=\"https:\/\/imupro.ch\/de\/glossar_de\/oral\/\" >Oral<\/a><\/li><\/ul><\/div><div class=\"wpg-list-block wpg-filter-p mix\" data-filter-base=\"p\"><h3 class=\"wpg-list-block-heading\">P<\/h3><ul class=\"wpg-list-items\"><li class=\"wpg-list-item\"><a class=\"wpg-list-item-title wpg-tooltip\" title=\"&lt;h3 class=&quot;wpg-tooltip-title&quot;&gt;&lt;span class=&quot;wpg-tooltip-term-title&quot;&gt;Patch-Test&lt;\/span&gt;&lt;\/h3&gt;&lt;div class=&quot;wpg-tooltip-content&quot;&gt;Siehe Epikutan-Test.&lt;p class=&quot;wpg-read-more&quot;&gt;&lt;a href=&quot;https:\/\/imupro.ch\/de\/glossar_de\/patch-test\/&quot;&gt;Read More&lt;\/a&gt;&lt;p&gt;&lt;\/div&gt;\" href=\"https:\/\/imupro.ch\/de\/glossar_de\/patch-test\/\" >Patch-Test<\/a><\/li><li class=\"wpg-list-item\"><a class=\"wpg-list-item-title wpg-tooltip\" title=\"&lt;h3 class=&quot;wpg-tooltip-title&quot;&gt;&lt;span class=&quot;wpg-tooltip-term-title&quot;&gt;Pneumologie&lt;\/span&gt;&lt;\/h3&gt;&lt;div class=&quot;wpg-tooltip-content&quot;&gt;Lungenheilkunde&lt;p class=&quot;wpg-read-more&quot;&gt;&lt;a href=&quot;https:\/\/imupro.ch\/de\/glossar_de\/pneumologie\/&quot;&gt;Read More&lt;\/a&gt;&lt;p&gt;&lt;\/div&gt;\" href=\"https:\/\/imupro.ch\/de\/glossar_de\/pneumologie\/\" >Pneumologie<\/a><\/li><li class=\"wpg-list-item\"><a class=\"wpg-list-item-title wpg-tooltip\" title=\"&lt;h3 class=&quot;wpg-tooltip-title&quot;&gt;&lt;span class=&quot;wpg-tooltip-term-title&quot;&gt;Pollen&lt;\/span&gt;&lt;\/h3&gt;&lt;div class=&quot;wpg-tooltip-content&quot;&gt;Bl\u00fctenstaub&lt;p class=&quot;wpg-read-more&quot;&gt;&lt;a href=&quot;https:\/\/imupro.ch\/de\/glossar_de\/pollen\/&quot;&gt;Read More&lt;\/a&gt;&lt;p&gt;&lt;\/div&gt;\" href=\"https:\/\/imupro.ch\/de\/glossar_de\/pollen\/\" >Pollen<\/a><\/li><li class=\"wpg-list-item\"><a class=\"wpg-list-item-title wpg-tooltip\" title=\"&lt;h3 class=&quot;wpg-tooltip-title&quot;&gt;&lt;span class=&quot;wpg-tooltip-term-title&quot;&gt;Pollinose&lt;\/span&gt;&lt;\/h3&gt;&lt;div class=&quot;wpg-tooltip-content&quot;&gt;Allergische Erkrankung, die durch Pollen hervorgerufen wird.&lt;p class=&quot;wpg-read-more&quot;&gt;&lt;a href=&quot;https:\/\/imupro.ch\/de\/glossar_de\/pollinose\/&quot;&gt;Read More&lt;\/a&gt;&lt;p&gt;&lt;\/div&gt;\" href=\"https:\/\/imupro.ch\/de\/glossar_de\/pollinose\/\" >Pollinose<\/a><\/li><li class=\"wpg-list-item\"><a class=\"wpg-list-item-title wpg-tooltip\" title=\"&lt;h3 class=&quot;wpg-tooltip-title&quot;&gt;&lt;span class=&quot;wpg-tooltip-term-title&quot;&gt;Pr\u00e4biotika&lt;\/span&gt;&lt;\/h3&gt;&lt;div class=&quot;wpg-tooltip-content&quot;&gt;Meist Kohlenhydrate, die unverdaulich sind, aber das Wachstum erw\u00fcnschter Darmbakterien f\u00f6rdern und so positiv auf die Darmflora wirken.&lt;p class=&quot;wpg-read-more&quot;&gt;&lt;a href=&quot;https:\/\/imupro.ch\/de\/glossar_de\/praebiotika\/&quot;&gt;Read More&lt;\/a&gt;&lt;p&gt;&lt;\/div&gt;\" href=\"https:\/\/imupro.ch\/de\/glossar_de\/praebiotika\/\" >Pr\u00e4biotika<\/a><\/li><li class=\"wpg-list-item\"><a class=\"wpg-list-item-title wpg-tooltip\" title=\"&lt;h3 class=&quot;wpg-tooltip-title&quot;&gt;&lt;span class=&quot;wpg-tooltip-term-title&quot;&gt;Pr\u00e4vention&lt;\/span&gt;&lt;\/h3&gt;&lt;div class=&quot;wpg-tooltip-content&quot;&gt;Vorbeugung&lt;p class=&quot;wpg-read-more&quot;&gt;&lt;a href=&quot;https:\/\/imupro.ch\/de\/glossar_de\/praevention\/&quot;&gt;Read More&lt;\/a&gt;&lt;p&gt;&lt;\/div&gt;\" href=\"https:\/\/imupro.ch\/de\/glossar_de\/praevention\/\" >Pr\u00e4vention<\/a><\/li><li class=\"wpg-list-item\"><a class=\"wpg-list-item-title wpg-tooltip\" title=\"&lt;h3 class=&quot;wpg-tooltip-title&quot;&gt;&lt;span class=&quot;wpg-tooltip-term-title&quot;&gt;Pricktest&lt;\/span&gt;&lt;\/h3&gt;&lt;div class=&quot;wpg-tooltip-content&quot;&gt;Hauttest zum Nachweis allergischer Sofortreaktionen.&lt;p class=&quot;wpg-read-more&quot;&gt;&lt;a href=&quot;https:\/\/imupro.ch\/de\/glossar_de\/pricktest\/&quot;&gt;Read More&lt;\/a&gt;&lt;p&gt;&lt;\/div&gt;\" href=\"https:\/\/imupro.ch\/de\/glossar_de\/pricktest\/\" >Pricktest<\/a><\/li><li class=\"wpg-list-item\"><a class=\"wpg-list-item-title wpg-tooltip\" title=\"&lt;h3 class=&quot;wpg-tooltip-title&quot;&gt;&lt;span class=&quot;wpg-tooltip-term-title&quot;&gt;Probiotika&lt;\/span&gt;&lt;\/h3&gt;&lt;div class=&quot;wpg-tooltip-content&quot;&gt;Mikroorganismen, denen eine positive Wirkung auf die Darmflora nachgesagt wird.&lt;p class=&quot;wpg-read-more&quot;&gt;&lt;a href=&quot;https:\/\/imupro.ch\/de\/glossar_de\/probiotika\/&quot;&gt;Read More&lt;\/a&gt;&lt;p&gt;&lt;\/div&gt;\" href=\"https:\/\/imupro.ch\/de\/glossar_de\/probiotika\/\" >Probiotika<\/a><\/li><li class=\"wpg-list-item\"><a class=\"wpg-list-item-title wpg-tooltip\" title=\"&lt;h3 class=&quot;wpg-tooltip-title&quot;&gt;&lt;span class=&quot;wpg-tooltip-term-title&quot;&gt;Prophylaxe&lt;\/span&gt;&lt;\/h3&gt;&lt;div class=&quot;wpg-tooltip-content&quot;&gt;Vorbeugung&lt;p class=&quot;wpg-read-more&quot;&gt;&lt;a href=&quot;https:\/\/imupro.ch\/de\/glossar_de\/prophylaxe\/&quot;&gt;Read More&lt;\/a&gt;&lt;p&gt;&lt;\/div&gt;\" href=\"https:\/\/imupro.ch\/de\/glossar_de\/prophylaxe\/\" >Prophylaxe<\/a><\/li><li class=\"wpg-list-item\"><a class=\"wpg-list-item-title wpg-tooltip\" title=\"&lt;h3 class=&quot;wpg-tooltip-title&quot;&gt;&lt;span class=&quot;wpg-tooltip-term-title&quot;&gt;Provokationstest&lt;\/span&gt;&lt;\/h3&gt;&lt;div class=&quot;wpg-tooltip-content&quot;&gt;Provokation von Krankheitssymptomen durch gezielte Reize, z. B. Allergene.&lt;p class=&quot;wpg-read-more&quot;&gt;&lt;a href=&quot;https:\/\/imupro.ch\/de\/glossar_de\/provokationstest\/&quot;&gt;Read More&lt;\/a&gt;&lt;p&gt;&lt;\/div&gt;\" href=\"https:\/\/imupro.ch\/de\/glossar_de\/provokationstest\/\" >Provokationstest<\/a><\/li><li class=\"wpg-list-item\"><a class=\"wpg-list-item-title wpg-tooltip\" title=\"&lt;h3 class=&quot;wpg-tooltip-title&quot;&gt;&lt;span class=&quot;wpg-tooltip-term-title&quot;&gt;Pseudoallergie&lt;\/span&gt;&lt;\/h3&gt;&lt;div class=&quot;wpg-tooltip-content&quot;&gt;Allergie\u00e4hnliche Reaktion, ohne Beteiligung des Immunsystems.&lt;p class=&quot;wpg-read-more&quot;&gt;&lt;a href=&quot;https:\/\/imupro.ch\/de\/glossar_de\/pseudoallergie\/&quot;&gt;Read More&lt;\/a&gt;&lt;p&gt;&lt;\/div&gt;\" href=\"https:\/\/imupro.ch\/de\/glossar_de\/pseudoallergie\/\" >Pseudoallergie<\/a><\/li><li class=\"wpg-list-item\"><a class=\"wpg-list-item-title wpg-tooltip\" title=\"&lt;h3 class=&quot;wpg-tooltip-title&quot;&gt;&lt;span class=&quot;wpg-tooltip-term-title&quot;&gt;Psoriasis&lt;\/span&gt;&lt;\/h3&gt;&lt;div class=&quot;wpg-tooltip-content&quot;&gt;Die Psoriasis (Schuppenflechte) ist eine nicht-ansteckende Autoimmunkrankheit. Hauptsymptome sind scharf begrenzte, rote, schuppende und zum Teil juckende Hautstellen.&lt;p class=&quot;wpg-read-more&quot;&gt;&lt;a href=&quot;https:\/\/imupro.ch\/de\/glossar_de\/psoriasis\/&quot;&gt;Read More&lt;\/a&gt;&lt;p&gt;&lt;\/div&gt;\" href=\"https:\/\/imupro.ch\/de\/glossar_de\/psoriasis\/\" >Psoriasis<\/a><\/li><\/ul><\/div><div class=\"wpg-list-block wpg-filter-r mix\" data-filter-base=\"r\"><h3 class=\"wpg-list-block-heading\">R<\/h3><ul class=\"wpg-list-items\"><li class=\"wpg-list-item\"><a class=\"wpg-list-item-title wpg-tooltip\" title=\"&lt;h3 class=&quot;wpg-tooltip-title&quot;&gt;&lt;span class=&quot;wpg-tooltip-term-title&quot;&gt;RAST&lt;\/span&gt;&lt;\/h3&gt;&lt;div class=&quot;wpg-tooltip-content&quot;&gt;Radio-Allergo-Sorbent-Test, Bluttest zum Nachweis einer Allergie (IgE-Antik\u00f6rper).&lt;p class=&quot;wpg-read-more&quot;&gt;&lt;a href=&quot;https:\/\/imupro.ch\/de\/glossar_de\/rast\/&quot;&gt;Read More&lt;\/a&gt;&lt;p&gt;&lt;\/div&gt;\" href=\"https:\/\/imupro.ch\/de\/glossar_de\/rast\/\" >RAST<\/a><\/li><li class=\"wpg-list-item\"><a class=\"wpg-list-item-title wpg-tooltip\" title=\"&lt;h3 class=&quot;wpg-tooltip-title&quot;&gt;&lt;span class=&quot;wpg-tooltip-term-title&quot;&gt;Reizdarmsyndrom&lt;\/span&gt;&lt;\/h3&gt;&lt;div class=&quot;wpg-tooltip-content&quot;&gt;St\u00f6rung, bei der Durchf\u00e4lle, Verstopfung, Bauchschmerzen, Bl\u00e4hungen und andere Darmprobleme auftreten. Nach dem heutigen Stand der Forschung hat das Reizdarmsyndrom&lt;p class=&quot;wpg-read-more&quot;&gt;&lt;a href=&quot;https:\/\/imupro.ch\/de\/glossar_de\/reizdarmsyndrom\/&quot;&gt;Read More&lt;\/a&gt;&lt;p&gt;&lt;\/div&gt;\" href=\"https:\/\/imupro.ch\/de\/glossar_de\/reizdarmsyndrom\/\" >Reizdarmsyndrom<\/a><\/li><li class=\"wpg-list-item\"><a class=\"wpg-list-item-title wpg-tooltip\" title=\"&lt;h3 class=&quot;wpg-tooltip-title&quot;&gt;&lt;span class=&quot;wpg-tooltip-term-title&quot;&gt;Rheumatische Erkrankungen&lt;\/span&gt;&lt;\/h3&gt;&lt;div class=&quot;wpg-tooltip-content&quot;&gt;Krankheiten im Bereich des St\u00fctz- und Bewegungsapparates, die nicht durch eine Verletzung oder durch Tumorerkrankungen ausgel\u00f6st worden sind. Bei vielen&lt;p class=&quot;wpg-read-more&quot;&gt;&lt;a href=&quot;https:\/\/imupro.ch\/de\/glossar_de\/rheumatische-erkrankungen\/&quot;&gt;Read More&lt;\/a&gt;&lt;p&gt;&lt;\/div&gt;\" href=\"https:\/\/imupro.ch\/de\/glossar_de\/rheumatische-erkrankungen\/\" >Rheumatische Erkrankungen<\/a><\/li><li class=\"wpg-list-item\"><a class=\"wpg-list-item-title wpg-tooltip\" title=\"&lt;h3 class=&quot;wpg-tooltip-title&quot;&gt;&lt;span class=&quot;wpg-tooltip-term-title&quot;&gt;Rhinitis&lt;\/span&gt;&lt;\/h3&gt;&lt;div class=&quot;wpg-tooltip-content&quot;&gt;Allergischer Schnupfen, laufende Nase.&lt;p class=&quot;wpg-read-more&quot;&gt;&lt;a href=&quot;https:\/\/imupro.ch\/de\/glossar_de\/rhinitis\/&quot;&gt;Read More&lt;\/a&gt;&lt;p&gt;&lt;\/div&gt;\" href=\"https:\/\/imupro.ch\/de\/glossar_de\/rhinitis\/\" >Rhinitis<\/a><\/li><li class=\"wpg-list-item\"><a class=\"wpg-list-item-title wpg-tooltip\" title=\"&lt;h3 class=&quot;wpg-tooltip-title&quot;&gt;&lt;span class=&quot;wpg-tooltip-term-title&quot;&gt;Rhinokonjunktivitis&lt;\/span&gt;&lt;\/h3&gt;&lt;div class=&quot;wpg-tooltip-content&quot;&gt;Allergischer Schnupfen, laufende Nase, welche von einer Bindehautentz\u00fcndung begleitet werden.&lt;p class=&quot;wpg-read-more&quot;&gt;&lt;a href=&quot;https:\/\/imupro.ch\/de\/glossar_de\/rhinokonjunktivitis\/&quot;&gt;Read More&lt;\/a&gt;&lt;p&gt;&lt;\/div&gt;\" href=\"https:\/\/imupro.ch\/de\/glossar_de\/rhinokonjunktivitis\/\" >Rhinokonjunktivitis<\/a><\/li><\/ul><\/div><div class=\"wpg-list-block wpg-filter-s mix\" data-filter-base=\"s\"><h3 class=\"wpg-list-block-heading\">S<\/h3><ul class=\"wpg-list-items\"><li class=\"wpg-list-item\"><a class=\"wpg-list-item-title wpg-tooltip\" title=\"&lt;h3 class=&quot;wpg-tooltip-title&quot;&gt;&lt;span class=&quot;wpg-tooltip-term-title&quot;&gt;Scratch-Test&lt;\/span&gt;&lt;\/h3&gt;&lt;div class=&quot;wpg-tooltip-content&quot;&gt;Hauttest zum Nachweis allergischer Sofortreaktionen.&lt;p class=&quot;wpg-read-more&quot;&gt;&lt;a href=&quot;https:\/\/imupro.ch\/de\/glossar_de\/scratch-test\/&quot;&gt;Read More&lt;\/a&gt;&lt;p&gt;&lt;\/div&gt;\" href=\"https:\/\/imupro.ch\/de\/glossar_de\/scratch-test\/\" >Scratch-Test<\/a><\/li><li class=\"wpg-list-item\"><a class=\"wpg-list-item-title wpg-tooltip\" title=\"&lt;h3 class=&quot;wpg-tooltip-title&quot;&gt;&lt;span class=&quot;wpg-tooltip-term-title&quot;&gt;Sensibilisierung&lt;\/span&gt;&lt;\/h3&gt;&lt;div class=&quot;wpg-tooltip-content&quot;&gt;Zustand des Immunsystems nach dem ersten Allergenkontakt. Es werden Antik\u00f6rper gebildet, aber es kommt zu keiner allergischen Reaktion. Diese folgt&lt;p class=&quot;wpg-read-more&quot;&gt;&lt;a href=&quot;https:\/\/imupro.ch\/de\/glossar_de\/sensibilisierung\/&quot;&gt;Read More&lt;\/a&gt;&lt;p&gt;&lt;\/div&gt;\" href=\"https:\/\/imupro.ch\/de\/glossar_de\/sensibilisierung\/\" >Sensibilisierung<\/a><\/li><li class=\"wpg-list-item\"><a class=\"wpg-list-item-title wpg-tooltip\" title=\"&lt;h3 class=&quot;wpg-tooltip-title&quot;&gt;&lt;span class=&quot;wpg-tooltip-term-title&quot;&gt;Spannungskopfschmerz&lt;\/span&gt;&lt;\/h3&gt;&lt;div class=&quot;wpg-tooltip-content&quot;&gt;Leichte bis mittelschwere Kopfschmerzen. Dumpfer, dr\u00fcckender bis ziehender Schmerz. Beginnt h\u00e4ufig im Nacken und breitet sich langsam \u00fcber den ganzen&lt;p class=&quot;wpg-read-more&quot;&gt;&lt;a href=&quot;https:\/\/imupro.ch\/de\/glossar_de\/spannungskopfschmerz\/&quot;&gt;Read More&lt;\/a&gt;&lt;p&gt;&lt;\/div&gt;\" href=\"https:\/\/imupro.ch\/de\/glossar_de\/spannungskopfschmerz\/\" >Spannungskopfschmerz<\/a><\/li><li class=\"wpg-list-item\"><a class=\"wpg-list-item-title wpg-tooltip\" title=\"&lt;h3 class=&quot;wpg-tooltip-title&quot;&gt;&lt;span class=&quot;wpg-tooltip-term-title&quot;&gt;Subkutan&lt;\/span&gt;&lt;\/h3&gt;&lt;div class=&quot;wpg-tooltip-content&quot;&gt;Unter die Haut.&lt;p class=&quot;wpg-read-more&quot;&gt;&lt;a href=&quot;https:\/\/imupro.ch\/de\/glossar_de\/subkutan\/&quot;&gt;Read More&lt;\/a&gt;&lt;p&gt;&lt;\/div&gt;\" href=\"https:\/\/imupro.ch\/de\/glossar_de\/subkutan\/\" >Subkutan<\/a><\/li><\/ul><\/div><div class=\"wpg-list-block wpg-filter-t mix\" data-filter-base=\"t\"><h3 class=\"wpg-list-block-heading\">T<\/h3><ul class=\"wpg-list-items\"><li class=\"wpg-list-item\"><a class=\"wpg-list-item-title wpg-tooltip\" title=\"&lt;h3 class=&quot;wpg-tooltip-title&quot;&gt;&lt;span class=&quot;wpg-tooltip-term-title&quot;&gt;Topisch&lt;\/span&gt;&lt;\/h3&gt;&lt;div class=&quot;wpg-tooltip-content&quot;&gt;\u00d6rtlich.&lt;p class=&quot;wpg-read-more&quot;&gt;&lt;a href=&quot;https:\/\/imupro.ch\/de\/glossar_de\/topisch\/&quot;&gt;Read More&lt;\/a&gt;&lt;p&gt;&lt;\/div&gt;\" href=\"https:\/\/imupro.ch\/de\/glossar_de\/topisch\/\" >Topisch<\/a><\/li><li class=\"wpg-list-item\"><a class=\"wpg-list-item-title wpg-tooltip\" title=\"&lt;h3 class=&quot;wpg-tooltip-title&quot;&gt;&lt;span class=&quot;wpg-tooltip-term-title&quot;&gt;Toxisch&lt;\/span&gt;&lt;\/h3&gt;&lt;div class=&quot;wpg-tooltip-content&quot;&gt;Giftig&lt;p class=&quot;wpg-read-more&quot;&gt;&lt;a href=&quot;https:\/\/imupro.ch\/de\/glossar_de\/toxisch\/&quot;&gt;Read More&lt;\/a&gt;&lt;p&gt;&lt;\/div&gt;\" href=\"https:\/\/imupro.ch\/de\/glossar_de\/toxisch\/\" >Toxisch<\/a><\/li><li class=\"wpg-list-item\"><a class=\"wpg-list-item-title wpg-tooltip\" title=\"&lt;h3 class=&quot;wpg-tooltip-title&quot;&gt;&lt;span class=&quot;wpg-tooltip-term-title&quot;&gt;Trigger&lt;\/span&gt;&lt;\/h3&gt;&lt;div class=&quot;wpg-tooltip-content&quot;&gt;Ausl\u00f6ser.&lt;p class=&quot;wpg-read-more&quot;&gt;&lt;a href=&quot;https:\/\/imupro.ch\/de\/glossar_de\/trigger\/&quot;&gt;Read More&lt;\/a&gt;&lt;p&gt;&lt;\/div&gt;\" href=\"https:\/\/imupro.ch\/de\/glossar_de\/trigger\/\" >Trigger<\/a><\/li><\/ul><\/div><div class=\"wpg-list-block wpg-filter-u mix\" data-filter-base=\"u\"><h3 class=\"wpg-list-block-heading\">U<\/h3><ul class=\"wpg-list-items\"><li class=\"wpg-list-item\"><a class=\"wpg-list-item-title wpg-tooltip\" title=\"&lt;h3 class=&quot;wpg-tooltip-title&quot;&gt;&lt;span class=&quot;wpg-tooltip-term-title&quot;&gt;Urtikaria&lt;\/span&gt;&lt;\/h3&gt;&lt;div class=&quot;wpg-tooltip-content&quot;&gt;Nesselsucht, Hautausschlag.&lt;p class=&quot;wpg-read-more&quot;&gt;&lt;a href=&quot;https:\/\/imupro.ch\/de\/glossar_de\/urtikaria\/&quot;&gt;Read More&lt;\/a&gt;&lt;p&gt;&lt;\/div&gt;\" href=\"https:\/\/imupro.ch\/de\/glossar_de\/urtikaria\/\" >Urtikaria<\/a><\/li><\/ul><\/div><div class=\"wpg-list-block wpg-filter-v mix\" data-filter-base=\"v\"><h3 class=\"wpg-list-block-heading\">V<\/h3><ul class=\"wpg-list-items\"><li class=\"wpg-list-item\"><a class=\"wpg-list-item-title wpg-tooltip\" title=\"&lt;h3 class=&quot;wpg-tooltip-title&quot;&gt;&lt;span class=&quot;wpg-tooltip-term-title&quot;&gt;Verz\u00f6gerte Nahrungsmittelallergie&lt;\/span&gt;&lt;\/h3&gt;&lt;div class=&quot;wpg-tooltip-content&quot;&gt;Typ III-Allergie vermutlich auch, IgG-vermittelt. Nahrungsmittel f\u00fchren zu einer verz\u00f6gerten Immunreaktion, die nach Stunden bis Tagen Beschwerden hervorruft.&lt;p class=&quot;wpg-read-more&quot;&gt;&lt;a href=&quot;https:\/\/imupro.ch\/de\/glossar_de\/verzoegerte-nahrungsmittelallergie\/&quot;&gt;Read More&lt;\/a&gt;&lt;p&gt;&lt;\/div&gt;\" href=\"https:\/\/imupro.ch\/de\/glossar_de\/verzoegerte-nahrungsmittelallergie\/\" >Verz\u00f6gerte Nahrungsmittelallergie<\/a><\/li><\/ul><\/div><div class=\"wpg-list-block wpg-filter-z mix\" data-filter-base=\"z\"><h3 class=\"wpg-list-block-heading\">Z<\/h3><ul class=\"wpg-list-items\"><li class=\"wpg-list-item\"><a class=\"wpg-list-item-title wpg-tooltip\" title=\"&lt;h3 class=&quot;wpg-tooltip-title&quot;&gt;&lt;span class=&quot;wpg-tooltip-term-title&quot;&gt;Z\u00f6liakie&lt;\/span&gt;&lt;\/h3&gt;&lt;div class=&quot;wpg-tooltip-content&quot;&gt;Chronische Erkrankung des D\u00fcnn\u00addarms, die durch eine Un\u00advertr\u00e4glichkeit gegen\u00fcber Gluten zustande kommt. Wich\u00adtigste Symptome: Durchfall, Bl\u00e4hbauch, Gewichtsverlust und \u00dcbelkeit.&lt;p class=&quot;wpg-read-more&quot;&gt;&lt;a href=&quot;https:\/\/imupro.ch\/de\/glossar_de\/zoeliakie\/&quot;&gt;Read More&lt;\/a&gt;&lt;p&gt;&lt;\/div&gt;\" href=\"https:\/\/imupro.ch\/de\/glossar_de\/zoeliakie\/\" >Z\u00f6liakie<\/a><\/li><\/ul><\/div><\/div><div class=\"wpg-clearfix\"><\/div><\/div><\/p>\n","protected":false},"excerpt":{"rendered":"<p>Glossar Ein hilfreiches A-Z Glossar\u00a0mit Begriffen und Erkl\u00e4rungen rund um\u00a0ImuPro<\/p>\n","protected":false},"author":1,"featured_media":0,"parent":0,"menu_order":0,"comment_status":"closed","ping_status":"closed","template":"","meta":{"_acf_changed":false,"_seopress_titles_title":"","_seopress_titles_desc":"","_seopress_robots_index":"","_seopress_robots_follow":"","_seopress_robots_imageindex":"","_seopress_robots_snippet":"","_seopress_robots_primary_cat":"","_seopress_robots_breadcrumbs":"","_seopress_robots_freeze_modified_date":"","_seopress_robots_custom_modified_date":"","_seopress_robots_canonical":"","_seopress_social_fb_title":"","_seopress_social_fb_desc":"","_seopress_social_fb_img":"","_seopress_social_fb_img_attachment_id":0,"_seopress_social_fb_img_width":0,"_seopress_social_fb_img_height":0,"_seopress_social_twitter_title":"","_seopress_social_twitter_desc":"","_seopress_social_twitter_img":"","_seopress_social_twitter_img_attachment_id":0,"_seopress_social_twitter_img_width":0,"_seopress_social_twitter_img_height":0,"_seopress_redirections_value":"","_seopress_redirections_enabled":"","_seopress_redirections_enabled_regex":"","_seopress_redirections_logged_status":"both","_seopress_redirections_param":"","_seopress_redirections_type":301,"_seopress_analysis_target_kw":"","_kad_blocks_custom_css":"","_kad_blocks_head_custom_js":"","_kad_blocks_body_custom_js":"","_kad_blocks_footer_custom_js":"","site-sidebar-layout":"default","site-content-layout":"","ast-site-content-layout":"default","site-content-style":"default","site-sidebar-style":"default","ast-global-header-display":"","ast-banner-title-visibility":"","ast-main-header-display":"","ast-hfb-above-header-display":"","ast-hfb-below-header-display":"","ast-hfb-mobile-header-display":"","site-post-title":"","ast-breadcrumbs-content":"","ast-featured-img":"","footer-sml-layout":"","ast-disable-related-posts":"","theme-transparent-header-meta":"","adv-header-id-meta":"","stick-header-meta":"","header-above-stick-meta":"","header-main-stick-meta":"","header-below-stick-meta":"","astra-migrate-meta-layouts":"set","ast-page-background-enabled":"default","ast-page-background-meta":{"desktop":{"background-color":"","background-image":"","background-repeat":"repeat","background-position":"center center","background-size":"auto","background-attachment":"scroll","background-type":"","background-media":"","overlay-type":"","overlay-color":"","overlay-opacity":"","overlay-gradient":""},"tablet":{"background-color":"","background-image":"","background-repeat":"repeat","background-position":"center center","background-size":"auto","background-attachment":"scroll","background-type":"","background-media":"","overlay-type":"","overlay-color":"","overlay-opacity":"","overlay-gradient":""},"mobile":{"background-color":"","background-image":"","background-repeat":"repeat","background-position":"center center","background-size":"auto","background-attachment":"scroll","background-type":"","background-media":"","overlay-type":"","overlay-color":"","overlay-opacity":"","overlay-gradient":""}},"ast-content-background-meta":{"desktop":{"background-color":"var(--ast-global-color-5)","background-image":"","background-repeat":"repeat","background-position":"center center","background-size":"auto","background-attachment":"scroll","background-type":"","background-media":"","overlay-type":"","overlay-color":"","overlay-opacity":"","overlay-gradient":""},"tablet":{"background-color":"var(--ast-global-color-5)","background-image":"","background-repeat":"repeat","background-position":"center center","background-size":"auto","background-attachment":"scroll","background-type":"","background-media":"","overlay-type":"","overlay-color":"","overlay-opacity":"","overlay-gradient":""},"mobile":{"background-color":"var(--ast-global-color-5)","background-image":"","background-repeat":"repeat","background-position":"center center","background-size":"auto","background-attachment":"scroll","background-type":"","background-media":"","overlay-type":"","overlay-color":"","overlay-opacity":"","overlay-gradient":""}},"footnotes":""},"class_list":["post-10627","page","type-page","status-publish","hentry"],"acf":[],"taxonomy_info":[],"featured_image_src_large":false,"author_info":{"display_name":"marc","author_link":"https:\/\/imupro.ch\/de\/author\/marc\/"},"comment_info":0,"_links":{"self":[{"href":"https:\/\/imupro.ch\/de\/wp-json\/wp\/v2\/pages\/10627","targetHints":{"allow":["GET"]}}],"collection":[{"href":"https:\/\/imupro.ch\/de\/wp-json\/wp\/v2\/pages"}],"about":[{"href":"https:\/\/imupro.ch\/de\/wp-json\/wp\/v2\/types\/page"}],"author":[{"embeddable":true,"href":"https:\/\/imupro.ch\/de\/wp-json\/wp\/v2\/users\/1"}],"replies":[{"embeddable":true,"href":"https:\/\/imupro.ch\/de\/wp-json\/wp\/v2\/comments?post=10627"}],"version-history":[{"count":2,"href":"https:\/\/imupro.ch\/de\/wp-json\/wp\/v2\/pages\/10627\/revisions"}],"predecessor-version":[{"id":10820,"href":"https:\/\/imupro.ch\/de\/wp-json\/wp\/v2\/pages\/10627\/revisions\/10820"}],"wp:attachment":[{"href":"https:\/\/imupro.ch\/de\/wp-json\/wp\/v2\/media?parent=10627"}],"curies":[{"name":"wp","href":"https:\/\/api.w.org\/{rel}","templated":true}]}}